{"id":4828,"date":"2025-04-19T23:00:23","date_gmt":"2025-04-19T21:00:23","guid":{"rendered":"https:\/\/seelandmobility.ch\/ford-transit-9-plaetzer\/"},"modified":"2025-04-19T23:21:13","modified_gmt":"2025-04-19T21:21:13","slug":"ford-transit-9-plaetzer","status":"publish","type":"page","link":"https:\/\/seelandmobility.ch\/en\/ford-transit-9-plaetzer\/","title":{"rendered":"Ford Transit &#8211; 9 Pl\u00e4tzer"},"content":{"rendered":"\n  <div class=\"banner has-hover has-parallax\" id=\"banner-239170918\">\n          <div class=\"banner-inner fill\">\n        <div class=\"banner-bg fill\" data-parallax=\"-4\" data-parallax-container=\".banner\" data-parallax-background>\n            <img loading=\"lazy\" decoding=\"async\" width=\"1999\" height=\"1333\" src=\"https:\/\/seelandmobility.ch\/wp-content\/uploads\/2023\/08\/switzerland-biel-bienne.jpg\" class=\"bg attachment-original size-original\" alt=\"\" \/>                        <div class=\"overlay\"><\/div>            \n                    <\/div>\n\t\t\n        <div class=\"banner-layers container\">\n            <div class=\"fill banner-link\"><\/div>            \n   <div id=\"text-box-1864500734\" class=\"text-box banner-layer x50 md-x50 lg-x50 y50 md-y50 lg-y50 res-text\">\n                                <div class=\"text-box-content text dark\">\n              \n              <div class=\"text-inner text-center\">\n                  \n\t<div id=\"text-2131282457\" class=\"text\">\n\t\t\n<h3 class=\"uppercase\">Der Ford Transit &#8211; 9 Pl\u00e4tzer:<\/h3>\n<p>Ihre komfortable und zuverl\u00e4ssige Wahl f\u00fcr Gruppenfahrten<br \/>\n\t\t\n<style>\n#text-2131282457 {\n  color: rgb(255, 255, 255);\n}\n#text-2131282457 > * {\n  color: rgb(255, 255, 255);\n}\n<\/style>\n\t<\/div>\n\t\n              <\/div>\n           <\/div>\n                            \n<style>\n#text-box-1864500734 {\n  width: 83%;\n}\n#text-box-1864500734 .text-box-content {\n  font-size: 75%;\n}\n@media (min-width:550px) {\n  #text-box-1864500734 {\n    width: 82%;\n  }\n  #text-box-1864500734 .text-box-content {\n    font-size: 100%;\n  }\n}\n<\/style>\n    <\/div>\n \n        <\/div>\n      <\/div>\n\n            \n<style>\n#banner-239170918 {\n  padding-top: 150px;\n}\n#banner-239170918 .overlay {\n  background-color: rgba(0, 0, 0, 0.523);\n}\n@media (min-width:550px) {\n  #banner-239170918 {\n    padding-top: 250px;\n  }\n}\n<\/style>\n  <\/div>\n\n\n<div class=\"row\"  id=\"row-2112574428\">\n\n\t<div id=\"col-598307947\" class=\"col small-12 large-12\"  >\n\t\t\t\t<div class=\"col-inner\"  >\n\t\t\t\n\t\t\t\n\t<div class=\"img has-hover x md-x lg-x y md-y lg-y\" id=\"image_1422838323\">\n\t\t\t\t\t\t\t\t<div class=\"img-inner dark\" >\n\t\t\t<img loading=\"lazy\" decoding=\"async\" width=\"1279\" height=\"31\" src=\"https:\/\/seelandmobility.ch\/wp-content\/uploads\/2023\/08\/head-s.png\" class=\"attachment-original size-original\" alt=\"\" srcset=\"https:\/\/seelandmobility.ch\/wp-content\/uploads\/2023\/08\/head-s.png 1279w, https:\/\/seelandmobility.ch\/wp-content\/uploads\/2023\/08\/head-s-300x7.png 300w, https:\/\/seelandmobility.ch\/wp-content\/uploads\/2023\/08\/head-s-1024x25.png 1024w, https:\/\/seelandmobility.ch\/wp-content\/uploads\/2023\/08\/head-s-768x19.png 768w\" sizes=\"auto, (max-width: 1279px) 100vw, 1279px\" \/>\t\t\t\t\t\t\n\t\t\t\t\t<\/div>\n\t\t\t\t\t\t\t\t\n<style>\n#image_1422838323 {\n  width: 100%;\n}\n<\/style>\n\t<\/div>\n\t\n\t\t<\/div>\n\t\t\t\t\n<style>\n#col-598307947 > .col-inner {\n  margin: -40px 0px 0px 0px;\n}\n@media (min-width:550px) {\n  #col-598307947 > .col-inner {\n    margin: -37px 0px 0px 0px;\n  }\n}\n@media (min-width:850px) {\n  #col-598307947 > .col-inner {\n    margin: -31px 0px 0px 0px;\n  }\n}\n<\/style>\n\t<\/div>\n\n\t\n<\/div>\n<div class=\"row\"  id=\"row-1374890125\">\n\n\t<div id=\"col-1538855192\" class=\"col small-12 large-12\"  >\n\t\t\t\t<div class=\"col-inner\"  >\n\t\t\t\n\t\t\t\n<div id=\"cc-m-11791704893\" class=\"j-module n j-header \">\n<h2 id=\"cc-m-header-11791704893\" class=\"\"><span style=\"font-size: 130%;\">Ford Transit<\/span><\/h2>\n<\/div>\n<div class=\"is-divider divider clearfix\" style=\"max-width:100%;height:2px;background-color:rgb(51, 51, 51);\"><\/div>\n\t\t<\/div>\n\t\t\t\t\t<\/div>\n\n\t\n<\/div>\n<div class=\"row\"  id=\"row-1695835324\">\n\n\t<div id=\"col-1080862166\" class=\"col medium-7 small-12 large-7\"  >\n\t\t\t\t<div class=\"col-inner\"  >\n\t\t\t\n\t\t\t\n<div class=\"slider-wrapper relative\" id=\"slider-1899247389\" >\n    <div class=\"slider slider-nav-circle slider-nav-large slider-nav-light slider-style-normal slider-show-nav\"\n        data-flickity-options='{\n            \"cellAlign\": \"center\",\n            \"imagesLoaded\": true,\n            \"lazyLoad\": 1,\n            \"freeScroll\": false,\n            \"wrapAround\": true,\n            \"autoPlay\": 6000,\n            \"pauseAutoPlayOnHover\" : true,\n            \"prevNextButtons\": true,\n            \"contain\" : true,\n            \"adaptiveHeight\" : true,\n            \"dragThreshold\" : 10,\n            \"percentPosition\": true,\n            \"pageDots\": true,\n            \"rightToLeft\": false,\n            \"draggable\": true,\n            \"selectedAttraction\": 0.1,\n            \"parallax\" : 0,\n            \"friction\": 0.6        }'\n        >\n        \n\t<div class=\"img has-hover x md-x lg-x y md-y lg-y\" id=\"image_430308554\">\n\t\t\t\t\t\t\t\t<div class=\"img-inner image-cover dark\" style=\"padding-top:60%;\">\n\t\t\t<img loading=\"lazy\" decoding=\"async\" width=\"1600\" height=\"1200\" src=\"https:\/\/seelandmobility.ch\/wp-content\/uploads\/2025\/04\/Ford-Transit-2.jpg\" class=\"attachment-original size-original\" alt=\"\" srcset=\"https:\/\/seelandmobility.ch\/wp-content\/uploads\/2025\/04\/Ford-Transit-2.jpg 1600w, https:\/\/seelandmobility.ch\/wp-content\/uploads\/2025\/04\/Ford-Transit-2-300x225.jpg 300w, https:\/\/seelandmobility.ch\/wp-content\/uploads\/2025\/04\/Ford-Transit-2-1024x768.jpg 1024w, https:\/\/seelandmobility.ch\/wp-content\/uploads\/2025\/04\/Ford-Transit-2-768x576.jpg 768w, https:\/\/seelandmobility.ch\/wp-content\/uploads\/2025\/04\/Ford-Transit-2-1536x1152.jpg 1536w\" sizes=\"auto, (max-width: 1600px) 100vw, 1600px\" \/>\t\t\t\t\t\t\n\t\t\t\t\t<\/div>\n\t\t\t\t\t\t\t\t\n<style>\n#image_430308554 {\n  width: 100%;\n}\n<\/style>\n\t<\/div>\n\t\n\t<div class=\"img has-hover x md-x lg-x y md-y lg-y\" id=\"image_1865614671\">\n\t\t\t\t\t\t\t\t<div class=\"img-inner image-cover dark\" style=\"padding-top:60%;\">\n\t\t\t<img loading=\"lazy\" decoding=\"async\" width=\"2048\" height=\"1365\" src=\"https:\/\/seelandmobility.ch\/wp-content\/uploads\/2025\/04\/Ford-Transit-3.jpg\" class=\"attachment-original size-original\" alt=\"\" srcset=\"https:\/\/seelandmobility.ch\/wp-content\/uploads\/2025\/04\/Ford-Transit-3.jpg 2048w, https:\/\/seelandmobility.ch\/wp-content\/uploads\/2025\/04\/Ford-Transit-3-300x200.jpg 300w, https:\/\/seelandmobility.ch\/wp-content\/uploads\/2025\/04\/Ford-Transit-3-1024x683.jpg 1024w, https:\/\/seelandmobility.ch\/wp-content\/uploads\/2025\/04\/Ford-Transit-3-768x512.jpg 768w, https:\/\/seelandmobility.ch\/wp-content\/uploads\/2025\/04\/Ford-Transit-3-1536x1024.jpg 1536w\" sizes=\"auto, (max-width: 2048px) 100vw, 2048px\" \/>\t\t\t\t\t\t\n\t\t\t\t\t<\/div>\n\t\t\t\t\t\t\t\t\n<style>\n#image_1865614671 {\n  width: 100%;\n}\n<\/style>\n\t<\/div>\n\t\n\t<div class=\"img has-hover x md-x lg-x y md-y lg-y\" id=\"image_1942273296\">\n\t\t\t\t\t\t\t\t<div class=\"img-inner image-cover dark\" style=\"padding-top:60%;\">\n\t\t\t<img loading=\"lazy\" decoding=\"async\" width=\"700\" height=\"467\" src=\"https:\/\/seelandmobility.ch\/wp-content\/uploads\/2025\/04\/Ford-Transit-1.jpg\" class=\"attachment-original size-original\" alt=\"\" srcset=\"https:\/\/seelandmobility.ch\/wp-content\/uploads\/2025\/04\/Ford-Transit-1.jpg 700w, https:\/\/seelandmobility.ch\/wp-content\/uploads\/2025\/04\/Ford-Transit-1-300x200.jpg 300w\" sizes=\"auto, (max-width: 700px) 100vw, 700px\" \/>\t\t\t\t\t\t\n\t\t\t\t\t<\/div>\n\t\t\t\t\t\t\t\t\n<style>\n#image_1942273296 {\n  width: 100%;\n}\n<\/style>\n\t<\/div>\n\t\n     <\/div>\n\n     <div class=\"loading-spin dark large centered\"><\/div>\n\n\t<\/div>\n\n\n\t<div id=\"gap-1021502153\" class=\"gap-element clearfix\" style=\"display:block; height:auto;\">\n\t\t\n<style>\n#gap-1021502153 {\n  padding-top: 15px;\n}\n<\/style>\n\t<\/div>\n\t\n\t<div id=\"text-3727611421\" class=\"text\">\n\t\t\n<h2 class=\"vehicle-characteristics-title\">Fahrzeugdaten<\/h2>\n<table style=\"border-collapse: collapse; width: 100%;\">\n<tbody>\n<tr>\n<td style=\"width: 26.1672%;\"><span style=\"font-size: 85%;\"><img loading=\"lazy\" decoding=\"async\" class=\"alignnone wp-image-470\" style=\"font-family: inherit;\" src=\"https:\/\/seelandmobility.ch\/wp-content\/uploads\/2023\/08\/009-car-placeholder-300x300.png\" alt=\"\" width=\"20\" height=\"20\" srcset=\"https:\/\/seelandmobility.ch\/wp-content\/uploads\/2023\/08\/009-car-placeholder-300x300.png 300w, https:\/\/seelandmobility.ch\/wp-content\/uploads\/2023\/08\/009-car-placeholder-150x150.png 150w, https:\/\/seelandmobility.ch\/wp-content\/uploads\/2023\/08\/009-car-placeholder.png 512w\" sizes=\"auto, (max-width: 20px) 100vw, 20px\" \/> Marke<\/span><\/td>\n<td style=\"width: 24.4164%;\"><span style=\"font-size: 85%;\">: Ford Transit<\/span><\/td>\n<td style=\"width: 26.7511%;\"><span style=\"font-size: 85%;\"><img loading=\"lazy\" decoding=\"async\" class=\"alignnone wp-image-461\" style=\"font-family: inherit;\" src=\"https:\/\/seelandmobility.ch\/wp-content\/uploads\/2023\/08\/006-car-1-300x300.png\" alt=\"\" width=\"20\" height=\"20\" srcset=\"https:\/\/seelandmobility.ch\/wp-content\/uploads\/2023\/08\/006-car-1-300x300.png 300w, https:\/\/seelandmobility.ch\/wp-content\/uploads\/2023\/08\/006-car-1-150x150.png 150w, https:\/\/seelandmobility.ch\/wp-content\/uploads\/2023\/08\/006-car-1.png 512w\" sizes=\"auto, (max-width: 20px) 100vw, 20px\" \/> T\u00fcren<\/span><\/td>\n<td style=\"width: 22.6653%;\"><span style=\"font-size: 85%;\">: 9<\/span><\/td>\n<\/tr>\n<tr>\n<td style=\"width: 26.1672%;\"><span style=\"font-size: 85%;\"><img loading=\"lazy\" decoding=\"async\" class=\"alignnone wp-image-464\" style=\"font-family: inherit;\" src=\"https:\/\/seelandmobility.ch\/wp-content\/uploads\/2023\/08\/007-protection-300x300.png\" alt=\"\" width=\"20\" height=\"20\" srcset=\"https:\/\/seelandmobility.ch\/wp-content\/uploads\/2023\/08\/007-protection-300x300.png 300w, https:\/\/seelandmobility.ch\/wp-content\/uploads\/2023\/08\/007-protection-150x150.png 150w, https:\/\/seelandmobility.ch\/wp-content\/uploads\/2023\/08\/007-protection.png 512w\" sizes=\"auto, (max-width: 20px) 100vw, 20px\" \/> Kategorie<\/span><\/td>\n<td style=\"width: 24.4164%;\"><span style=\"font-size: 85%;\">: Familienfahrzeug<\/span><\/td>\n<td style=\"width: 26.7511%;\"><span style=\"font-size: 85%;\"><img loading=\"lazy\" decoding=\"async\" class=\"alignnone wp-image-446\" style=\"font-family: inherit;\" src=\"https:\/\/seelandmobility.ch\/wp-content\/uploads\/2023\/08\/001-gas-station-hose-300x300.png\" alt=\"\" width=\"20\" height=\"20\" srcset=\"https:\/\/seelandmobility.ch\/wp-content\/uploads\/2023\/08\/001-gas-station-hose-300x300.png 300w, https:\/\/seelandmobility.ch\/wp-content\/uploads\/2023\/08\/001-gas-station-hose-150x150.png 150w, https:\/\/seelandmobility.ch\/wp-content\/uploads\/2023\/08\/001-gas-station-hose.png 512w\" sizes=\"auto, (max-width: 20px) 100vw, 20px\" \/> Treibstoff<\/span><\/td>\n<td style=\"width: 22.6653%;\"><span style=\"font-size: 85%;\">: Benzin<\/span><\/td>\n<\/tr>\n<tr>\n<td style=\"width: 26.1672%;\"><span style=\"font-size: 85%;\"><img loading=\"lazy\" decoding=\"async\" class=\"alignnone wp-image-455\" style=\"font-family: inherit;\" src=\"https:\/\/seelandmobility.ch\/wp-content\/uploads\/2023\/08\/004-car-300x300.png\" alt=\"\" width=\"20\" height=\"20\" srcset=\"https:\/\/seelandmobility.ch\/wp-content\/uploads\/2023\/08\/004-car-300x300.png 300w, https:\/\/seelandmobility.ch\/wp-content\/uploads\/2023\/08\/004-car-150x150.png 150w, https:\/\/seelandmobility.ch\/wp-content\/uploads\/2023\/08\/004-car.png 512w\" sizes=\"auto, (max-width: 20px) 100vw, 20px\" \/> Sitze<\/span><\/td>\n<td style=\"width: 24.4164%;\"><span style=\"font-size: 85%;\">: 9<\/span><\/td>\n<td style=\"width: 26.7511%;\"><span style=\"font-size: 85%;\"><img loading=\"lazy\" decoding=\"async\" class=\"alignnone wp-image-811\" src=\"https:\/\/seelandmobility.ch\/wp-content\/uploads\/2023\/08\/car-fast-icon-300x241.png\" alt=\"\" width=\"20\" height=\"16\" srcset=\"https:\/\/seelandmobility.ch\/wp-content\/uploads\/2023\/08\/car-fast-icon-300x241.png 300w, https:\/\/seelandmobility.ch\/wp-content\/uploads\/2023\/08\/car-fast-icon.png 512w\" sizes=\"auto, (max-width: 20px) 100vw, 20px\" \/>\u00a0Ps<\/span><\/td>\n<td style=\"width: 22.6653%;\"><span style=\"font-size: 85%;\">: 170 PS<\/span><\/td>\n<\/tr>\n<tr>\n<td style=\"width: 26.1672%;\"><span style=\"font-size: 85%;\"><img loading=\"lazy\" decoding=\"async\" class=\"alignnone wp-image-452\" style=\"font-family: inherit;\" src=\"https:\/\/seelandmobility.ch\/wp-content\/uploads\/2023\/08\/003-gear-shift-300x300.png\" alt=\"\" width=\"20\" height=\"20\" srcset=\"https:\/\/seelandmobility.ch\/wp-content\/uploads\/2023\/08\/003-gear-shift-300x300.png 300w, https:\/\/seelandmobility.ch\/wp-content\/uploads\/2023\/08\/003-gear-shift-150x150.png 150w, https:\/\/seelandmobility.ch\/wp-content\/uploads\/2023\/08\/003-gear-shift.png 512w\" sizes=\"auto, (max-width: 20px) 100vw, 20px\" \/> Getriebe<\/span><\/td>\n<td style=\"width: 24.4164%;\"><span style=\"font-size: 85%;\">: M<\/span><\/td>\n<td style=\"width: 26.7511%;\"><span style=\"font-size: 85%;\"><img loading=\"lazy\" decoding=\"async\" class=\"alignnone wp-image-458\" style=\"font-family: inherit;\" src=\"https:\/\/seelandmobility.ch\/wp-content\/uploads\/2023\/08\/005-id-card-300x300.png\" alt=\"\" width=\"20\" height=\"20\" srcset=\"https:\/\/seelandmobility.ch\/wp-content\/uploads\/2023\/08\/005-id-card-300x300.png 300w, https:\/\/seelandmobility.ch\/wp-content\/uploads\/2023\/08\/005-id-card-150x150.png 150w, https:\/\/seelandmobility.ch\/wp-content\/uploads\/2023\/08\/005-id-card.png 512w\" sizes=\"auto, (max-width: 20px) 100vw, 20px\" \/> Mindestalter<\/span><\/td>\n<td style=\"width: 22.6653%;\"><span style=\"font-size: 85%;\">: 18<\/span><\/td>\n<\/tr>\n<tr>\n<td style=\"width: 26.1672%;\"><span style=\"font-size: 85%;\"><img loading=\"lazy\" decoding=\"async\" class=\"alignnone wp-image-559\" src=\"https:\/\/seelandmobility.ch\/wp-content\/uploads\/2023\/08\/Car-motorrss.png\" alt=\"\" width=\"20\" height=\"15\" \/> Hubraum<\/span><\/td>\n<td style=\"width: 24.4164%;\"><span style=\"font-size: 85%;\">: 1&#8217;999 cm3<\/span><\/td>\n<td style=\"width: 26.7511%;\"><span style=\"font-size: 85%;\"><img loading=\"lazy\" decoding=\"async\" class=\"alignnone wp-image-449\" style=\"font-family: inherit;\" src=\"https:\/\/seelandmobility.ch\/wp-content\/uploads\/2023\/08\/002-air-conditioning-300x300.png\" alt=\"\" width=\"20\" height=\"20\" srcset=\"https:\/\/seelandmobility.ch\/wp-content\/uploads\/2023\/08\/002-air-conditioning-300x300.png 300w, https:\/\/seelandmobility.ch\/wp-content\/uploads\/2023\/08\/002-air-conditioning-150x150.png 150w, https:\/\/seelandmobility.ch\/wp-content\/uploads\/2023\/08\/002-air-conditioning.png 512w\" sizes=\"auto, (max-width: 20px) 100vw, 20px\" \/> Klimaanlage<\/span><\/td>\n<td style=\"width: 22.6653%;\"><span style=\"font-size: 85%;\">: JA<\/span><\/td>\n<\/tr>\n<tr>\n<td style=\"width: 26.1672%;\"><span style=\"font-size: 85%;\"><img loading=\"lazy\" decoding=\"async\" class=\"alignnone wp-image-563\" src=\"https:\/\/seelandmobility.ch\/wp-content\/uploads\/2023\/08\/car-sepecial.png\" alt=\"\" width=\"20\" height=\"21\" srcset=\"https:\/\/seelandmobility.ch\/wp-content\/uploads\/2023\/08\/car-sepecial.png 210w, https:\/\/seelandmobility.ch\/wp-content\/uploads\/2023\/08\/car-sepecial-150x150.png 150w\" sizes=\"auto, (max-width: 20px) 100vw, 20px\" \/> Serienausstattung<\/span><\/td>\n<td style=\"width: 24.4164%;\" colspan=\"3\"><span style=\"font-size: 85%;\">: ABS, ESP Bluetooth Audio Adapter<\/span><\/td>\n<\/tr>\n<\/tbody>\n<\/table>\n<h2 class=\"vehicle-characteristics-title\"><strong style=\"color: #555555; font-size: 14.4px;\">Rent a Ford Transit 9-seater in Biel \u2013 the perfect van for families and groups<\/strong><\/h2>\n<p><span style=\"font-size: 85%;\">Planning a family trip, a weekend getaway with friends, or simply need lots of space? The Ford Transit 9-seater is the ideal choice. With its spacious interior and comfortable seating, it\u2019s made for long journeys and group adventures.<\/span><\/p>\n<p><span style=\"font-size: 85%;\">At Seeland Mobility in Biel, renting this large and family-friendly van is quick, easy, and affordable. Whether you&#8217;re heading out for a holiday, an event, or a team outing, the Ford Transit makes every ride smooth and enjoyable.<\/span><\/p>\n<p><span style=\"font-size: 85%;\">Renting a large vehicle has never been this easy \u2013 experience the difference with Seeland Mobility.<\/span><\/p>\n<p>\u00a0<\/p>\n\t\t\n<style>\n#text-3727611421 {\n  font-size: 0.75rem;\n}\n@media (min-width:550px) {\n  #text-3727611421 {\n    font-size: 1rem;\n  }\n}\n@media (min-width:850px) {\n  #text-3727611421 {\n    font-size: 1rem;\n  }\n}\n<\/style>\n\t<\/div>\n\t\n\t\t<\/div>\n\t\t\t\t\n<style>\n#col-1080862166 > .col-inner {\n  margin: -40px 0px 20px 0px;\n}\n@media (min-width:550px) {\n  #col-1080862166 > .col-inner {\n    margin: -40px 0px 0px 0px;\n  }\n}\n@media (min-width:850px) {\n  #col-1080862166 > .col-inner {\n    margin: -20px 0px 0px 0px;\n  }\n}\n<\/style>\n\t<\/div>\n\n\t\n\n\t<div id=\"col-2106995790\" class=\"col medium-5 small-12 large-5\"  >\n\t\t\t\t<div class=\"col-inner\"  >\n\t\t\t\n\t\t\t\n<div class=\"row\"  id=\"row-2014566377\">\n\n\t<div id=\"col-1120565016\" class=\"col small-12 large-12 small-col-first\"  >\n\t\t\t\t<div class=\"col-inner\"  >\n\t\t\t\n\t\t\t\n<table style=\"border-collapse: collapse; width: 100%; height: 105px;\">\n<tbody>\n<tr style=\"height: 21px;\">\n<td style=\"width: 50%; height: 21px;\"><strong><span style=\"color: #ffffff;\">Pro Tag<\/span><\/strong><\/td>\n<td style=\"width: 50%; height: 21px;\"><strong><span style=\"color: #ffffff;\">CHF 140.-<\/span><\/strong><\/td>\n<\/tr>\n<tr style=\"height: 21px;\">\n<td style=\"width: 50%; height: 21px;\"><strong><span style=\"color: #ffffff;\">ab 2 Tagen<\/span><\/strong><\/td>\n<td style=\"width: 50%; height: 21px;\"><strong><span style=\"color: #ffffff;\">CHF 120.-<\/span><\/strong><\/td>\n<\/tr>\n<tr style=\"height: 21px;\">\n<td style=\"width: 50%; height: 21px;\"><strong><span style=\"color: #ffffff;\">ab 3 Tagen<\/span><\/strong><\/td>\n<td style=\"width: 50%; height: 21px;\"><strong><span style=\"color: #ffffff;\">CHF 100.-<\/span><\/strong><\/td>\n<\/tr>\n<tr style=\"height: 21px;\">\n<td style=\"width: 50%; height: 21px;\"><strong><span style=\"color: #ffffff;\">ab 7 Tagen<\/span><\/strong><\/td>\n<td style=\"width: 50%; height: 21px;\"><strong><span style=\"color: #ffffff;\">CHF\u00a0 \u00a070.-<\/span><\/strong><\/td>\n<\/tr>\n<tr style=\"height: 21px;\">\n<td style=\"width: 50%; height: 21px;\"><strong><span style=\"color: #ffffff;\">ab 14 Tagen<\/span><\/strong><\/td>\n<td style=\"width: 50%; height: 21px;\"><strong><span style=\"color: #ffffff;\">CHF\u00a0 \u00a060.-<\/span><\/strong><\/td>\n<\/tr>\n<\/tbody>\n<\/table>\n<p><strong><span style=\"color: #ffffff;\">Neukunden m\u00fcssen beim ersten Verleihvorgang eine entsprechende Kaution in Bar deponieren.\u00a0<\/span><\/strong><\/p>\n\t\t<\/div>\n\t\t\t\t\n<style>\n#col-1120565016 > .col-inner {\n  padding: 10px 10px 10px 10px;\n}\n@media (min-width:550px) {\n  #col-1120565016 > .col-inner {\n    padding: 10px 10px 10px 10px;\n  }\n}\n@media (min-width:850px) {\n  #col-1120565016 > .col-inner {\n    padding: 10px 10px 10px 10px;\n  }\n}\n<\/style>\n\t<\/div>\n\n\t\n\n\t<div id=\"col-1275556543\" class=\"col small-12 large-12\"  >\n\t\t\t\t<div class=\"col-inner\" style=\"background-color:rgb(247, 247, 247);\" >\n\t\t\t\n\t\t\t\n<p><span style=\"color: #000000; font-size: 100%;\"><strong>ALLES INKLUSIVE \u2013 TRANSPARENT UND FAIR:<\/strong><\/span><\/p>\n<table style=\"border-collapse: collapse; width: 100%; height: 168px;\">\n<tbody>\n<tr style=\"height: 21px;\">\n<td style=\"width: 100%; height: 21px;\"><span style=\"color: #000000;\"><img loading=\"lazy\" decoding=\"async\" class=\"alignnone wp-image-438\" src=\"https:\/\/seelandmobility.ch\/wp-content\/uploads\/2023\/08\/tick-ok.png\" alt=\"\" width=\"13\" height=\"13\" srcset=\"https:\/\/seelandmobility.ch\/wp-content\/uploads\/2023\/08\/tick-ok.png 258w, https:\/\/seelandmobility.ch\/wp-content\/uploads\/2023\/08\/tick-ok-150x150.png 150w\" sizes=\"auto, (max-width: 13px) 100vw, 13px\" \/> Keine versteckten Geb\u00fchren<\/span><\/td>\n<\/tr>\n<tr style=\"height: 21px;\">\n<td style=\"width: 100%; height: 21px;\"><span style=\"color: #000000;\"><img loading=\"lazy\" decoding=\"async\" class=\"alignnone wp-image-438\" src=\"https:\/\/seelandmobility.ch\/wp-content\/uploads\/2023\/08\/tick-ok.png\" alt=\"\" width=\"13\" height=\"13\" srcset=\"https:\/\/seelandmobility.ch\/wp-content\/uploads\/2023\/08\/tick-ok.png 258w, https:\/\/seelandmobility.ch\/wp-content\/uploads\/2023\/08\/tick-ok-150x150.png 150w\" sizes=\"auto, (max-width: 13px) 100vw, 13px\" \/> Vollkaskoversicherung inklusive<\/span><\/td>\n<\/tr>\n<tr style=\"height: 21px;\">\n<td style=\"width: 100%; height: 21px;\"><span style=\"color: #000000;\"><img loading=\"lazy\" decoding=\"async\" class=\"alignnone wp-image-438\" src=\"https:\/\/seelandmobility.ch\/wp-content\/uploads\/2023\/08\/tick-ok.png\" alt=\"\" width=\"13\" height=\"13\" srcset=\"https:\/\/seelandmobility.ch\/wp-content\/uploads\/2023\/08\/tick-ok.png 258w, https:\/\/seelandmobility.ch\/wp-content\/uploads\/2023\/08\/tick-ok-150x150.png 150w\" sizes=\"auto, (max-width: 13px) 100vw, 13px\" \/> Unbegrenzte Kilometer in der Schweiz<\/span><\/td>\n<\/tr>\n<tr style=\"height: 21px;\">\n<td style=\"width: 100%; height: 21px;\"><span style=\"color: #000000;\"><img loading=\"lazy\" decoding=\"async\" class=\"alignnone wp-image-438\" src=\"https:\/\/seelandmobility.ch\/wp-content\/uploads\/2023\/08\/tick-ok.png\" alt=\"\" width=\"13\" height=\"13\" srcset=\"https:\/\/seelandmobility.ch\/wp-content\/uploads\/2023\/08\/tick-ok.png 258w, https:\/\/seelandmobility.ch\/wp-content\/uploads\/2023\/08\/tick-ok-150x150.png 150w\" sizes=\"auto, (max-width: 13px) 100vw, 13px\" \/> Kostenfreie Umbuchungsm\u00f6glichkeiten<\/span><\/td>\n<\/tr>\n<tr style=\"height: 21px;\">\n<td style=\"width: 100%; height: 21px;\"><span style=\"color: #000000;\"><img loading=\"lazy\" decoding=\"async\" class=\"alignnone wp-image-438\" src=\"https:\/\/seelandmobility.ch\/wp-content\/uploads\/2023\/08\/tick-ok.png\" alt=\"\" width=\"13\" height=\"13\" srcset=\"https:\/\/seelandmobility.ch\/wp-content\/uploads\/2023\/08\/tick-ok.png 258w, https:\/\/seelandmobility.ch\/wp-content\/uploads\/2023\/08\/tick-ok-150x150.png 150w\" sizes=\"auto, (max-width: 13px) 100vw, 13px\" \/> Pers\u00f6nliche, regionale und direkte Betreuung<\/span><\/td>\n<\/tr>\n<tr style=\"height: 21px;\">\n<td style=\"width: 100%; height: 21px;\"><span style=\"color: #000000;\"><img loading=\"lazy\" decoding=\"async\" class=\"alignnone wp-image-438\" src=\"https:\/\/seelandmobility.ch\/wp-content\/uploads\/2023\/08\/tick-ok.png\" alt=\"\" width=\"13\" height=\"13\" srcset=\"https:\/\/seelandmobility.ch\/wp-content\/uploads\/2023\/08\/tick-ok.png 258w, https:\/\/seelandmobility.ch\/wp-content\/uploads\/2023\/08\/tick-ok-150x150.png 150w\" sizes=\"auto, (max-width: 13px) 100vw, 13px\" \/> Bestpreis-Garantie<\/span><\/td>\n<\/tr>\n<tr style=\"height: 21px;\">\n<td style=\"width: 100%; height: 21px;\"><span style=\"color: #000000;\"><img loading=\"lazy\" decoding=\"async\" class=\"alignnone wp-image-438\" src=\"https:\/\/seelandmobility.ch\/wp-content\/uploads\/2023\/08\/tick-ok.png\" alt=\"\" width=\"13\" height=\"13\" srcset=\"https:\/\/seelandmobility.ch\/wp-content\/uploads\/2023\/08\/tick-ok.png 258w, https:\/\/seelandmobility.ch\/wp-content\/uploads\/2023\/08\/tick-ok-150x150.png 150w\" sizes=\"auto, (max-width: 13px) 100vw, 13px\" \/> Zuverl\u00e4ssiger und prompter Service<\/span><\/td>\n<\/tr>\n<tr style=\"height: 21px;\">\n<td style=\"width: 100%; height: 21px;\"><span style=\"color: #000000;\"><img loading=\"lazy\" decoding=\"async\" class=\"alignnone wp-image-438\" src=\"https:\/\/seelandmobility.ch\/wp-content\/uploads\/2023\/08\/tick-ok.png\" alt=\"\" width=\"13\" height=\"13\" srcset=\"https:\/\/seelandmobility.ch\/wp-content\/uploads\/2023\/08\/tick-ok.png 258w, https:\/\/seelandmobility.ch\/wp-content\/uploads\/2023\/08\/tick-ok-150x150.png 150w\" sizes=\"auto, (max-width: 13px) 100vw, 13px\" \/> Einfacher und schneller Buchungsprozess<\/span><\/td>\n<\/tr>\n<\/tbody>\n<\/table>\n\t\t<\/div>\n\t\t\t\t\n<style>\n#col-1275556543 > .col-inner {\n  padding: 10px 10px 10px 10px;\n  margin: -15px 0px 0px 0px;\n}\n<\/style>\n\t<\/div>\n\n\t\n\n<style>\n#row-2014566377 > .col > .col-inner {\n  background-color: rgb(226, 183, 28);\n}\n<\/style>\n<\/div>\n\t\t<\/div>\n\t\t\t\t\n<style>\n#col-2106995790 > .col-inner {\n  margin: -25px 0px -30px 0px;\n}\n@media (min-width:550px) {\n  #col-2106995790 > .col-inner {\n    margin: 15px 0px 0px 0px;\n  }\n}\n@media (min-width:850px) {\n  #col-2106995790 > .col-inner {\n    margin: -20px 0px 0px 0px;\n  }\n}\n<\/style>\n\t<\/div>\n\n\t\n<\/div>\n<div class=\"row\"  id=\"row-737329953\">\n\n\n\t<div id=\"col-1242144874\" class=\"col small-12 large-12\"  >\n\t\t\t\t<div class=\"col-inner\"  >\n\t\t\t\n\t\t\t\n\n<div class=\"is-divider divider clearfix\" style=\"max-width:100%;height:2px;background-color:rgb(51, 51, 51);\"><\/div>\n\n\n\t\t<\/div>\n\t\t\t\t\t<\/div>\n\n\t\n\n\t<div id=\"col-1642786964\" class=\"col small-12 large-12\"  >\n\t\t\t\t<div class=\"col-inner text-left\"  >\n\t\t\t\n\t\t\t\n\n<p><span style=\"font-size: 85%;\">Travel worry-free and without complicated formalities. Important note: The prices mentioned on our website are valid exclusively for domestic trips within Switzerland. For trips abroad, we are at your disposal. New customers are asked to leave a cash deposit during their first rental. For reservations made at least two weeks in advance, a deposit of CHF 100 is required.<\/span><\/p>\n\n\t\t<\/div>\n\t\t\t\t\t<\/div>\n\n\t\n\n\t<div id=\"col-410665827\" class=\"col small-12 large-12\"  >\n\t\t\t\t<div class=\"col-inner text-right\"  >\n\t\t\t\n\t\t\t\n\n\t<div class=\"img has-hover x md-x lg-x y md-y lg-y\" id=\"image_767405504\">\n\t\t\t\t\t\t\t\t<div class=\"img-inner dark\" >\n\t\t\t<img loading=\"lazy\" decoding=\"async\" width=\"678\" height=\"81\" src=\"https:\/\/seelandmobility.ch\/wp-content\/uploads\/2023\/08\/payment-icon.png\" class=\"attachment-original size-original\" alt=\"\" srcset=\"https:\/\/seelandmobility.ch\/wp-content\/uploads\/2023\/08\/payment-icon.png 678w, https:\/\/seelandmobility.ch\/wp-content\/uploads\/2023\/08\/payment-icon-300x36.png 300w\" sizes=\"auto, (max-width: 678px) 100vw, 678px\" \/>\t\t\t\t\t\t\n\t\t\t\t\t<\/div>\n\t\t\t\t\t\t\t\t\n<style>\n#image_767405504 {\n  width: 55%;\n}\n@media (min-width:550px) {\n  #image_767405504 {\n    width: 18%;\n  }\n}\n<\/style>\n\t<\/div>\n\t\n\n\n\t\t<\/div>\n\t\t\t\t\n<style>\n#col-410665827 > .col-inner {\n  margin: -30px 0px 0px 0px;\n}\n@media (min-width:550px) {\n  #col-410665827 > .col-inner {\n    margin: -40px 0px 0px 0px;\n  }\n}\n@media (min-width:850px) {\n  #col-410665827 > .col-inner {\n    margin: -70px 0px 0px 0px;\n  }\n}\n<\/style>\n\t<\/div>\n\n\t\n\n<\/div>\n<div class=\"row align-center hide-for-small\"  id=\"row-1407369763\">\n\n\n\t<div id=\"col-937606347\" class=\"col medium-11 small-12 large-11\"  >\n\t\t\t\t<div class=\"col-inner\"  >\n\t\t\t\n\t\t\t\n\n<div class=\"slider-wrapper relative\" id=\"slider-1116679305\" >\n    <div class=\"slider slider-nav-simple slider-nav-large slider-nav-dark slider-nav-outside slider-style-normal\"\n        data-flickity-options='{\n            \"cellAlign\": \"center\",\n            \"imagesLoaded\": true,\n            \"lazyLoad\": 1,\n            \"freeScroll\": false,\n            \"wrapAround\": true,\n            \"autoPlay\": 6000,\n            \"pauseAutoPlayOnHover\" : true,\n            \"prevNextButtons\": true,\n            \"contain\" : true,\n            \"adaptiveHeight\" : true,\n            \"dragThreshold\" : 10,\n            \"percentPosition\": true,\n            \"pageDots\": true,\n            \"rightToLeft\": false,\n            \"draggable\": true,\n            \"selectedAttraction\": 0.1,\n            \"parallax\" : 0,\n            \"friction\": 0.6        }'\n        >\n        \n\n<div class=\"row row-large\"  id=\"row-109234261\">\n\n\n\t<div id=\"col-146819612\" class=\"col medium-4 small-6 large-4\"  >\n\t\t\t\t<div class=\"col-inner text-center box-shadow-3-hover\"  >\n\t\t\t\n\t\t\t\n\n\t<div class=\"img has-hover x md-x lg-x y md-y lg-y\" id=\"image_883863219\">\n\t\t<a class=\"\" href=\"https:\/\/seelandmobility.ch\/en\/hyundaii20biel\/\" >\t\t\t\t\t\t<div class=\"img-inner image-zoom dark\" >\n\t\t\t<img loading=\"lazy\" decoding=\"async\" width=\"502\" height=\"334\" src=\"https:\/\/seelandmobility.ch\/wp-content\/uploads\/2023\/10\/hyundaiii2aasd.jpg\" class=\"attachment-original size-original\" alt=\"G\u00fcnsige Kleinwagen mieten in Biel\" srcset=\"https:\/\/seelandmobility.ch\/wp-content\/uploads\/2023\/10\/hyundaiii2aasd.jpg 502w, https:\/\/seelandmobility.ch\/wp-content\/uploads\/2023\/10\/hyundaiii2aasd-300x200.jpg 300w\" sizes=\"auto, (max-width: 502px) 100vw, 502px\" \/>\t\t\t\t\t\t\n\t\t\t\t\t<\/div>\n\t\t\t\t\t\t<\/a>\t\t\n<style>\n#image_883863219 {\n  width: 100%;\n}\n<\/style>\n\t<\/div>\n\t\n\n<div class=\"row\"  id=\"row-2057249124\">\n\n\n\t<div id=\"col-343675114\" class=\"col small-12 large-12\"  >\n\t\t\t\t<div class=\"col-inner text-center\"  >\n\t\t\t\n\t\t\t\n\n\t<div id=\"text-3454593883\" class=\"text harfaralik\">\n\t\t\n\n<table style=\"border-collapse: collapse; width: 100%; height: 22px;\">\r\n<tbody>\r\n<tr style=\"height: 22px;\">\r\n<td style=\"width: 66.8242%; height: 22px;\"><span style=\"font-size: 110%;\"><a href=\"\/hyundaii20biel\/\"><span style=\"color: #000000;\"><strong>HYUNDAI i20<\/strong><\/span><\/a><\/span><\/td>\r\n<td style=\"width: 33.1758%; height: 22px; text-align: right;\"><span style=\"font-size: 105%;\"><strong><span style=\"color: #00aae7;\">CHF 50.-<\/span><\/strong><\/span><\/td>\r\n<\/tr>\r\n<\/tbody>\r\n<\/table>\n\t\t\n<style>\n#text-3454593883 {\n  font-size: 0.75rem;\n}\n@media (min-width:550px) {\n  #text-3454593883 {\n    font-size: 0.75rem;\n  }\n}\n@media (min-width:850px) {\n  #text-3454593883 {\n    font-size: 1rem;\n  }\n}\n<\/style>\n\t<\/div>\n\t\n\t<div class=\"img has-hover x md-x lg-x y md-y lg-y\" id=\"image_1170172716\">\n\t\t<a class=\"\" href=\"http:\/\/hyundaii20biel\" >\t\t\t\t\t\t<div class=\"img-inner dark\" style=\"margin:5px 0px 0px 0px;\">\n\t\t\t<img loading=\"lazy\" decoding=\"async\" width=\"383\" height=\"37\" src=\"https:\/\/seelandmobility.ch\/wp-content\/uploads\/2023\/09\/Car-Set-12.png\" class=\"attachment-original size-original\" alt=\"\" srcset=\"https:\/\/seelandmobility.ch\/wp-content\/uploads\/2023\/09\/Car-Set-12.png 383w, https:\/\/seelandmobility.ch\/wp-content\/uploads\/2023\/09\/Car-Set-12-300x29.png 300w\" sizes=\"auto, (max-width: 383px) 100vw, 383px\" \/>\t\t\t\t\t\t\n\t\t\t\t\t<\/div>\n\t\t\t\t\t\t<\/a>\t\t\n<style>\n#image_1170172716 {\n  width: 100%;\n}\n@media (min-width:550px) {\n  #image_1170172716 {\n    width: 80%;\n  }\n}\n<\/style>\n\t<\/div>\n\t\n\n\n\t\t<\/div>\n\t\t\t\t\n<style>\n#col-343675114 > .col-inner {\n  margin: -5px 0px -40px 0px;\n}\n<\/style>\n\t<\/div>\n\n\t\n\n<\/div>\n\n\t\t<\/div>\n\t\t\t\t\n<style>\n#col-146819612 > .col-inner {\n  padding: 5px 5px 15px 5px;\n}\n<\/style>\n\t<\/div>\n\n\t\n\n\t<div id=\"col-1727478579\" class=\"col medium-4 small-6 large-4\"  >\n\t\t\t\t<div class=\"col-inner text-center box-shadow-3-hover\"  >\n\t\t\t\n\t\t\t\n\n\t<div class=\"img has-hover x md-x lg-x y md-y lg-y\" id=\"image_1740740671\">\n\t\t<a class=\"\" href=\"https:\/\/seelandmobility.ch\/en\/peugeot-208-3\/\" >\t\t\t\t\t\t<div class=\"img-inner image-zoom dark\" >\n\t\t\t<img loading=\"lazy\" decoding=\"async\" width=\"500\" height=\"332\" src=\"https:\/\/seelandmobility.ch\/wp-content\/uploads\/2023\/08\/guenstig-automieten-lyss-ipsach-port1.png\" class=\"attachment-original size-original\" alt=\"\" srcset=\"https:\/\/seelandmobility.ch\/wp-content\/uploads\/2023\/08\/guenstig-automieten-lyss-ipsach-port1.png 500w, https:\/\/seelandmobility.ch\/wp-content\/uploads\/2023\/08\/guenstig-automieten-lyss-ipsach-port1-300x199.png 300w\" sizes=\"auto, (max-width: 500px) 100vw, 500px\" \/>\t\t\t\t\t\t\n\t\t\t\t\t<\/div>\n\t\t\t\t\t\t<\/a>\t\t\n<style>\n#image_1740740671 {\n  width: 100%;\n}\n<\/style>\n\t<\/div>\n\t\n\n<div class=\"row\"  id=\"row-695261442\">\n\n\n\t<div id=\"col-466637661\" class=\"col small-12 large-12\"  >\n\t\t\t\t<div class=\"col-inner text-center\"  >\n\t\t\t\n\t\t\t\n\n\t<div id=\"text-3748591152\" class=\"text harfaralik\">\n\t\t\n\n<table style=\"border-collapse: collapse; width: 100%; height: 22px;\">\r\n<tbody>\r\n<tr style=\"height: 22px;\">\r\n<td style=\"width: 66.8242%; height: 22px;\"><a href=\"\/peugeot-208-3\/\"><span style=\"font-size: 110%;\"><span style=\"color: #000000;\"><strong>PEUGEOT 208<\/strong><\/span><\/span><\/a><\/td>\r\n<td style=\"width: 33.1758%; height: 22px; text-align: right;\"><span style=\"font-size: 105%;\"><strong><span style=\"color: #00aae7;\">CHF 50.-<\/span><\/strong><\/span><\/td>\r\n<\/tr>\r\n<\/tbody>\r\n<\/table>\n\t\t\n<style>\n#text-3748591152 {\n  font-size: 0.75rem;\n}\n@media (min-width:550px) {\n  #text-3748591152 {\n    font-size: 0.75rem;\n  }\n}\n@media (min-width:850px) {\n  #text-3748591152 {\n    font-size: 1rem;\n  }\n}\n<\/style>\n\t<\/div>\n\t\n\t<div class=\"img has-hover x md-x lg-x y md-y lg-y\" id=\"image_1583871020\">\n\t\t\t\t\t\t\t\t<div class=\"img-inner dark\" style=\"margin:5px 0px 0px 0px;\">\n\t\t\t<img loading=\"lazy\" decoding=\"async\" width=\"383\" height=\"37\" src=\"https:\/\/seelandmobility.ch\/wp-content\/uploads\/2023\/09\/Car-Set-12.png\" class=\"attachment-original size-original\" alt=\"\" srcset=\"https:\/\/seelandmobility.ch\/wp-content\/uploads\/2023\/09\/Car-Set-12.png 383w, https:\/\/seelandmobility.ch\/wp-content\/uploads\/2023\/09\/Car-Set-12-300x29.png 300w\" sizes=\"auto, (max-width: 383px) 100vw, 383px\" \/>\t\t\t\t\t\t\n\t\t\t\t\t<\/div>\n\t\t\t\t\t\t\t\t\n<style>\n#image_1583871020 {\n  width: 100%;\n}\n@media (min-width:550px) {\n  #image_1583871020 {\n    width: 80%;\n  }\n}\n<\/style>\n\t<\/div>\n\t\n\n\n\t\t<\/div>\n\t\t\t\t\n<style>\n#col-466637661 > .col-inner {\n  margin: -5px 0px -40px 0px;\n}\n<\/style>\n\t<\/div>\n\n\t\n\n<\/div>\n\n\t\t<\/div>\n\t\t\t\t\n<style>\n#col-1727478579 > .col-inner {\n  padding: 5px 5px 15px 5px;\n}\n<\/style>\n\t<\/div>\n\n\t\n\n\t<div id=\"col-1817132270\" class=\"col medium-4 small-6 large-4\"  >\n\t\t\t\t<div class=\"col-inner text-center box-shadow-3-hover\"  >\n\t\t\t\n\t\t\t\n\n\t<div class=\"img has-hover x md-x lg-x y md-y lg-y\" id=\"image_1979440756\">\n\t\t<a class=\"\" href=\"https:\/\/seelandmobility.ch\/en\/peugeot-208\/\" >\t\t\t\t\t\t<div class=\"img-inner image-zoom dark\" >\n\t\t\t<img loading=\"lazy\" decoding=\"async\" width=\"500\" height=\"332\" src=\"https:\/\/seelandmobility.ch\/wp-content\/uploads\/2023\/08\/auto-mieten-biel-bienne1.png\" class=\"attachment-original size-original\" alt=\"\" srcset=\"https:\/\/seelandmobility.ch\/wp-content\/uploads\/2023\/08\/auto-mieten-biel-bienne1.png 500w, https:\/\/seelandmobility.ch\/wp-content\/uploads\/2023\/08\/auto-mieten-biel-bienne1-300x199.png 300w\" sizes=\"auto, (max-width: 500px) 100vw, 500px\" \/>\t\t\t\t\t\t\n\t\t\t\t\t<\/div>\n\t\t\t\t\t\t<\/a>\t\t\n<style>\n#image_1979440756 {\n  width: 100%;\n}\n<\/style>\n\t<\/div>\n\t\n\n<div class=\"row\"  id=\"row-1272124966\">\n\n\n\t<div id=\"col-989973744\" class=\"col small-12 large-12\"  >\n\t\t\t\t<div class=\"col-inner text-center\"  >\n\t\t\t\n\t\t\t\n\n\t<div id=\"text-1534346988\" class=\"text harfaralik\">\n\t\t\n\n<table style=\"border-collapse: collapse; width: 100%; height: 22px;\">\r\n<tbody>\r\n<tr style=\"height: 22px;\">\r\n<td style=\"width: 66.8242%; height: 22px;\"><a href=\"\/peugeot-208\/\"><span style=\"font-size: 110%;\"><span style=\"color: #000000;\"><strong>PEUGEOT 208<\/strong><\/span><\/span><\/a><\/td>\r\n<td style=\"width: 33.1758%; height: 22px; text-align: right;\"><span style=\"font-size: 105%;\"><strong><span style=\"color: #00aae7;\">CHF 50.-<\/span><\/strong><\/span><\/td>\r\n<\/tr>\r\n<\/tbody>\r\n<\/table>\n\t\t\n<style>\n#text-1534346988 {\n  font-size: 0.75rem;\n}\n@media (min-width:550px) {\n  #text-1534346988 {\n    font-size: 0.75rem;\n  }\n}\n@media (min-width:850px) {\n  #text-1534346988 {\n    font-size: 1rem;\n  }\n}\n<\/style>\n\t<\/div>\n\t\n\t<div class=\"img has-hover x md-x lg-x y md-y lg-y\" id=\"image_124826588\">\n\t\t\t\t\t\t\t\t<div class=\"img-inner dark\" style=\"margin:5px 0px 0px 0px;\">\n\t\t\t<img loading=\"lazy\" decoding=\"async\" width=\"383\" height=\"37\" src=\"https:\/\/seelandmobility.ch\/wp-content\/uploads\/2023\/09\/Car-Set-12.png\" class=\"attachment-original size-original\" alt=\"\" srcset=\"https:\/\/seelandmobility.ch\/wp-content\/uploads\/2023\/09\/Car-Set-12.png 383w, https:\/\/seelandmobility.ch\/wp-content\/uploads\/2023\/09\/Car-Set-12-300x29.png 300w\" sizes=\"auto, (max-width: 383px) 100vw, 383px\" \/>\t\t\t\t\t\t\n\t\t\t\t\t<\/div>\n\t\t\t\t\t\t\t\t\n<style>\n#image_124826588 {\n  width: 100%;\n}\n@media (min-width:550px) {\n  #image_124826588 {\n    width: 80%;\n  }\n}\n<\/style>\n\t<\/div>\n\t\n\n\n\t\t<\/div>\n\t\t\t\t\n<style>\n#col-989973744 > .col-inner {\n  margin: -5px 0px -40px 0px;\n}\n<\/style>\n\t<\/div>\n\n\t\n\n<\/div>\n\n\t\t<\/div>\n\t\t\t\t\n<style>\n#col-1817132270 > .col-inner {\n  padding: 5px 5px 15px 5px;\n}\n<\/style>\n\t<\/div>\n\n\t\n\n<\/div>\n<div class=\"row\"  id=\"row-261710550\">\n\n\n\t<div id=\"col-613544864\" class=\"col medium-4 small-6 large-4\"  >\n\t\t\t\t<div class=\"col-inner text-center box-shadow-3-hover\"  >\n\t\t\t\n\t\t\t\n\n\t<div class=\"img has-hover x md-x lg-x y md-y lg-y\" id=\"image_532415514\">\n\t\t<a class=\"\" href=\"https:\/\/seelandmobility.ch\/en\/peugeot-208-2\/\" >\t\t\t\t\t\t<div class=\"img-inner image-zoom dark\" >\n\t\t\t<img loading=\"lazy\" decoding=\"async\" width=\"501\" height=\"333\" src=\"https:\/\/seelandmobility.ch\/wp-content\/uploads\/2025\/02\/Citroen-DS3.jpg\" class=\"attachment-original size-original\" alt=\"Citroen DS3 Mieten, in Biel Mietwagen Biel\" srcset=\"https:\/\/seelandmobility.ch\/wp-content\/uploads\/2025\/02\/Citroen-DS3.jpg 501w, https:\/\/seelandmobility.ch\/wp-content\/uploads\/2025\/02\/Citroen-DS3-300x199.jpg 300w\" sizes=\"auto, (max-width: 501px) 100vw, 501px\" \/>\t\t\t\t\t\t\n\t\t\t\t\t<\/div>\n\t\t\t\t\t\t<\/a>\t\t\n<style>\n#image_532415514 {\n  width: 100%;\n}\n<\/style>\n\t<\/div>\n\t\n\n<div class=\"row\"  id=\"row-1918581988\">\n\n\n\t<div id=\"col-1479653469\" class=\"col small-12 large-12\"  >\n\t\t\t\t<div class=\"col-inner text-center\"  >\n\t\t\t\n\t\t\t\n\n\t<div id=\"text-2590761102\" class=\"text harfaralik\">\n\t\t\n\n<table style=\"border-collapse: collapse; width: 100%; height: 22px;\">\r\n<tbody>\r\n<tr style=\"height: 22px;\">\r\n<td style=\"width: 66.8242%; height: 22px;\"><a href=\"\/peugeot-208-2\/\"><span style=\"font-size: 110%;\"><span style=\"color: #000000;\"><strong>CITROEN DS3<\/strong><\/span><\/span><\/a><\/td>\r\n<td style=\"width: 33.1758%; height: 22px; text-align: right;\"><span style=\"font-size: 105%;\"><strong><span style=\"color: #00aae7;\">CHF 50.-<\/span><\/strong><\/span><\/td>\r\n<\/tr>\r\n<\/tbody>\r\n<\/table>\n\t\t\n<style>\n#text-2590761102 {\n  font-size: 0.75rem;\n}\n@media (min-width:550px) {\n  #text-2590761102 {\n    font-size: 0.75rem;\n  }\n}\n@media (min-width:850px) {\n  #text-2590761102 {\n    font-size: 1rem;\n  }\n}\n<\/style>\n\t<\/div>\n\t\n\t<div class=\"img has-hover x md-x lg-x y md-y lg-y\" id=\"image_1817834893\">\n\t\t\t\t\t\t\t\t<div class=\"img-inner dark\" style=\"margin:5px 0px 0px 0px;\">\n\t\t\t<img loading=\"lazy\" decoding=\"async\" width=\"383\" height=\"37\" src=\"https:\/\/seelandmobility.ch\/wp-content\/uploads\/2023\/09\/Car-Set-12.png\" class=\"attachment-original size-original\" alt=\"\" srcset=\"https:\/\/seelandmobility.ch\/wp-content\/uploads\/2023\/09\/Car-Set-12.png 383w, https:\/\/seelandmobility.ch\/wp-content\/uploads\/2023\/09\/Car-Set-12-300x29.png 300w\" sizes=\"auto, (max-width: 383px) 100vw, 383px\" \/>\t\t\t\t\t\t\n\t\t\t\t\t<\/div>\n\t\t\t\t\t\t\t\t\n<style>\n#image_1817834893 {\n  width: 100%;\n}\n@media (min-width:550px) {\n  #image_1817834893 {\n    width: 80%;\n  }\n}\n<\/style>\n\t<\/div>\n\t\n\n\n\t\t<\/div>\n\t\t\t\t\n<style>\n#col-1479653469 > .col-inner {\n  margin: -5px 0px -40px 0px;\n}\n<\/style>\n\t<\/div>\n\n\t\n\n<\/div>\n\n\t\t<\/div>\n\t\t\t\t\n<style>\n#col-613544864 > .col-inner {\n  padding: 5px 5px 15px 5px;\n}\n<\/style>\n\t<\/div>\n\n\t\n\n\t<div id=\"col-1674527250\" class=\"col medium-4 small-6 large-4\"  >\n\t\t\t\t<div class=\"col-inner text-center box-shadow-3-hover\"  >\n\t\t\t\n\t\t\t\n\n\t<div class=\"img has-hover x md-x lg-x y md-y lg-y\" id=\"image_1518333539\">\n\t\t<a class=\"\" href=\"https:\/\/seelandmobility.ch\/en\/citroen-c1-mieten-biel\/\" >\t\t\t\t\t\t<div class=\"img-inner image-zoom dark\" >\n\t\t\t<img loading=\"lazy\" decoding=\"async\" width=\"502\" height=\"334\" src=\"https:\/\/seelandmobility.ch\/wp-content\/uploads\/2024\/07\/Aklasse-mercedes.jpg\" class=\"attachment-original size-original\" alt=\"Mietwagen mieten Biel\" srcset=\"https:\/\/seelandmobility.ch\/wp-content\/uploads\/2024\/07\/Aklasse-mercedes.jpg 502w, https:\/\/seelandmobility.ch\/wp-content\/uploads\/2024\/07\/Aklasse-mercedes-300x200.jpg 300w\" sizes=\"auto, (max-width: 502px) 100vw, 502px\" \/>\t\t\t\t\t\t\n\t\t\t\t\t<\/div>\n\t\t\t\t\t\t<\/a>\t\t\n<style>\n#image_1518333539 {\n  width: 100%;\n}\n<\/style>\n\t<\/div>\n\t\n\n<div class=\"row\"  id=\"row-201450985\">\n\n\n\t<div id=\"col-112092255\" class=\"col small-12 large-12\"  >\n\t\t\t\t<div class=\"col-inner text-center\"  >\n\t\t\t\n\t\t\t\n\n\t<div id=\"text-3842090010\" class=\"text harfaralik\">\n\t\t\n\n<table style=\"border-collapse: collapse; width: 100%; height: 22px;\">\r\n<tbody>\r\n<tr style=\"height: 22px;\">\r\n<td style=\"width: 66.8242%; height: 22px;\"><a href=\"\/citroenc1\/\"><span style=\"font-size: 110%;\"><span style=\"color: #000000;\"><strong>MERCEDES A-CLASS<\/strong><\/span><\/span><\/a><\/td>\r\n<td style=\"width: 33.1758%; height: 22px; text-align: right;\"><span style=\"font-size: 105%;\"><strong><span style=\"color: #00aae7;\">CHF 45.-<\/span><\/strong><\/span><\/td>\r\n<\/tr>\r\n<\/tbody>\r\n<\/table>\n\t\t\n<style>\n#text-3842090010 {\n  font-size: 0.75rem;\n}\n@media (min-width:550px) {\n  #text-3842090010 {\n    font-size: 0.75rem;\n  }\n}\n@media (min-width:850px) {\n  #text-3842090010 {\n    font-size: 1rem;\n  }\n}\n<\/style>\n\t<\/div>\n\t\n\t<div class=\"img has-hover x md-x lg-x y md-y lg-y\" id=\"image_1326710331\">\n\t\t\t\t\t\t\t\t<div class=\"img-inner dark\" style=\"margin:5px 0px 0px 0px;\">\n\t\t\t<img loading=\"lazy\" decoding=\"async\" width=\"383\" height=\"37\" src=\"https:\/\/seelandmobility.ch\/wp-content\/uploads\/2023\/09\/Car-Set-12.png\" class=\"attachment-original size-original\" alt=\"\" srcset=\"https:\/\/seelandmobility.ch\/wp-content\/uploads\/2023\/09\/Car-Set-12.png 383w, https:\/\/seelandmobility.ch\/wp-content\/uploads\/2023\/09\/Car-Set-12-300x29.png 300w\" sizes=\"auto, (max-width: 383px) 100vw, 383px\" \/>\t\t\t\t\t\t\n\t\t\t\t\t<\/div>\n\t\t\t\t\t\t\t\t\n<style>\n#image_1326710331 {\n  width: 100%;\n}\n@media (min-width:550px) {\n  #image_1326710331 {\n    width: 80%;\n  }\n}\n<\/style>\n\t<\/div>\n\t\n\n\n\t\t<\/div>\n\t\t\t\t\n<style>\n#col-112092255 > .col-inner {\n  margin: -5px 0px -40px 0px;\n}\n<\/style>\n\t<\/div>\n\n\t\n\n<\/div>\n\n\t\t<\/div>\n\t\t\t\t\n<style>\n#col-1674527250 > .col-inner {\n  padding: 5px 5px 15px 5px;\n}\n<\/style>\n\t<\/div>\n\n\t\n\n\t<div id=\"col-1657073796\" class=\"col medium-4 small-6 large-4\"  >\n\t\t\t\t<div class=\"col-inner text-center box-shadow-3-hover\"  >\n\t\t\t\n\t\t\t\n\n\t<div class=\"img has-hover x md-x lg-x y md-y lg-y\" id=\"image_260553536\">\n\t\t<a class=\"\" href=\"https:\/\/seelandmobility.ch\/en\/opel-meriva\/\" >\t\t\t\t\t\t<div class=\"img-inner image-zoom dark\" >\n\t\t\t<img loading=\"lazy\" decoding=\"async\" width=\"500\" height=\"332\" src=\"https:\/\/seelandmobility.ch\/wp-content\/uploads\/2023\/08\/guenstige-autos-in-biel-sofort-mieten-ab-30-chf1.png\" class=\"attachment-original size-original\" alt=\"\" srcset=\"https:\/\/seelandmobility.ch\/wp-content\/uploads\/2023\/08\/guenstige-autos-in-biel-sofort-mieten-ab-30-chf1.png 500w, https:\/\/seelandmobility.ch\/wp-content\/uploads\/2023\/08\/guenstige-autos-in-biel-sofort-mieten-ab-30-chf1-300x199.png 300w\" sizes=\"auto, (max-width: 500px) 100vw, 500px\" \/>\t\t\t\t\t\t\n\t\t\t\t\t<\/div>\n\t\t\t\t\t\t<\/a>\t\t\n<style>\n#image_260553536 {\n  width: 100%;\n}\n<\/style>\n\t<\/div>\n\t\n\n<div class=\"row\"  id=\"row-225892989\">\n\n\n\t<div id=\"col-1389519052\" class=\"col small-12 large-12\"  >\n\t\t\t\t<div class=\"col-inner text-center\"  >\n\t\t\t\n\t\t\t\n\n\t<div id=\"text-2612502498\" class=\"text harfaralik\">\n\t\t\n\n<table style=\"border-collapse: collapse; width: 100%; height: 22px;\">\r\n<tbody>\r\n<tr style=\"height: 22px;\">\r\n<td style=\"width: 66.8242%; height: 22px;\"><a href=\"\/opel-meriva\/\"><span style=\"font-size: 110%;\"><span style=\"color: #000000;\"><strong>OPEL MERIVA<\/strong><\/span><\/span><\/a><\/td>\r\n<td style=\"width: 33.1758%; height: 22px; text-align: right;\"><span style=\"font-size: 105%;\"><strong><span style=\"color: #00aae7;\">CHF 45.-<\/span><\/strong><\/span><\/td>\r\n<\/tr>\r\n<\/tbody>\r\n<\/table>\n\t\t\n<style>\n#text-2612502498 {\n  font-size: 0.75rem;\n}\n@media (min-width:550px) {\n  #text-2612502498 {\n    font-size: 0.75rem;\n  }\n}\n@media (min-width:850px) {\n  #text-2612502498 {\n    font-size: 1rem;\n  }\n}\n<\/style>\n\t<\/div>\n\t\n\t<div class=\"img has-hover x md-x lg-x y md-y lg-y\" id=\"image_1451389303\">\n\t\t\t\t\t\t\t\t<div class=\"img-inner dark\" style=\"margin:5px 0px 0px 0px;\">\n\t\t\t<img loading=\"lazy\" decoding=\"async\" width=\"383\" height=\"37\" src=\"https:\/\/seelandmobility.ch\/wp-content\/uploads\/2023\/09\/Car-Set-12.png\" class=\"attachment-original size-original\" alt=\"\" srcset=\"https:\/\/seelandmobility.ch\/wp-content\/uploads\/2023\/09\/Car-Set-12.png 383w, https:\/\/seelandmobility.ch\/wp-content\/uploads\/2023\/09\/Car-Set-12-300x29.png 300w\" sizes=\"auto, (max-width: 383px) 100vw, 383px\" \/>\t\t\t\t\t\t\n\t\t\t\t\t<\/div>\n\t\t\t\t\t\t\t\t\n<style>\n#image_1451389303 {\n  width: 100%;\n}\n@media (min-width:550px) {\n  #image_1451389303 {\n    width: 80%;\n  }\n}\n<\/style>\n\t<\/div>\n\t\n\n\n\t\t<\/div>\n\t\t\t\t\n<style>\n#col-1389519052 > .col-inner {\n  margin: -5px 0px -40px 0px;\n}\n<\/style>\n\t<\/div>\n\n\t\n\n<\/div>\n\n\t\t<\/div>\n\t\t\t\t\n<style>\n#col-1657073796 > .col-inner {\n  padding: 5px 5px 15px 5px;\n}\n<\/style>\n\t<\/div>\n\n\t\n\n<\/div>\n<div class=\"row row-large\"  id=\"row-2112534407\">\n\n\n\t<div id=\"col-32624756\" class=\"col medium-4 small-6 large-4\"  >\n\t\t\t\t<div class=\"col-inner text-center box-shadow-3-hover\"  >\n\t\t\t\n\t\t\t\n\n\t<div class=\"img has-hover x md-x lg-x y md-y lg-y\" id=\"image_5697657\">\n\t\t<a class=\"\" href=\"https:\/\/seelandmobility.ch\/en\/peugeot-2008\/\" >\t\t\t\t\t\t<div class=\"img-inner image-zoom dark\" >\n\t\t\t<img loading=\"lazy\" decoding=\"async\" width=\"502\" height=\"334\" src=\"https:\/\/seelandmobility.ch\/wp-content\/uploads\/2024\/12\/peugeot-2008-schaltung.png\" class=\"attachment-original size-original\" alt=\"G\u00fcnstige SUV Mieten in Biel, auto biel miete\" srcset=\"https:\/\/seelandmobility.ch\/wp-content\/uploads\/2024\/12\/peugeot-2008-schaltung.png 502w, https:\/\/seelandmobility.ch\/wp-content\/uploads\/2024\/12\/peugeot-2008-schaltung-300x200.png 300w\" sizes=\"auto, (max-width: 502px) 100vw, 502px\" \/>\t\t\t\t\t\t\n\t\t\t\t\t<\/div>\n\t\t\t\t\t\t<\/a>\t\t\n<style>\n#image_5697657 {\n  width: 100%;\n}\n<\/style>\n\t<\/div>\n\t\n\n<div class=\"row\"  id=\"row-2080281742\">\n\n\n\t<div id=\"col-986075631\" class=\"col small-12 large-12\"  >\n\t\t\t\t<div class=\"col-inner text-center\"  >\n\t\t\t\n\t\t\t\n\n\t<div id=\"text-3339682003\" class=\"text harfaralik\">\n\t\t\n\n<table style=\"border-collapse: collapse; width: 100%; height: 22px;\">\r\n<tbody>\r\n<tr style=\"height: 22px;\">\r\n<td style=\"width: 66.8242%; height: 22px;\"><a href=\"\/peugeot-2008\/\"><span style=\"font-size: 110%;\"><span style=\"color: #000000;\"><strong>PEUGEOT 2008<\/strong><\/span><\/span><\/a><\/td>\r\n<td style=\"width: 33.1758%; height: 22px; text-align: right;\"><span style=\"font-size: 105%;\"><strong><span style=\"color: #00aae7;\">CHF 60.-<\/span><\/strong><\/span><\/td>\r\n<\/tr>\r\n<\/tbody>\r\n<\/table>\n\t\t\n<style>\n#text-3339682003 {\n  font-size: 0.75rem;\n}\n@media (min-width:550px) {\n  #text-3339682003 {\n    font-size: 0.75rem;\n  }\n}\n@media (min-width:850px) {\n  #text-3339682003 {\n    font-size: 1rem;\n  }\n}\n<\/style>\n\t<\/div>\n\t\n\t<div class=\"img has-hover x md-x lg-x y md-y lg-y\" id=\"image_150786325\">\n\t\t\t\t\t\t\t\t<div class=\"img-inner dark\" style=\"margin:5px 0px 0px 0px;\">\n\t\t\t<img loading=\"lazy\" decoding=\"async\" width=\"383\" height=\"37\" src=\"https:\/\/seelandmobility.ch\/wp-content\/uploads\/2023\/09\/Car-Set-3.png\" class=\"attachment-original size-original\" alt=\"\" srcset=\"https:\/\/seelandmobility.ch\/wp-content\/uploads\/2023\/09\/Car-Set-3.png 383w, https:\/\/seelandmobility.ch\/wp-content\/uploads\/2023\/09\/Car-Set-3-300x29.png 300w\" sizes=\"auto, (max-width: 383px) 100vw, 383px\" \/>\t\t\t\t\t\t\n\t\t\t\t\t<\/div>\n\t\t\t\t\t\t\t\t\n<style>\n#image_150786325 {\n  width: 100%;\n}\n@media (min-width:550px) {\n  #image_150786325 {\n    width: 80%;\n  }\n}\n<\/style>\n\t<\/div>\n\t\n\n\n\t\t<\/div>\n\t\t\t\t\n<style>\n#col-986075631 > .col-inner {\n  margin: -5px 0px -40px 0px;\n}\n<\/style>\n\t<\/div>\n\n\t\n\n<\/div>\n\n\t\t<\/div>\n\t\t\t\t\n<style>\n#col-32624756 > .col-inner {\n  padding: 5px 5px 15px 5px;\n}\n<\/style>\n\t<\/div>\n\n\t\n\n\t<div id=\"col-113320723\" class=\"col medium-4 small-6 large-4\"  >\n\t\t\t\t<div class=\"col-inner text-center box-shadow-3-hover\"  >\n\t\t\t\n\t\t\t\n\n\t<div class=\"img has-hover x md-x lg-x y md-y lg-y\" id=\"image_674172036\">\n\t\t<a class=\"\" href=\"https:\/\/seelandmobility.ch\/en\/new-vw-polo-2\/\" >\t\t\t\t\t\t<div class=\"img-inner image-zoom dark\" >\n\t\t\t<img loading=\"lazy\" decoding=\"async\" width=\"500\" height=\"332\" src=\"https:\/\/seelandmobility.ch\/wp-content\/uploads\/2023\/08\/image-11-1.png\" class=\"attachment-original size-original\" alt=\"\" srcset=\"https:\/\/seelandmobility.ch\/wp-content\/uploads\/2023\/08\/image-11-1.png 500w, https:\/\/seelandmobility.ch\/wp-content\/uploads\/2023\/08\/image-11-1-300x199.png 300w\" sizes=\"auto, (max-width: 500px) 100vw, 500px\" \/>\t\t\t\t\t\t\n\t\t\t\t\t<\/div>\n\t\t\t\t\t\t<\/a>\t\t\n<style>\n#image_674172036 {\n  width: 100%;\n}\n<\/style>\n\t<\/div>\n\t\n\n<div class=\"row\"  id=\"row-2045232808\">\n\n\n\t<div id=\"col-1907258592\" class=\"col small-12 large-12\"  >\n\t\t\t\t<div class=\"col-inner text-center\"  >\n\t\t\t\n\t\t\t\n\n\t<div id=\"text-1728380361\" class=\"text harfaralik\">\n\t\t\n\n<table style=\"border-collapse: collapse; width: 100%; height: 22px;\">\r\n<tbody>\r\n<tr style=\"height: 22px;\">\r\n<td style=\"width: 66.8242%; height: 22px;\"><a href=\"\/new-vw-polo\/\"><span style=\"font-size: 110%;\"><span style=\"color: #000000;\"><strong>NEW VW POLO<\/strong><\/span><\/span><\/a><\/td>\r\n<td style=\"width: 33.1758%; height: 22px; text-align: right;\"><span style=\"font-size: 105%;\"><strong><span style=\"color: #00aae7;\">CHF 60.-<\/span><\/strong><\/span><\/td>\r\n<\/tr>\r\n<\/tbody>\r\n<\/table>\n\t\t\n<style>\n#text-1728380361 {\n  font-size: 0.75rem;\n}\n@media (min-width:550px) {\n  #text-1728380361 {\n    font-size: 0.75rem;\n  }\n}\n@media (min-width:850px) {\n  #text-1728380361 {\n    font-size: 1rem;\n  }\n}\n<\/style>\n\t<\/div>\n\t\n\t<div class=\"img has-hover x md-x lg-x y md-y lg-y\" id=\"image_1755604270\">\n\t\t\t\t\t\t\t\t<div class=\"img-inner dark\" style=\"margin:5px 0px 0px 0px;\">\n\t\t\t<img loading=\"lazy\" decoding=\"async\" width=\"383\" height=\"37\" src=\"https:\/\/seelandmobility.ch\/wp-content\/uploads\/2023\/09\/Car-Set-3.png\" class=\"attachment-original size-original\" alt=\"\" srcset=\"https:\/\/seelandmobility.ch\/wp-content\/uploads\/2023\/09\/Car-Set-3.png 383w, https:\/\/seelandmobility.ch\/wp-content\/uploads\/2023\/09\/Car-Set-3-300x29.png 300w\" sizes=\"auto, (max-width: 383px) 100vw, 383px\" \/>\t\t\t\t\t\t\n\t\t\t\t\t<\/div>\n\t\t\t\t\t\t\t\t\n<style>\n#image_1755604270 {\n  width: 100%;\n}\n@media (min-width:550px) {\n  #image_1755604270 {\n    width: 80%;\n  }\n}\n<\/style>\n\t<\/div>\n\t\n\n\n\t\t<\/div>\n\t\t\t\t\n<style>\n#col-1907258592 > .col-inner {\n  margin: -5px 0px -40px 0px;\n}\n<\/style>\n\t<\/div>\n\n\t\n\n<\/div>\n\n\t\t<\/div>\n\t\t\t\t\n<style>\n#col-113320723 > .col-inner {\n  padding: 5px 5px 15px 5px;\n}\n<\/style>\n\t<\/div>\n\n\t\n\n\t<div id=\"col-125409632\" class=\"col medium-4 small-6 large-4\"  >\n\t\t\t\t<div class=\"col-inner text-center box-shadow-3-hover\"  >\n\t\t\t\n\t\t\t\n\n\t<div class=\"img has-hover x md-x lg-x y md-y lg-y\" id=\"image_1213227705\">\n\t\t<a class=\"\" href=\"https:\/\/seelandmobility.ch\/en\/new-vw-polo\/\" >\t\t\t\t\t\t<div class=\"img-inner image-zoom dark\" >\n\t\t\t<img loading=\"lazy\" decoding=\"async\" width=\"501\" height=\"334\" src=\"https:\/\/seelandmobility.ch\/wp-content\/uploads\/2025\/02\/PEUGEOT-208-ORNAGE-A.jpg\" class=\"attachment-original size-original\" alt=\"Peugeot 208 Orange mieten, Mietwagen Fahrzeug mieten\" srcset=\"https:\/\/seelandmobility.ch\/wp-content\/uploads\/2025\/02\/PEUGEOT-208-ORNAGE-A.jpg 501w, https:\/\/seelandmobility.ch\/wp-content\/uploads\/2025\/02\/PEUGEOT-208-ORNAGE-A-300x200.jpg 300w\" sizes=\"auto, (max-width: 501px) 100vw, 501px\" \/>\t\t\t\t\t\t\n\t\t\t\t\t<\/div>\n\t\t\t\t\t\t<\/a>\t\t\n<style>\n#image_1213227705 {\n  width: 100%;\n}\n<\/style>\n\t<\/div>\n\t\n\n<div class=\"row\"  id=\"row-463879477\">\n\n\n\t<div id=\"col-1394286431\" class=\"col small-12 large-12\"  >\n\t\t\t\t<div class=\"col-inner text-center\"  >\n\t\t\t\n\t\t\t\n\n\t<div id=\"text-1804274338\" class=\"text harfaralik\">\n\t\t\n\n<table style=\"border-collapse: collapse; width: 100%; height: 22px;\">\r\n<tbody>\r\n<tr style=\"height: 22px;\">\r\n<td style=\"width: 66.8242%; height: 22px;\"><span style=\"color: #000000;\"><span style=\"font-size: 15.84px;\"><b>PEUGEOT 208<\/b><\/span><\/span><\/td>\r\n<td style=\"width: 33.1758%; height: 22px; text-align: right;\"><span style=\"font-size: 105%;\"><strong><span style=\"color: #00aae7;\">CHF 60.-<\/span><\/strong><\/span><\/td>\r\n<\/tr>\r\n<\/tbody>\r\n<\/table>\n\t\t\n<style>\n#text-1804274338 {\n  font-size: 0.75rem;\n}\n@media (min-width:550px) {\n  #text-1804274338 {\n    font-size: 0.75rem;\n  }\n}\n@media (min-width:850px) {\n  #text-1804274338 {\n    font-size: 1rem;\n  }\n}\n<\/style>\n\t<\/div>\n\t\n\t<div class=\"img has-hover x md-x lg-x y md-y lg-y\" id=\"image_535519992\">\n\t\t\t\t\t\t\t\t<div class=\"img-inner dark\" style=\"margin:5px 0px 0px 0px;\">\n\t\t\t<img loading=\"lazy\" decoding=\"async\" width=\"383\" height=\"37\" src=\"https:\/\/seelandmobility.ch\/wp-content\/uploads\/2023\/09\/Car-Set-3.png\" class=\"attachment-original size-original\" alt=\"\" srcset=\"https:\/\/seelandmobility.ch\/wp-content\/uploads\/2023\/09\/Car-Set-3.png 383w, https:\/\/seelandmobility.ch\/wp-content\/uploads\/2023\/09\/Car-Set-3-300x29.png 300w\" sizes=\"auto, (max-width: 383px) 100vw, 383px\" \/>\t\t\t\t\t\t\n\t\t\t\t\t<\/div>\n\t\t\t\t\t\t\t\t\n<style>\n#image_535519992 {\n  width: 100%;\n}\n@media (min-width:550px) {\n  #image_535519992 {\n    width: 80%;\n  }\n}\n<\/style>\n\t<\/div>\n\t\n\n\n\t\t<\/div>\n\t\t\t\t\n<style>\n#col-1394286431 > .col-inner {\n  margin: -5px 0px -40px 0px;\n}\n<\/style>\n\t<\/div>\n\n\t\n\n<\/div>\n\n\t\t<\/div>\n\t\t\t\t\n<style>\n#col-125409632 > .col-inner {\n  padding: 5px 5px 15px 5px;\n}\n<\/style>\n\t<\/div>\n\n\t\n\n<\/div>\n<div class=\"row\"  id=\"row-804895709\">\n\n\n\t<div id=\"col-154555932\" class=\"col medium-4 small-6 large-4\"  >\n\t\t\t\t<div class=\"col-inner text-center box-shadow-3-hover\"  >\n\t\t\t\n\t\t\t\n\n\t<div class=\"img has-hover x md-x lg-x y md-y lg-y\" id=\"image_149147450\">\n\t\t<a class=\"\" href=\"https:\/\/seelandmobility.ch\/en\/peugeot-2008-2\/\" >\t\t\t\t\t\t<div class=\"img-inner image-zoom dark\" >\n\t\t\t<img loading=\"lazy\" decoding=\"async\" width=\"500\" height=\"332\" src=\"https:\/\/seelandmobility.ch\/wp-content\/uploads\/2023\/08\/guenstig-mieten-auto-bmw-biel-grenchen1-2.png\" class=\"attachment-original size-original\" alt=\"\" srcset=\"https:\/\/seelandmobility.ch\/wp-content\/uploads\/2023\/08\/guenstig-mieten-auto-bmw-biel-grenchen1-2.png 500w, https:\/\/seelandmobility.ch\/wp-content\/uploads\/2023\/08\/guenstig-mieten-auto-bmw-biel-grenchen1-2-300x199.png 300w\" sizes=\"auto, (max-width: 500px) 100vw, 500px\" \/>\t\t\t\t\t\t\n\t\t\t\t\t<\/div>\n\t\t\t\t\t\t<\/a>\t\t\n<style>\n#image_149147450 {\n  width: 100%;\n}\n<\/style>\n\t<\/div>\n\t\n\n<div class=\"row\"  id=\"row-1053025490\">\n\n\n\t<div id=\"col-1143586380\" class=\"col small-12 large-12\"  >\n\t\t\t\t<div class=\"col-inner text-center\"  >\n\t\t\t\n\t\t\t\n\n\t<div id=\"text-3166526483\" class=\"text harfaralik\">\n\t\t\n\n<table style=\"border-collapse: collapse; width: 100%; height: 22px;\">\r\n<tbody>\r\n<tr style=\"height: 22px;\">\r\n<td style=\"width: 66.8242%; height: 22px;\"><a href=\"\/peugeot-2008-2\/\"><span style=\"font-size: 110%;\"><span style=\"color: #000000;\"><strong>PEUGEOT 2008<\/strong><\/span><\/span><\/a><\/td>\r\n<td style=\"width: 33.1758%; height: 22px; text-align: right;\"><span style=\"font-size: 105%;\"><strong><span style=\"color: #00aae7;\">CHF 70.-<\/span><\/strong><\/span><\/td>\r\n<\/tr>\r\n<\/tbody>\r\n<\/table>\n\t\t\n<style>\n#text-3166526483 {\n  font-size: 0.75rem;\n}\n@media (min-width:550px) {\n  #text-3166526483 {\n    font-size: 0.75rem;\n  }\n}\n@media (min-width:850px) {\n  #text-3166526483 {\n    font-size: 1rem;\n  }\n}\n<\/style>\n\t<\/div>\n\t\n\t<div class=\"img has-hover x md-x lg-x y md-y lg-y\" id=\"image_1586826249\">\n\t\t\t\t\t\t\t\t<div class=\"img-inner dark\" style=\"margin:5px 0px 0px 0px;\">\n\t\t\t<img loading=\"lazy\" decoding=\"async\" width=\"383\" height=\"37\" src=\"https:\/\/seelandmobility.ch\/wp-content\/uploads\/2023\/09\/Car-Set-3.png\" class=\"attachment-original size-original\" alt=\"\" srcset=\"https:\/\/seelandmobility.ch\/wp-content\/uploads\/2023\/09\/Car-Set-3.png 383w, https:\/\/seelandmobility.ch\/wp-content\/uploads\/2023\/09\/Car-Set-3-300x29.png 300w\" sizes=\"auto, (max-width: 383px) 100vw, 383px\" \/>\t\t\t\t\t\t\n\t\t\t\t\t<\/div>\n\t\t\t\t\t\t\t\t\n<style>\n#image_1586826249 {\n  width: 100%;\n}\n@media (min-width:550px) {\n  #image_1586826249 {\n    width: 80%;\n  }\n}\n<\/style>\n\t<\/div>\n\t\n\n\n\t\t<\/div>\n\t\t\t\t\n<style>\n#col-1143586380 > .col-inner {\n  margin: -5px 0px -40px 0px;\n}\n<\/style>\n\t<\/div>\n\n\t\n\n<\/div>\n\n\t\t<\/div>\n\t\t\t\t\n<style>\n#col-154555932 > .col-inner {\n  padding: 5px 5px 15px 5px;\n}\n<\/style>\n\t<\/div>\n\n\t\n\n\t<div id=\"col-186958174\" class=\"col medium-4 small-6 large-4\"  >\n\t\t\t\t<div class=\"col-inner text-center box-shadow-3-hover\"  >\n\t\t\t\n\t\t\t\n\n\t<div class=\"img has-hover x md-x lg-x y md-y lg-y\" id=\"image_2131625774\">\n\t\t<a class=\"\" href=\"https:\/\/seelandmobility.ch\/en\/kia-carens\/\" >\t\t\t\t\t\t<div class=\"img-inner image-zoom dark\" >\n\t\t\t<img loading=\"lazy\" decoding=\"async\" width=\"500\" height=\"332\" src=\"https:\/\/seelandmobility.ch\/wp-content\/uploads\/2023\/09\/Kia-Carrens.jpg\" class=\"attachment-original size-original\" alt=\"autovermietung biel\" srcset=\"https:\/\/seelandmobility.ch\/wp-content\/uploads\/2023\/09\/Kia-Carrens.jpg 500w, https:\/\/seelandmobility.ch\/wp-content\/uploads\/2023\/09\/Kia-Carrens-300x199.jpg 300w\" sizes=\"auto, (max-width: 500px) 100vw, 500px\" \/>\t\t\t\t\t\t\n\t\t\t\t\t<\/div>\n\t\t\t\t\t\t<\/a>\t\t\n<style>\n#image_2131625774 {\n  width: 100%;\n}\n<\/style>\n\t<\/div>\n\t\n\n<div class=\"row\"  id=\"row-54550\">\n\n\n\t<div id=\"col-2133212056\" class=\"col small-12 large-12\"  >\n\t\t\t\t<div class=\"col-inner text-center\"  >\n\t\t\t\n\t\t\t\n\n\t<div id=\"text-781138758\" class=\"text harfaralik\">\n\t\t\n\n<table style=\"border-collapse: collapse; width: 100%; height: 22px;\">\r\n<tbody>\r\n<tr style=\"height: 22px;\">\r\n<td style=\"width: 66.8242%; height: 22px;\"><a href=\"\/kia-carens\/\"><span style=\"font-size: 110%;\"><span style=\"color: #000000;\"><strong>KIA CARENS<\/strong><\/span><\/span><\/a><\/td>\r\n<td style=\"width: 33.1758%; height: 22px; text-align: right;\"><span style=\"font-size: 105%;\"><strong><span style=\"color: #00aae7;\">CHF 70.-<\/span><\/strong><\/span><\/td>\r\n<\/tr>\r\n<\/tbody>\r\n<\/table>\n\t\t\n<style>\n#text-781138758 {\n  font-size: 0.75rem;\n}\n@media (min-width:550px) {\n  #text-781138758 {\n    font-size: 0.75rem;\n  }\n}\n@media (min-width:850px) {\n  #text-781138758 {\n    font-size: 1rem;\n  }\n}\n<\/style>\n\t<\/div>\n\t\n\t<div class=\"img has-hover x md-x lg-x y md-y lg-y\" id=\"image_1232129817\">\n\t\t\t\t\t\t\t\t<div class=\"img-inner dark\" style=\"margin:5px 0px 0px 0px;\">\n\t\t\t<img loading=\"lazy\" decoding=\"async\" width=\"383\" height=\"37\" src=\"https:\/\/seelandmobility.ch\/wp-content\/uploads\/2023\/09\/Car-Set-3.png\" class=\"attachment-original size-original\" alt=\"\" srcset=\"https:\/\/seelandmobility.ch\/wp-content\/uploads\/2023\/09\/Car-Set-3.png 383w, https:\/\/seelandmobility.ch\/wp-content\/uploads\/2023\/09\/Car-Set-3-300x29.png 300w\" sizes=\"auto, (max-width: 383px) 100vw, 383px\" \/>\t\t\t\t\t\t\n\t\t\t\t\t<\/div>\n\t\t\t\t\t\t\t\t\n<style>\n#image_1232129817 {\n  width: 100%;\n}\n@media (min-width:550px) {\n  #image_1232129817 {\n    width: 80%;\n  }\n}\n<\/style>\n\t<\/div>\n\t\n\n\n\t\t<\/div>\n\t\t\t\t\n<style>\n#col-2133212056 > .col-inner {\n  margin: -5px 0px -40px 0px;\n}\n<\/style>\n\t<\/div>\n\n\t\n\n<\/div>\n\n\t\t<\/div>\n\t\t\t\t\n<style>\n#col-186958174 > .col-inner {\n  padding: 5px 5px 15px 5px;\n}\n<\/style>\n\t<\/div>\n\n\t\n\n\t<div id=\"col-76044612\" class=\"col medium-4 small-6 large-4\"  >\n\t\t\t\t<div class=\"col-inner text-center box-shadow-3-hover\"  >\n\t\t\t\n\t\t\t\n\n\t<div class=\"img has-hover x md-x lg-x y md-y lg-y\" id=\"image_2060933707\">\n\t\t<a class=\"\" href=\"https:\/\/seelandmobility.ch\/en\/skoda-fabia\/\" >\t\t\t\t\t\t<div class=\"img-inner image-zoom dark\" >\n\t\t\t<img loading=\"lazy\" decoding=\"async\" width=\"502\" height=\"333\" src=\"https:\/\/seelandmobility.ch\/wp-content\/uploads\/2025\/03\/mini-coooperasdaaaa.jpg\" class=\"attachment-original size-original\" alt=\"Grosse Auswahl an Mietwagen\" srcset=\"https:\/\/seelandmobility.ch\/wp-content\/uploads\/2025\/03\/mini-coooperasdaaaa.jpg 502w, https:\/\/seelandmobility.ch\/wp-content\/uploads\/2025\/03\/mini-coooperasdaaaa-300x199.jpg 300w\" sizes=\"auto, (max-width: 502px) 100vw, 502px\" \/>\t\t\t\t\t\t\n\t\t\t\t\t<\/div>\n\t\t\t\t\t\t<\/a>\t\t\n<style>\n#image_2060933707 {\n  width: 100%;\n}\n<\/style>\n\t<\/div>\n\t\n\n\t<div id=\"text-3863356906\" class=\"text harfaralik\">\n\t\t\n\n<table style=\"border-collapse: collapse; width: 100%; height: 22px;\">\r\n<tbody>\r\n<tr style=\"height: 22px;\">\r\n<td style=\"width: 66.8242%; height: 22px;\"><span style=\"font-size: 110%;\"><span style=\"color: #000000;\"><strong>MINI COUNTRYMAN<\/strong><\/span><\/span><\/td>\r\n<td style=\"width: 33.1758%; height: 22px; text-align: right;\"><span style=\"font-size: 105%;\"><strong><span style=\"color: #00aae7;\">CHF 70.-<\/span><\/strong><\/span><\/td>\r\n<\/tr>\r\n<\/tbody>\r\n<\/table>\n\t\t\n<style>\n#text-3863356906 {\n  font-size: 0.75rem;\n}\n@media (min-width:550px) {\n  #text-3863356906 {\n    font-size: 0.75rem;\n  }\n}\n@media (min-width:850px) {\n  #text-3863356906 {\n    font-size: 1rem;\n  }\n}\n<\/style>\n\t<\/div>\n\t\n<div class=\"row\"  id=\"row-1757073776\">\n\n\n\t<div id=\"col-985236842\" class=\"col small-12 large-12\"  >\n\t\t\t\t<div class=\"col-inner text-center\"  >\n\t\t\t\n\t\t\t\n\n\t<div class=\"img has-hover x md-x lg-x y md-y lg-y\" id=\"image_1621854097\">\n\t\t\t\t\t\t\t\t<div class=\"img-inner dark\" style=\"margin:5px 0px 0px 0px;\">\n\t\t\t<img loading=\"lazy\" decoding=\"async\" width=\"383\" height=\"37\" src=\"https:\/\/seelandmobility.ch\/wp-content\/uploads\/2023\/09\/Car-Set-12.png\" class=\"attachment-original size-original\" alt=\"\" srcset=\"https:\/\/seelandmobility.ch\/wp-content\/uploads\/2023\/09\/Car-Set-12.png 383w, https:\/\/seelandmobility.ch\/wp-content\/uploads\/2023\/09\/Car-Set-12-300x29.png 300w\" sizes=\"auto, (max-width: 383px) 100vw, 383px\" \/>\t\t\t\t\t\t\n\t\t\t\t\t<\/div>\n\t\t\t\t\t\t\t\t\n<style>\n#image_1621854097 {\n  width: 100%;\n}\n@media (min-width:550px) {\n  #image_1621854097 {\n    width: 80%;\n  }\n}\n<\/style>\n\t<\/div>\n\t\n\n\n\t\t<\/div>\n\t\t\t\t\n<style>\n#col-985236842 > .col-inner {\n  margin: -5px 0px -40px 0px;\n}\n<\/style>\n\t<\/div>\n\n\t\n\n<\/div>\n\n\t\t<\/div>\n\t\t\t\t\n<style>\n#col-76044612 > .col-inner {\n  padding: 5px 5px 15px 5px;\n}\n<\/style>\n\t<\/div>\n\n\t\n\n<\/div>\n<div class=\"row\"  id=\"row-1202761390\">\n\n\n\t<div id=\"col-1177786380\" class=\"col medium-4 small-6 large-4\"  >\n\t\t\t\t<div class=\"col-inner text-center box-shadow-3-hover\"  >\n\t\t\t\n\t\t\t\n\n\t<div class=\"img has-hover x md-x lg-x y md-y lg-y\" id=\"image_1035431983\">\n\t\t<a class=\"\" href=\"https:\/\/seelandmobility.ch\/en\/mercedes-a-klasse\/\" >\t\t\t\t\t\t<div class=\"img-inner image-zoom dark\" >\n\t\t\t<img loading=\"lazy\" decoding=\"async\" width=\"500\" height=\"332\" src=\"https:\/\/seelandmobility.ch\/wp-content\/uploads\/2023\/09\/Mercedes-A-Klasse.png\" class=\"attachment-original size-original\" alt=\"Euro Garage Biel-Bienne - G\u00fcnstige Mietwagen\" srcset=\"https:\/\/seelandmobility.ch\/wp-content\/uploads\/2023\/09\/Mercedes-A-Klasse.png 500w, https:\/\/seelandmobility.ch\/wp-content\/uploads\/2023\/09\/Mercedes-A-Klasse-300x199.png 300w\" sizes=\"auto, (max-width: 500px) 100vw, 500px\" \/>\t\t\t\t\t\t\n\t\t\t\t\t<\/div>\n\t\t\t\t\t\t<\/a>\t\t\n<style>\n#image_1035431983 {\n  width: 100%;\n}\n<\/style>\n\t<\/div>\n\t\n\n<div class=\"row\"  id=\"row-1927129812\">\n\n\n\t<div id=\"col-182802961\" class=\"col small-12 large-12\"  >\n\t\t\t\t<div class=\"col-inner text-center\"  >\n\t\t\t\n\t\t\t\n\n\t<div id=\"text-462944518\" class=\"text harfaralik\">\n\t\t\n\n<table style=\"border-collapse: collapse; width: 100%; height: 22px;\">\r\n<tbody>\r\n<tr style=\"height: 22px;\">\r\n<td style=\"width: 66.8242%; height: 22px;\"><a href=\"\/mercedes-a-klasse\/\"><span style=\"font-size: 110%;\"><span style=\"color: #000000;\"><strong>MERCEDES B-KLASSE<\/strong><\/span><\/span><\/a><\/td>\r\n<td style=\"width: 33.1758%; height: 22px; text-align: right;\"><span style=\"font-size: 105%;\"><strong><span style=\"color: #00aae7;\">CHF 55.-<\/span><\/strong><\/span><\/td>\r\n<\/tr>\r\n<\/tbody>\r\n<\/table>\n\t\t\n<style>\n#text-462944518 {\n  font-size: 0.75rem;\n}\n@media (min-width:550px) {\n  #text-462944518 {\n    font-size: 0.75rem;\n  }\n}\n@media (min-width:850px) {\n  #text-462944518 {\n    font-size: 1rem;\n  }\n}\n<\/style>\n\t<\/div>\n\t\n\t<div class=\"img has-hover x md-x lg-x y md-y lg-y\" id=\"image_784860630\">\n\t\t\t\t\t\t\t\t<div class=\"img-inner dark\" style=\"margin:5px 0px 0px 0px;\">\n\t\t\t<img loading=\"lazy\" decoding=\"async\" width=\"383\" height=\"37\" src=\"https:\/\/seelandmobility.ch\/wp-content\/uploads\/2023\/09\/Car-Set-3.png\" class=\"attachment-original size-original\" alt=\"\" srcset=\"https:\/\/seelandmobility.ch\/wp-content\/uploads\/2023\/09\/Car-Set-3.png 383w, https:\/\/seelandmobility.ch\/wp-content\/uploads\/2023\/09\/Car-Set-3-300x29.png 300w\" sizes=\"auto, (max-width: 383px) 100vw, 383px\" \/>\t\t\t\t\t\t\n\t\t\t\t\t<\/div>\n\t\t\t\t\t\t\t\t\n<style>\n#image_784860630 {\n  width: 100%;\n}\n@media (min-width:550px) {\n  #image_784860630 {\n    width: 80%;\n  }\n}\n<\/style>\n\t<\/div>\n\t\n\n\n\t\t<\/div>\n\t\t\t\t\n<style>\n#col-182802961 > .col-inner {\n  margin: -5px 0px -40px 0px;\n}\n<\/style>\n\t<\/div>\n\n\t\n\n<\/div>\n\n\t\t<\/div>\n\t\t\t\t\n<style>\n#col-1177786380 > .col-inner {\n  padding: 5px 5px 15px 5px;\n}\n<\/style>\n\t<\/div>\n\n\t\n\n\t<div id=\"col-941262013\" class=\"col medium-4 small-6 large-4\"  >\n\t\t\t\t<div class=\"col-inner text-center box-shadow-3-hover\"  >\n\t\t\t\n\t\t\t\n\n\t<div class=\"img has-hover x md-x lg-x y md-y lg-y\" id=\"image_1928800118\">\n\t\t<a class=\"\" href=\"https:\/\/seelandmobility.ch\/en\/toyota-auris\/\" >\t\t\t\t\t\t<div class=\"img-inner image-zoom dark\" >\n\t\t\t<img loading=\"lazy\" decoding=\"async\" width=\"500\" height=\"332\" src=\"https:\/\/seelandmobility.ch\/wp-content\/uploads\/2023\/08\/peugeot-auto-biel-guenstig-mieten-ab-40-chf-pro-tag1.png\" class=\"attachment-original size-original\" alt=\"\" srcset=\"https:\/\/seelandmobility.ch\/wp-content\/uploads\/2023\/08\/peugeot-auto-biel-guenstig-mieten-ab-40-chf-pro-tag1.png 500w, https:\/\/seelandmobility.ch\/wp-content\/uploads\/2023\/08\/peugeot-auto-biel-guenstig-mieten-ab-40-chf-pro-tag1-300x199.png 300w\" sizes=\"auto, (max-width: 500px) 100vw, 500px\" \/>\t\t\t\t\t\t\n\t\t\t\t\t<\/div>\n\t\t\t\t\t\t<\/a>\t\t\n<style>\n#image_1928800118 {\n  width: 100%;\n}\n<\/style>\n\t<\/div>\n\t\n\n<div class=\"row\"  id=\"row-1095806072\">\n\n\n\t<div id=\"col-2077939431\" class=\"col small-12 large-12\"  >\n\t\t\t\t<div class=\"col-inner text-center\"  >\n\t\t\t\n\t\t\t\n\n\t<div id=\"text-63491045\" class=\"text harfaralik\">\n\t\t\n\n<table style=\"border-collapse: collapse; width: 100%; height: 22px;\">\r\n<tbody>\r\n<tr style=\"height: 22px;\">\r\n<td style=\"width: 66.8242%; height: 22px;\"><a href=\"\/toyota-auris\/\"><span style=\"font-size: 110%;\"><span style=\"color: #000000;\"><strong>TOYOTA AURIS<\/strong><\/span><\/span><\/a><\/td>\r\n<td style=\"width: 33.1758%; height: 22px; text-align: right;\"><span style=\"font-size: 105%;\"><strong><span style=\"color: #00aae7;\">CHF 70.-<\/span><\/strong><\/span><\/td>\r\n<\/tr>\r\n<\/tbody>\r\n<\/table>\n\t\t\n<style>\n#text-63491045 {\n  font-size: 0.75rem;\n}\n@media (min-width:550px) {\n  #text-63491045 {\n    font-size: 0.75rem;\n  }\n}\n@media (min-width:850px) {\n  #text-63491045 {\n    font-size: 1rem;\n  }\n}\n<\/style>\n\t<\/div>\n\t\n\t<div class=\"img has-hover x md-x lg-x y md-y lg-y\" id=\"image_1059269583\">\n\t\t\t\t\t\t\t\t<div class=\"img-inner dark\" style=\"margin:5px 0px 0px 0px;\">\n\t\t\t<img loading=\"lazy\" decoding=\"async\" width=\"383\" height=\"37\" src=\"https:\/\/seelandmobility.ch\/wp-content\/uploads\/2023\/09\/Car-Set-12.png\" class=\"attachment-original size-original\" alt=\"\" srcset=\"https:\/\/seelandmobility.ch\/wp-content\/uploads\/2023\/09\/Car-Set-12.png 383w, https:\/\/seelandmobility.ch\/wp-content\/uploads\/2023\/09\/Car-Set-12-300x29.png 300w\" sizes=\"auto, (max-width: 383px) 100vw, 383px\" \/>\t\t\t\t\t\t\n\t\t\t\t\t<\/div>\n\t\t\t\t\t\t\t\t\n<style>\n#image_1059269583 {\n  width: 100%;\n}\n@media (min-width:550px) {\n  #image_1059269583 {\n    width: 80%;\n  }\n}\n<\/style>\n\t<\/div>\n\t\n\n\n\t\t<\/div>\n\t\t\t\t\n<style>\n#col-2077939431 > .col-inner {\n  margin: -5px 0px -40px 0px;\n}\n<\/style>\n\t<\/div>\n\n\t\n\n<\/div>\n\n\t\t<\/div>\n\t\t\t\t\n<style>\n#col-941262013 > .col-inner {\n  padding: 5px 5px 15px 5px;\n}\n<\/style>\n\t<\/div>\n\n\t\n\n\t<div id=\"col-464994994\" class=\"col medium-4 small-6 large-4\"  >\n\t\t\t\t<div class=\"col-inner text-center box-shadow-3-hover\"  >\n\t\t\t\n\t\t\t\n\n\t<div class=\"img has-hover x md-x lg-x y md-y lg-y\" id=\"image_898403935\">\n\t\t<a class=\"\" href=\"https:\/\/seelandmobility.ch\/en\/skoda-fabia-2\/\" >\t\t\t\t\t\t<div class=\"img-inner image-zoom dark\" >\n\t\t\t<img loading=\"lazy\" decoding=\"async\" width=\"500\" height=\"332\" src=\"https:\/\/seelandmobility.ch\/wp-content\/uploads\/2023\/08\/image-21.png\" class=\"attachment-original size-original\" alt=\"G\u00fcnstig mieten Auto Biel Grenchen\" srcset=\"https:\/\/seelandmobility.ch\/wp-content\/uploads\/2023\/08\/image-21.png 500w, https:\/\/seelandmobility.ch\/wp-content\/uploads\/2023\/08\/image-21-300x199.png 300w\" sizes=\"auto, (max-width: 500px) 100vw, 500px\" \/>\t\t\t\t\t\t\n\t\t\t\t\t<\/div>\n\t\t\t\t\t\t<\/a>\t\t\n<style>\n#image_898403935 {\n  width: 100%;\n}\n<\/style>\n\t<\/div>\n\t\n\n<div class=\"row\"  id=\"row-1597256101\">\n\n\n\t<div id=\"col-234957248\" class=\"col small-12 large-12\"  >\n\t\t\t\t<div class=\"col-inner text-center\"  >\n\t\t\t\n\t\t\t\n\n\t<div id=\"text-119288449\" class=\"text harfaralik\">\n\t\t\n\n<table style=\"border-collapse: collapse; width: 100%; height: 22px;\">\r\n<tbody>\r\n<tr style=\"height: 22px;\">\r\n<td style=\"width: 66.8242%; height: 22px;\"><a href=\"\/skoda-fabia-2\/\"><span style=\"font-size: 110%;\"><span style=\"color: #000000;\"><strong>SKODA FABIA<\/strong><\/span><\/span><\/a><\/td>\r\n<td style=\"width: 33.1758%; height: 22px; text-align: right;\"><span style=\"font-size: 105%;\"><strong><span style=\"color: #00aae7;\">CHF 70.-<\/span><\/strong><\/span><\/td>\r\n<\/tr>\r\n<\/tbody>\r\n<\/table>\n\t\t\n<style>\n#text-119288449 {\n  font-size: 0.75rem;\n}\n@media (min-width:550px) {\n  #text-119288449 {\n    font-size: 0.75rem;\n  }\n}\n@media (min-width:850px) {\n  #text-119288449 {\n    font-size: 1rem;\n  }\n}\n<\/style>\n\t<\/div>\n\t\n\t<div class=\"img has-hover x md-x lg-x y md-y lg-y\" id=\"image_237109492\">\n\t\t\t\t\t\t\t\t<div class=\"img-inner dark\" style=\"margin:5px 0px 0px 0px;\">\n\t\t\t<img loading=\"lazy\" decoding=\"async\" width=\"383\" height=\"37\" src=\"https:\/\/seelandmobility.ch\/wp-content\/uploads\/2023\/09\/Car-Set-3.png\" class=\"attachment-original size-original\" alt=\"\" srcset=\"https:\/\/seelandmobility.ch\/wp-content\/uploads\/2023\/09\/Car-Set-3.png 383w, https:\/\/seelandmobility.ch\/wp-content\/uploads\/2023\/09\/Car-Set-3-300x29.png 300w\" sizes=\"auto, (max-width: 383px) 100vw, 383px\" \/>\t\t\t\t\t\t\n\t\t\t\t\t<\/div>\n\t\t\t\t\t\t\t\t\n<style>\n#image_237109492 {\n  width: 100%;\n}\n@media (min-width:550px) {\n  #image_237109492 {\n    width: 80%;\n  }\n}\n<\/style>\n\t<\/div>\n\t\n\n\n\t\t<\/div>\n\t\t\t\t\n<style>\n#col-234957248 > .col-inner {\n  margin: -5px 0px -40px 0px;\n}\n<\/style>\n\t<\/div>\n\n\t\n\n<\/div>\n\n\t\t<\/div>\n\t\t\t\t\n<style>\n#col-464994994 > .col-inner {\n  padding: 5px 5px 15px 5px;\n}\n<\/style>\n\t<\/div>\n\n\t\n\n<\/div>\n<div class=\"row\"  id=\"row-453507493\">\n\n\n\t<div id=\"col-1172401054\" class=\"col medium-4 small-6 large-4\"  >\n\t\t\t\t<div class=\"col-inner text-center box-shadow-3-hover\"  >\n\t\t\t\n\t\t\t\n\n\t<div class=\"img has-hover x md-x lg-x y md-y lg-y\" id=\"image_2104698158\">\n\t\t<a class=\"\" href=\"https:\/\/seelandmobility.ch\/en\/toyota-corolla-verso-7-sitzer\/\" >\t\t\t\t\t\t<div class=\"img-inner image-zoom dark\" >\n\t\t\t<img loading=\"lazy\" decoding=\"async\" width=\"500\" height=\"332\" src=\"https:\/\/seelandmobility.ch\/wp-content\/uploads\/2023\/09\/Toyota-Corolla-Verso.png\" class=\"attachment-original size-original\" alt=\"autovermietung biel\" srcset=\"https:\/\/seelandmobility.ch\/wp-content\/uploads\/2023\/09\/Toyota-Corolla-Verso.png 500w, https:\/\/seelandmobility.ch\/wp-content\/uploads\/2023\/09\/Toyota-Corolla-Verso-300x199.png 300w\" sizes=\"auto, (max-width: 500px) 100vw, 500px\" \/>\t\t\t\t\t\t\n\t\t\t\t\t<\/div>\n\t\t\t\t\t\t<\/a>\t\t\n<style>\n#image_2104698158 {\n  width: 100%;\n}\n<\/style>\n\t<\/div>\n\t\n\n<div class=\"row\"  id=\"row-377954308\">\n\n\n\t<div id=\"col-1968971794\" class=\"col small-12 large-12\"  >\n\t\t\t\t<div class=\"col-inner text-center\"  >\n\t\t\t\n\t\t\t\n\n\t<div id=\"text-24799789\" class=\"text harfaralik\">\n\t\t\n\n<table style=\"border-collapse: collapse; width: 100%; height: 22px;\">\r\n<tbody>\r\n<tr style=\"height: 22px;\">\r\n<td style=\"width: 66.8242%; height: 22px;\"><a href=\"\/toyota-corolla-verso-7-sitzer\/\"><span style=\"font-size: 110%;\"><span style=\"color: #000000;\"><strong>TOYOTA COROLLA VERSO (7-Sitzer)<\/strong><\/span><\/span><\/a><\/td>\r\n<td style=\"width: 33.1758%; height: 22px; text-align: right;\"><span style=\"font-size: 105%;\"><strong><span style=\"color: #00aae7;\">CHF 80.-<\/span><\/strong><\/span><\/td>\r\n<\/tr>\r\n<\/tbody>\r\n<\/table>\n\t\t\n<style>\n#text-24799789 {\n  font-size: 0.75rem;\n}\n@media (min-width:550px) {\n  #text-24799789 {\n    font-size: 0.75rem;\n  }\n}\n@media (min-width:850px) {\n  #text-24799789 {\n    font-size: 1rem;\n  }\n}\n<\/style>\n\t<\/div>\n\t\n\t<div class=\"img has-hover x md-x lg-x y md-y lg-y\" id=\"image_655132942\">\n\t\t\t\t\t\t\t\t<div class=\"img-inner dark\" style=\"margin:5px 0px 0px 0px;\">\n\t\t\t<img loading=\"lazy\" decoding=\"async\" width=\"383\" height=\"37\" src=\"https:\/\/seelandmobility.ch\/wp-content\/uploads\/2024\/04\/car-set-22.png\" class=\"attachment-original size-original\" alt=\"\" srcset=\"https:\/\/seelandmobility.ch\/wp-content\/uploads\/2024\/04\/car-set-22.png 383w, https:\/\/seelandmobility.ch\/wp-content\/uploads\/2024\/04\/car-set-22-300x29.png 300w\" sizes=\"auto, (max-width: 383px) 100vw, 383px\" \/>\t\t\t\t\t\t\n\t\t\t\t\t<\/div>\n\t\t\t\t\t\t\t\t\n<style>\n#image_655132942 {\n  width: 100%;\n}\n@media (min-width:550px) {\n  #image_655132942 {\n    width: 80%;\n  }\n}\n<\/style>\n\t<\/div>\n\t\n\n\n\t\t<\/div>\n\t\t\t\t\n<style>\n#col-1968971794 > .col-inner {\n  margin: -5px 0px -40px 0px;\n}\n<\/style>\n\t<\/div>\n\n\t\n\n<\/div>\n\n\t\t<\/div>\n\t\t\t\t\n<style>\n#col-1172401054 > .col-inner {\n  padding: 5px 5px 15px 5px;\n}\n<\/style>\n\t<\/div>\n\n\t\n\n\t<div id=\"col-1716138027\" class=\"col medium-4 small-6 large-4\"  >\n\t\t\t\t<div class=\"col-inner text-center box-shadow-3-hover\"  >\n\t\t\t\n\t\t\t\n\n\t<div class=\"img has-hover x md-x lg-x y md-y lg-y\" id=\"image_479055434\">\n\t\t<a class=\"\" href=\"https:\/\/seelandmobility.ch\/en\/citroen-c5-limousine\/\" >\t\t\t\t\t\t<div class=\"img-inner image-zoom dark\" >\n\t\t\t<img loading=\"lazy\" decoding=\"async\" width=\"500\" height=\"332\" src=\"https:\/\/seelandmobility.ch\/wp-content\/uploads\/2023\/08\/mietwagen-citroen-guenstige-luxus-autos-biel-mieten1.png\" class=\"attachment-original size-original\" alt=\"G\u00fcnstig Automieten Lyss Ipsach Port Tagesmieten\" srcset=\"https:\/\/seelandmobility.ch\/wp-content\/uploads\/2023\/08\/mietwagen-citroen-guenstige-luxus-autos-biel-mieten1.png 500w, https:\/\/seelandmobility.ch\/wp-content\/uploads\/2023\/08\/mietwagen-citroen-guenstige-luxus-autos-biel-mieten1-300x199.png 300w\" sizes=\"auto, (max-width: 500px) 100vw, 500px\" \/>\t\t\t\t\t\t\n\t\t\t\t\t<\/div>\n\t\t\t\t\t\t<\/a>\t\t\n<style>\n#image_479055434 {\n  width: 100%;\n}\n<\/style>\n\t<\/div>\n\t\n\n<div class=\"row\"  id=\"row-1998690583\">\n\n\n\t<div id=\"col-1525266118\" class=\"col small-12 large-12\"  >\n\t\t\t\t<div class=\"col-inner text-center\"  >\n\t\t\t\n\t\t\t\n\n\t<div id=\"text-905403510\" class=\"text harfaralik\">\n\t\t\n\n<table style=\"border-collapse: collapse; width: 100%; height: 22px;\">\r\n<tbody>\r\n<tr style=\"height: 22px;\">\r\n<td style=\"width: 66.8242%; height: 22px;\"><a href=\"\/citroen-c5-limousine\/\"><span style=\"font-size: 110%;\"><span style=\"color: #000000;\"><strong>CITROEN C5<\/strong><\/span><\/span><\/a><\/td>\r\n<td style=\"width: 33.1758%; height: 22px; text-align: right;\"><span style=\"font-size: 105%;\"><strong><span style=\"color: #00aae7;\">CHF 90.-<\/span><\/strong><\/span><\/td>\r\n<\/tr>\r\n<\/tbody>\r\n<\/table>\n\t\t\n<style>\n#text-905403510 {\n  font-size: 0.75rem;\n}\n@media (min-width:550px) {\n  #text-905403510 {\n    font-size: 0.75rem;\n  }\n}\n@media (min-width:850px) {\n  #text-905403510 {\n    font-size: 1rem;\n  }\n}\n<\/style>\n\t<\/div>\n\t\n\t<div class=\"img has-hover x md-x lg-x y md-y lg-y\" id=\"image_1029102290\">\n\t\t\t\t\t\t\t\t<div class=\"img-inner dark\" style=\"margin:5px 0px 0px 0px;\">\n\t\t\t<img loading=\"lazy\" decoding=\"async\" width=\"383\" height=\"37\" src=\"https:\/\/seelandmobility.ch\/wp-content\/uploads\/2023\/09\/Car-Set-3.png\" class=\"attachment-original size-original\" alt=\"\" srcset=\"https:\/\/seelandmobility.ch\/wp-content\/uploads\/2023\/09\/Car-Set-3.png 383w, https:\/\/seelandmobility.ch\/wp-content\/uploads\/2023\/09\/Car-Set-3-300x29.png 300w\" sizes=\"auto, (max-width: 383px) 100vw, 383px\" \/>\t\t\t\t\t\t\n\t\t\t\t\t<\/div>\n\t\t\t\t\t\t\t\t\n<style>\n#image_1029102290 {\n  width: 100%;\n}\n@media (min-width:550px) {\n  #image_1029102290 {\n    width: 80%;\n  }\n}\n<\/style>\n\t<\/div>\n\t\n\n\n\t\t<\/div>\n\t\t\t\t\n<style>\n#col-1525266118 > .col-inner {\n  margin: -5px 0px -40px 0px;\n}\n<\/style>\n\t<\/div>\n\n\t\n\n<\/div>\n\n\t\t<\/div>\n\t\t\t\t\n<style>\n#col-1716138027 > .col-inner {\n  padding: 5px 5px 15px 5px;\n}\n<\/style>\n\t<\/div>\n\n\t\n\n\t<div id=\"col-1067401307\" class=\"col medium-4 small-6 large-4\"  >\n\t\t\t\t<div class=\"col-inner text-center box-shadow-3-hover\"  >\n\t\t\t\n\t\t\t\n\n\t<div class=\"img has-hover x md-x lg-x y md-y lg-y\" id=\"image_1297003337\">\n\t\t<a class=\"\" href=\"https:\/\/seelandmobility.ch\/en\/toyota-corolla-hybrid\/\" >\t\t\t\t\t\t<div class=\"img-inner image-zoom dark\" >\n\t\t\t<img loading=\"lazy\" decoding=\"async\" width=\"500\" height=\"332\" src=\"https:\/\/seelandmobility.ch\/wp-content\/uploads\/2023\/09\/Toyota-Corolla-2022.png\" class=\"attachment-original size-original\" alt=\"autovermietung Lyss\" srcset=\"https:\/\/seelandmobility.ch\/wp-content\/uploads\/2023\/09\/Toyota-Corolla-2022.png 500w, https:\/\/seelandmobility.ch\/wp-content\/uploads\/2023\/09\/Toyota-Corolla-2022-300x199.png 300w\" sizes=\"auto, (max-width: 500px) 100vw, 500px\" \/>\t\t\t\t\t\t\n\t\t\t\t\t<\/div>\n\t\t\t\t\t\t<\/a>\t\t\n<style>\n#image_1297003337 {\n  width: 100%;\n}\n<\/style>\n\t<\/div>\n\t\n\n<div class=\"row\"  id=\"row-877546813\">\n\n\n\t<div id=\"col-928130460\" class=\"col small-12 large-12\"  >\n\t\t\t\t<div class=\"col-inner text-center\"  >\n\t\t\t\n\t\t\t\n\n\t<div id=\"text-2874588422\" class=\"text harfaralik\">\n\t\t\n\n<table style=\"border-collapse: collapse; width: 100%; height: 22px;\">\r\n<tbody>\r\n<tr style=\"height: 22px;\">\r\n<td style=\"width: 64.3667%; height: 22px;\"><a href=\"\/toyota-corolla-hybrid\/\"><span style=\"font-size: 110%;\"><span style=\"color: #000000;\"><strong>TOYOTA COROLLA HYBRID<\/strong><\/span><\/span><\/a><\/td>\r\n<td style=\"width: 35.6333%; height: 22px; text-align: right;\"><span style=\"font-size: 105%;\"><strong><span style=\"color: #00aae7;\">CHF 100.-<\/span><\/strong><\/span><\/td>\r\n<\/tr>\r\n<\/tbody>\r\n<\/table>\n\t\t\n<style>\n#text-2874588422 {\n  font-size: 0.75rem;\n}\n@media (min-width:550px) {\n  #text-2874588422 {\n    font-size: 0.75rem;\n  }\n}\n@media (min-width:850px) {\n  #text-2874588422 {\n    font-size: 1rem;\n  }\n}\n<\/style>\n\t<\/div>\n\t\n\t<div class=\"img has-hover x md-x lg-x y md-y lg-y\" id=\"image_354183579\">\n\t\t\t\t\t\t\t\t<div class=\"img-inner dark\" style=\"margin:5px 0px 0px 0px;\">\n\t\t\t<img loading=\"lazy\" decoding=\"async\" width=\"383\" height=\"37\" src=\"https:\/\/seelandmobility.ch\/wp-content\/uploads\/2023\/09\/Car-Set-3.png\" class=\"attachment-original size-original\" alt=\"\" srcset=\"https:\/\/seelandmobility.ch\/wp-content\/uploads\/2023\/09\/Car-Set-3.png 383w, https:\/\/seelandmobility.ch\/wp-content\/uploads\/2023\/09\/Car-Set-3-300x29.png 300w\" sizes=\"auto, (max-width: 383px) 100vw, 383px\" \/>\t\t\t\t\t\t\n\t\t\t\t\t<\/div>\n\t\t\t\t\t\t\t\t\n<style>\n#image_354183579 {\n  width: 100%;\n}\n@media (min-width:550px) {\n  #image_354183579 {\n    width: 80%;\n  }\n}\n<\/style>\n\t<\/div>\n\t\n\n\n\t\t<\/div>\n\t\t\t\t\n<style>\n#col-928130460 > .col-inner {\n  margin: -5px 0px -40px 0px;\n}\n<\/style>\n\t<\/div>\n\n\t\n\n<\/div>\n\n\t\t<\/div>\n\t\t\t\t\n<style>\n#col-1067401307 > .col-inner {\n  padding: 5px 5px 15px 5px;\n}\n<\/style>\n\t<\/div>\n\n\t\n\n<\/div>\n<div class=\"row\"  id=\"row-98669425\">\n\n\n\t<div id=\"col-1691626160\" class=\"col medium-4 small-6 large-4\"  >\n\t\t\t\t<div class=\"col-inner text-center box-shadow-3-hover\"  >\n\t\t\t\n\t\t\t\n\n\t<div class=\"img has-hover x md-x lg-x y md-y lg-y\" id=\"image_1119347586\">\n\t\t<a class=\"\" href=\"https:\/\/seelandmobility.ch\/en\/peugeot-308\/\" >\t\t\t\t\t\t<div class=\"img-inner image-zoom dark\" >\n\t\t\t<img loading=\"lazy\" decoding=\"async\" width=\"500\" height=\"332\" src=\"https:\/\/seelandmobility.ch\/wp-content\/uploads\/2023\/08\/guenstig-automieten-evilard-finsterhennen-gals-fahrzeugmiete1.png\" class=\"attachment-original size-original\" alt=\"\" srcset=\"https:\/\/seelandmobility.ch\/wp-content\/uploads\/2023\/08\/guenstig-automieten-evilard-finsterhennen-gals-fahrzeugmiete1.png 500w, https:\/\/seelandmobility.ch\/wp-content\/uploads\/2023\/08\/guenstig-automieten-evilard-finsterhennen-gals-fahrzeugmiete1-300x199.png 300w\" sizes=\"auto, (max-width: 500px) 100vw, 500px\" \/>\t\t\t\t\t\t\n\t\t\t\t\t<\/div>\n\t\t\t\t\t\t<\/a>\t\t\n<style>\n#image_1119347586 {\n  width: 100%;\n}\n<\/style>\n\t<\/div>\n\t\n\n<div class=\"row\"  id=\"row-712494743\">\n\n\n\t<div id=\"col-842888521\" class=\"col small-12 large-12\"  >\n\t\t\t\t<div class=\"col-inner text-center\"  >\n\t\t\t\n\t\t\t\n\n\t<div id=\"text-1664277189\" class=\"text harfaralik\">\n\t\t\n\n<table style=\"border-collapse: collapse; width: 100%; height: 22px;\">\r\n<tbody>\r\n<tr style=\"height: 22px;\">\r\n<td style=\"width: 66.8242%; height: 22px;\"><a href=\"\/peugeot-308\/\"><span style=\"font-size: 110%;\"><span style=\"color: #000000;\"><strong>PEUGEOT 308<\/strong><\/span><\/span><\/a><\/td>\r\n<td style=\"width: 33.1758%; height: 22px; text-align: right;\"><span style=\"font-size: 105%;\"><strong><span style=\"color: #00aae7;\">CHF 100.-<\/span><\/strong><\/span><\/td>\r\n<\/tr>\r\n<\/tbody>\r\n<\/table>\n\t\t\n<style>\n#text-1664277189 {\n  font-size: 0.75rem;\n}\n@media (min-width:550px) {\n  #text-1664277189 {\n    font-size: 0.75rem;\n  }\n}\n@media (min-width:850px) {\n  #text-1664277189 {\n    font-size: 1rem;\n  }\n}\n<\/style>\n\t<\/div>\n\t\n\t<div class=\"img has-hover x md-x lg-x y md-y lg-y\" id=\"image_298343367\">\n\t\t\t\t\t\t\t\t<div class=\"img-inner dark\" style=\"margin:5px 0px 0px 0px;\">\n\t\t\t<img loading=\"lazy\" decoding=\"async\" width=\"383\" height=\"37\" src=\"https:\/\/seelandmobility.ch\/wp-content\/uploads\/2023\/09\/Car-Set-3.png\" class=\"attachment-original size-original\" alt=\"\" srcset=\"https:\/\/seelandmobility.ch\/wp-content\/uploads\/2023\/09\/Car-Set-3.png 383w, https:\/\/seelandmobility.ch\/wp-content\/uploads\/2023\/09\/Car-Set-3-300x29.png 300w\" sizes=\"auto, (max-width: 383px) 100vw, 383px\" \/>\t\t\t\t\t\t\n\t\t\t\t\t<\/div>\n\t\t\t\t\t\t\t\t\n<style>\n#image_298343367 {\n  width: 100%;\n}\n@media (min-width:550px) {\n  #image_298343367 {\n    width: 80%;\n  }\n}\n<\/style>\n\t<\/div>\n\t\n\n\n\t\t<\/div>\n\t\t\t\t\n<style>\n#col-842888521 > .col-inner {\n  margin: -5px 0px -40px 0px;\n}\n<\/style>\n\t<\/div>\n\n\t\n\n<\/div>\n\n\t\t<\/div>\n\t\t\t\t\n<style>\n#col-1691626160 > .col-inner {\n  padding: 5px 5px 15px 5px;\n}\n<\/style>\n\t<\/div>\n\n\t\n\n\t<div id=\"col-583881471\" class=\"col medium-4 small-6 large-4\"  >\n\t\t\t\t<div class=\"col-inner text-center box-shadow-3-hover\"  >\n\t\t\t\n\t\t\t\n\n\t<div class=\"img has-hover x md-x lg-x y md-y lg-y\" id=\"image_890159300\">\n\t\t<a class=\"\" href=\"https:\/\/seelandmobility.ch\/en\/peugeot-308-2\/\" >\t\t\t\t\t\t<div class=\"img-inner image-zoom dark\" >\n\t\t\t<img loading=\"lazy\" decoding=\"async\" width=\"500\" height=\"332\" src=\"https:\/\/seelandmobility.ch\/wp-content\/uploads\/2023\/08\/mietwagen-in-biel1.png\" class=\"attachment-original size-original\" alt=\"\" srcset=\"https:\/\/seelandmobility.ch\/wp-content\/uploads\/2023\/08\/mietwagen-in-biel1.png 500w, https:\/\/seelandmobility.ch\/wp-content\/uploads\/2023\/08\/mietwagen-in-biel1-300x199.png 300w\" sizes=\"auto, (max-width: 500px) 100vw, 500px\" \/>\t\t\t\t\t\t\n\t\t\t\t\t<\/div>\n\t\t\t\t\t\t<\/a>\t\t\n<style>\n#image_890159300 {\n  width: 100%;\n}\n<\/style>\n\t<\/div>\n\t\n\n<div class=\"row\"  id=\"row-253330178\">\n\n\n\t<div id=\"col-1166510037\" class=\"col small-12 large-12\"  >\n\t\t\t\t<div class=\"col-inner text-center\"  >\n\t\t\t\n\t\t\t\n\n\t<div id=\"text-1057891554\" class=\"text harfaralik\">\n\t\t\n\n<table style=\"border-collapse: collapse; width: 100%; height: 22px;\">\r\n<tbody>\r\n<tr style=\"height: 22px;\">\r\n<td style=\"width: 66.8242%; height: 22px;\"><a href=\"\/peugeot-308-2\/\"><span style=\"font-size: 110%;\"><span style=\"color: #000000;\"><strong>PEUGEOT 308<\/strong><\/span><\/span><\/a><\/td>\r\n<td style=\"width: 33.1758%; height: 22px; text-align: right;\"><span style=\"font-size: 105%;\"><strong><span style=\"color: #00aae7;\">CHF 100.-<\/span><\/strong><\/span><\/td>\r\n<\/tr>\r\n<\/tbody>\r\n<\/table>\n\t\t\n<style>\n#text-1057891554 {\n  font-size: 0.75rem;\n}\n@media (min-width:550px) {\n  #text-1057891554 {\n    font-size: 0.75rem;\n  }\n}\n@media (min-width:850px) {\n  #text-1057891554 {\n    font-size: 1rem;\n  }\n}\n<\/style>\n\t<\/div>\n\t\n\t<div class=\"img has-hover x md-x lg-x y md-y lg-y\" id=\"image_779305189\">\n\t\t\t\t\t\t\t\t<div class=\"img-inner dark\" style=\"margin:5px 0px 0px 0px;\">\n\t\t\t<img loading=\"lazy\" decoding=\"async\" width=\"383\" height=\"37\" src=\"https:\/\/seelandmobility.ch\/wp-content\/uploads\/2023\/09\/Car-Set-3.png\" class=\"attachment-original size-original\" alt=\"\" srcset=\"https:\/\/seelandmobility.ch\/wp-content\/uploads\/2023\/09\/Car-Set-3.png 383w, https:\/\/seelandmobility.ch\/wp-content\/uploads\/2023\/09\/Car-Set-3-300x29.png 300w\" sizes=\"auto, (max-width: 383px) 100vw, 383px\" \/>\t\t\t\t\t\t\n\t\t\t\t\t<\/div>\n\t\t\t\t\t\t\t\t\n<style>\n#image_779305189 {\n  width: 100%;\n}\n@media (min-width:550px) {\n  #image_779305189 {\n    width: 80%;\n  }\n}\n<\/style>\n\t<\/div>\n\t\n\n\n\t\t<\/div>\n\t\t\t\t\n<style>\n#col-1166510037 > .col-inner {\n  margin: -5px 0px -40px 0px;\n}\n<\/style>\n\t<\/div>\n\n\t\n\n<\/div>\n\n\t\t<\/div>\n\t\t\t\t\n<style>\n#col-583881471 > .col-inner {\n  padding: 5px 5px 15px 5px;\n}\n<\/style>\n\t<\/div>\n\n\t\n\n\t<div id=\"col-1648313006\" class=\"col medium-4 small-6 large-4\"  >\n\t\t\t\t<div class=\"col-inner text-center box-shadow-3-hover\"  >\n\t\t\t\n\t\t\t\n\n\t<div class=\"img has-hover x md-x lg-x y md-y lg-y\" id=\"image_906359307\">\n\t\t<a class=\"\" href=\"https:\/\/seelandmobility.ch\/en\/bmw-x5\/\" >\t\t\t\t\t\t<div class=\"img-inner image-zoom dark\" >\n\t\t\t<img loading=\"lazy\" decoding=\"async\" width=\"1670\" height=\"1116\" src=\"https:\/\/seelandmobility.ch\/wp-content\/uploads\/2024\/05\/Unbenanntaaaaaaaaa.png\" class=\"attachment-original size-original\" alt=\"Suzuki Vitara\" srcset=\"https:\/\/seelandmobility.ch\/wp-content\/uploads\/2024\/05\/Unbenanntaaaaaaaaa.png 1670w, https:\/\/seelandmobility.ch\/wp-content\/uploads\/2024\/05\/Unbenanntaaaaaaaaa-300x200.png 300w, https:\/\/seelandmobility.ch\/wp-content\/uploads\/2024\/05\/Unbenanntaaaaaaaaa-1024x684.png 1024w, https:\/\/seelandmobility.ch\/wp-content\/uploads\/2024\/05\/Unbenanntaaaaaaaaa-768x513.png 768w, https:\/\/seelandmobility.ch\/wp-content\/uploads\/2024\/05\/Unbenanntaaaaaaaaa-1536x1026.png 1536w\" sizes=\"auto, (max-width: 1670px) 100vw, 1670px\" \/>\t\t\t\t\t\t\n\t\t\t\t\t<\/div>\n\t\t\t\t\t\t<\/a>\t\t\n<style>\n#image_906359307 {\n  width: 100%;\n}\n<\/style>\n\t<\/div>\n\t\n\n<div class=\"row\"  id=\"row-176649594\">\n\n\n\t<div id=\"col-1542451267\" class=\"col small-12 large-12\"  >\n\t\t\t\t<div class=\"col-inner text-center\"  >\n\t\t\t\n\t\t\t\n\n\t<div id=\"text-173298143\" class=\"text harfaralik\">\n\t\t\n\n<table style=\"border-collapse: collapse; width: 100%; height: 22px;\">\r\n<tbody>\r\n<tr style=\"height: 22px;\">\r\n<td style=\"width: 66.8242%; height: 22px;\"><a href=\"\/bmw-x5\/\"><span style=\"font-size: 110%;\"><span style=\"color: #000000;\"><strong>SUZUKI VITARA<\/strong><\/span><\/span><\/a><\/td>\r\n<td style=\"width: 33.1758%; height: 22px; text-align: right;\"><span style=\"font-size: 105%;\"><strong><span style=\"color: #00aae7;\">CHF 90.-<\/span><\/strong><\/span><\/td>\r\n<\/tr>\r\n<\/tbody>\r\n<\/table>\n\t\t\n<style>\n#text-173298143 {\n  font-size: 0.75rem;\n}\n@media (min-width:550px) {\n  #text-173298143 {\n    font-size: 0.75rem;\n  }\n}\n@media (min-width:850px) {\n  #text-173298143 {\n    font-size: 1rem;\n  }\n}\n<\/style>\n\t<\/div>\n\t\n\t<div class=\"img has-hover x md-x lg-x y md-y lg-y\" id=\"image_1860086518\">\n\t\t\t\t\t\t\t\t<div class=\"img-inner dark\" style=\"margin:5px 0px 0px 0px;\">\n\t\t\t<img loading=\"lazy\" decoding=\"async\" width=\"383\" height=\"37\" src=\"https:\/\/seelandmobility.ch\/wp-content\/uploads\/2023\/09\/Car-Set-3.png\" class=\"attachment-original size-original\" alt=\"\" srcset=\"https:\/\/seelandmobility.ch\/wp-content\/uploads\/2023\/09\/Car-Set-3.png 383w, https:\/\/seelandmobility.ch\/wp-content\/uploads\/2023\/09\/Car-Set-3-300x29.png 300w\" sizes=\"auto, (max-width: 383px) 100vw, 383px\" \/>\t\t\t\t\t\t\n\t\t\t\t\t<\/div>\n\t\t\t\t\t\t\t\t\n<style>\n#image_1860086518 {\n  width: 100%;\n}\n@media (min-width:550px) {\n  #image_1860086518 {\n    width: 80%;\n  }\n}\n<\/style>\n\t<\/div>\n\t\n\n\n\t\t<\/div>\n\t\t\t\t\n<style>\n#col-1542451267 > .col-inner {\n  margin: -5px 0px -40px 0px;\n}\n<\/style>\n\t<\/div>\n\n\t\n\n<\/div>\n\n\t\t<\/div>\n\t\t\t\t\n<style>\n#col-1648313006 > .col-inner {\n  padding: 5px 5px 15px 5px;\n}\n<\/style>\n\t<\/div>\n\n\t\n\n<\/div>\n<div class=\"row\"  id=\"row-767022640\">\n\n\n\t<div id=\"col-27075445\" class=\"col medium-4 small-6 large-4\"  >\n\t\t\t\t<div class=\"col-inner text-center box-shadow-3-hover\"  >\n\t\t\t\n\t\t\t\n\n\t<div class=\"img has-hover x md-x lg-x y md-y lg-y\" id=\"image_560771945\">\n\t\t<a class=\"\" href=\"https:\/\/seelandmobility.ch\/en\/renault-talisman\/\" >\t\t\t\t\t\t<div class=\"img-inner image-zoom dark\" >\n\t\t\t<img loading=\"lazy\" decoding=\"async\" width=\"502\" height=\"334\" src=\"https:\/\/seelandmobility.ch\/wp-content\/uploads\/2025\/02\/cadillac-sdasd.jpg\" class=\"attachment-original size-original\" alt=\"Mietwagen Biel\" srcset=\"https:\/\/seelandmobility.ch\/wp-content\/uploads\/2025\/02\/cadillac-sdasd.jpg 502w, https:\/\/seelandmobility.ch\/wp-content\/uploads\/2025\/02\/cadillac-sdasd-300x200.jpg 300w\" sizes=\"auto, (max-width: 502px) 100vw, 502px\" \/>\t\t\t\t\t\t\n\t\t\t\t\t<\/div>\n\t\t\t\t\t\t<\/a>\t\t\n<style>\n#image_560771945 {\n  width: 100%;\n}\n<\/style>\n\t<\/div>\n\t\n\n<div class=\"row\"  id=\"row-783733143\">\n\n\n\t<div id=\"col-1953558669\" class=\"col small-12 large-12\"  >\n\t\t\t\t<div class=\"col-inner text-center\"  >\n\t\t\t\n\t\t\t\n\n\t<div id=\"text-2562122361\" class=\"text harfaralik\">\n\t\t\n\n<table style=\"border-collapse: collapse; width: 100%; height: 22px;\">\r\n<tbody>\r\n<tr style=\"height: 22px;\">\r\n<td style=\"width: 66.8242%; height: 22px;\"><a href=\"\/renault-talisman\/\"><span style=\"font-size: 110%;\"><span style=\"color: #000000;\"><strong>CADILLAC CTS<\/strong><\/span><\/span><\/a><\/td>\r\n<td style=\"width: 33.1758%; height: 22px; text-align: right;\"><span style=\"font-size: 105%;\"><strong><span style=\"color: #00aae7;\">CHF 130.-<\/span><\/strong><\/span><\/td>\r\n<\/tr>\r\n<\/tbody>\r\n<\/table>\n\t\t\n<style>\n#text-2562122361 {\n  font-size: 0.75rem;\n}\n@media (min-width:550px) {\n  #text-2562122361 {\n    font-size: 0.75rem;\n  }\n}\n@media (min-width:850px) {\n  #text-2562122361 {\n    font-size: 1rem;\n  }\n}\n<\/style>\n\t<\/div>\n\t\n\t<div class=\"img has-hover x md-x lg-x y md-y lg-y\" id=\"image_905002443\">\n\t\t\t\t\t\t\t\t<div class=\"img-inner dark\" style=\"margin:5px 0px 0px 0px;\">\n\t\t\t<img loading=\"lazy\" decoding=\"async\" width=\"383\" height=\"37\" src=\"https:\/\/seelandmobility.ch\/wp-content\/uploads\/2023\/09\/Car-Set-3.png\" class=\"attachment-original size-original\" alt=\"\" srcset=\"https:\/\/seelandmobility.ch\/wp-content\/uploads\/2023\/09\/Car-Set-3.png 383w, https:\/\/seelandmobility.ch\/wp-content\/uploads\/2023\/09\/Car-Set-3-300x29.png 300w\" sizes=\"auto, (max-width: 383px) 100vw, 383px\" \/>\t\t\t\t\t\t\n\t\t\t\t\t<\/div>\n\t\t\t\t\t\t\t\t\n<style>\n#image_905002443 {\n  width: 100%;\n}\n@media (min-width:550px) {\n  #image_905002443 {\n    width: 80%;\n  }\n}\n<\/style>\n\t<\/div>\n\t\n\n\n\t\t<\/div>\n\t\t\t\t\n<style>\n#col-1953558669 > .col-inner {\n  margin: -5px 0px -40px 0px;\n}\n<\/style>\n\t<\/div>\n\n\t\n\n<\/div>\n\n\t\t<\/div>\n\t\t\t\t\n<style>\n#col-27075445 > .col-inner {\n  padding: 5px 5px 15px 5px;\n}\n<\/style>\n\t<\/div>\n\n\t\n\n\t<div id=\"col-632592297\" class=\"col medium-4 small-6 large-4\"  >\n\t\t\t\t<div class=\"col-inner text-center box-shadow-3-hover\"  >\n\t\t\t\n\t\t\t\n\n\t<div class=\"img has-hover x md-x lg-x y md-y lg-y\" id=\"image_80351985\">\n\t\t<a class=\"\" href=\"https:\/\/seelandmobility.ch\/en\/audi-a5\/\" >\t\t\t\t\t\t<div class=\"img-inner image-zoom dark\" >\n\t\t\t<img loading=\"lazy\" decoding=\"async\" width=\"500\" height=\"332\" src=\"https:\/\/seelandmobility.ch\/wp-content\/uploads\/2023\/08\/automieten-biel-auto-miete-dotzigen-epsach-erlach1.png\" class=\"attachment-original size-original\" alt=\"Limousinen Fahrzeuge miete biel bienne\" srcset=\"https:\/\/seelandmobility.ch\/wp-content\/uploads\/2023\/08\/automieten-biel-auto-miete-dotzigen-epsach-erlach1.png 500w, https:\/\/seelandmobility.ch\/wp-content\/uploads\/2023\/08\/automieten-biel-auto-miete-dotzigen-epsach-erlach1-300x199.png 300w\" sizes=\"auto, (max-width: 500px) 100vw, 500px\" \/>\t\t\t\t\t\t\n\t\t\t\t\t<\/div>\n\t\t\t\t\t\t<\/a>\t\t\n<style>\n#image_80351985 {\n  width: 100%;\n}\n<\/style>\n\t<\/div>\n\t\n\n<div class=\"row\"  id=\"row-20940698\">\n\n\n\t<div id=\"col-1016403304\" class=\"col small-12 large-12\"  >\n\t\t\t\t<div class=\"col-inner text-center\"  >\n\t\t\t\n\t\t\t\n\n\t<div id=\"text-2296560486\" class=\"text harfaralik\">\n\t\t\n\n<table style=\"border-collapse: collapse; width: 100%; height: 22px;\">\r\n<tbody>\r\n<tr style=\"height: 22px;\">\r\n<td style=\"width: 66.8242%; height: 22px;\"><a href=\"\/audi-a5\/\"><span style=\"font-size: 110%;\"><span style=\"color: #000000;\"><strong>AUDI A5<\/strong><\/span><\/span><\/a><\/td>\r\n<td style=\"width: 33.1758%; height: 22px; text-align: right;\"><span style=\"font-size: 105%;\"><strong><span style=\"color: #00aae7;\">CHF 95.-<\/span><\/strong><\/span><\/td>\r\n<\/tr>\r\n<\/tbody>\r\n<\/table>\n\t\t\n<style>\n#text-2296560486 {\n  font-size: 0.75rem;\n}\n@media (min-width:550px) {\n  #text-2296560486 {\n    font-size: 0.75rem;\n  }\n}\n@media (min-width:850px) {\n  #text-2296560486 {\n    font-size: 1rem;\n  }\n}\n<\/style>\n\t<\/div>\n\t\n\t<div class=\"img has-hover x md-x lg-x y md-y lg-y\" id=\"image_740735956\">\n\t\t\t\t\t\t\t\t<div class=\"img-inner dark\" style=\"margin:5px 0px 0px 0px;\">\n\t\t\t<img loading=\"lazy\" decoding=\"async\" width=\"383\" height=\"37\" src=\"https:\/\/seelandmobility.ch\/wp-content\/uploads\/2023\/09\/Car-Set-12.png\" class=\"attachment-original size-original\" alt=\"\" srcset=\"https:\/\/seelandmobility.ch\/wp-content\/uploads\/2023\/09\/Car-Set-12.png 383w, https:\/\/seelandmobility.ch\/wp-content\/uploads\/2023\/09\/Car-Set-12-300x29.png 300w\" sizes=\"auto, (max-width: 383px) 100vw, 383px\" \/>\t\t\t\t\t\t\n\t\t\t\t\t<\/div>\n\t\t\t\t\t\t\t\t\n<style>\n#image_740735956 {\n  width: 100%;\n}\n@media (min-width:550px) {\n  #image_740735956 {\n    width: 80%;\n  }\n}\n<\/style>\n\t<\/div>\n\t\n\n\n\t\t<\/div>\n\t\t\t\t\n<style>\n#col-1016403304 > .col-inner {\n  margin: -5px 0px -40px 0px;\n}\n<\/style>\n\t<\/div>\n\n\t\n\n<\/div>\n\n\t\t<\/div>\n\t\t\t\t\n<style>\n#col-632592297 > .col-inner {\n  padding: 5px 5px 15px 5px;\n}\n<\/style>\n\t<\/div>\n\n\t\n\n\t<div id=\"col-1439068278\" class=\"col medium-4 small-6 large-4\"  >\n\t\t\t\t<div class=\"col-inner text-center box-shadow-3-hover\"  >\n\t\t\t\n\t\t\t\n\n\t<div class=\"img has-hover x md-x lg-x y md-y lg-y\" id=\"image_695971637\">\n\t\t<a class=\"\" href=\"https:\/\/seelandmobility.ch\/en\/audi-a5-2\/\" >\t\t\t\t\t\t<div class=\"img-inner image-zoom dark\" >\n\t\t\t<img loading=\"lazy\" decoding=\"async\" width=\"500\" height=\"332\" src=\"https:\/\/seelandmobility.ch\/wp-content\/uploads\/2023\/08\/automieten-fahrzeugmiete-auto-mieten-bellmund-aegerten-arch1.png\" class=\"attachment-original size-original\" alt=\"\" srcset=\"https:\/\/seelandmobility.ch\/wp-content\/uploads\/2023\/08\/automieten-fahrzeugmiete-auto-mieten-bellmund-aegerten-arch1.png 500w, https:\/\/seelandmobility.ch\/wp-content\/uploads\/2023\/08\/automieten-fahrzeugmiete-auto-mieten-bellmund-aegerten-arch1-300x199.png 300w\" sizes=\"auto, (max-width: 500px) 100vw, 500px\" \/>\t\t\t\t\t\t\n\t\t\t\t\t<\/div>\n\t\t\t\t\t\t<\/a>\t\t\n<style>\n#image_695971637 {\n  width: 100%;\n}\n<\/style>\n\t<\/div>\n\t\n\n<div class=\"row\"  id=\"row-754125267\">\n\n\n\t<div id=\"col-1043356600\" class=\"col small-12 large-12\"  >\n\t\t\t\t<div class=\"col-inner text-center\"  >\n\t\t\t\n\t\t\t\n\n\t<div id=\"text-2822826279\" class=\"text harfaralik\">\n\t\t\n\n<table style=\"border-collapse: collapse; width: 100%; height: 22px;\">\r\n<tbody>\r\n<tr style=\"height: 22px;\">\r\n<td style=\"width: 66.8242%; height: 22px;\"><a href=\"\/audi-a5-2\/\"><span style=\"font-size: 110%;\"><span style=\"color: #000000;\"><strong>AUDI A5<\/strong><\/span><\/span><\/a><\/td>\r\n<td style=\"width: 33.1758%; height: 22px; text-align: right;\"><span style=\"font-size: 105%;\"><strong><span style=\"color: #00aae7;\">CHF 95.-<\/span><\/strong><\/span><\/td>\r\n<\/tr>\r\n<\/tbody>\r\n<\/table>\n\t\t\n<style>\n#text-2822826279 {\n  font-size: 0.75rem;\n}\n@media (min-width:550px) {\n  #text-2822826279 {\n    font-size: 0.75rem;\n  }\n}\n@media (min-width:850px) {\n  #text-2822826279 {\n    font-size: 1rem;\n  }\n}\n<\/style>\n\t<\/div>\n\t\n\t<div class=\"img has-hover x md-x lg-x y md-y lg-y\" id=\"image_1897428191\">\n\t\t\t\t\t\t\t\t<div class=\"img-inner dark\" style=\"margin:5px 0px 0px 0px;\">\n\t\t\t<img loading=\"lazy\" decoding=\"async\" width=\"383\" height=\"37\" src=\"https:\/\/seelandmobility.ch\/wp-content\/uploads\/2023\/09\/Car-Set-12.png\" class=\"attachment-original size-original\" alt=\"\" srcset=\"https:\/\/seelandmobility.ch\/wp-content\/uploads\/2023\/09\/Car-Set-12.png 383w, https:\/\/seelandmobility.ch\/wp-content\/uploads\/2023\/09\/Car-Set-12-300x29.png 300w\" sizes=\"auto, (max-width: 383px) 100vw, 383px\" \/>\t\t\t\t\t\t\n\t\t\t\t\t<\/div>\n\t\t\t\t\t\t\t\t\n<style>\n#image_1897428191 {\n  width: 100%;\n}\n@media (min-width:550px) {\n  #image_1897428191 {\n    width: 80%;\n  }\n}\n<\/style>\n\t<\/div>\n\t\n\n\n\t\t<\/div>\n\t\t\t\t\n<style>\n#col-1043356600 > .col-inner {\n  margin: -5px 0px -40px 0px;\n}\n<\/style>\n\t<\/div>\n\n\t\n\n<\/div>\n\n\t\t<\/div>\n\t\t\t\t\n<style>\n#col-1439068278 > .col-inner {\n  padding: 5px 5px 15px 5px;\n}\n<\/style>\n\t<\/div>\n\n\t\n\n<\/div>\n<div class=\"row\"  id=\"row-215747277\">\n\n\n\t<div id=\"col-934302384\" class=\"col medium-4 small-6 large-4\"  >\n\t\t\t\t<div class=\"col-inner text-center box-shadow-3-hover\"  >\n\t\t\t\n\t\t\t\n\n\t<div class=\"img has-hover x md-x lg-x y md-y lg-y\" id=\"image_2109701869\">\n\t\t<a class=\"\" href=\"https:\/\/seelandmobility.ch\/en\/vw-taigo-kompakt-suv\/\" >\t\t\t\t\t\t<div class=\"img-inner image-zoom dark\" >\n\t\t\t<img loading=\"lazy\" decoding=\"async\" width=\"500\" height=\"332\" src=\"https:\/\/seelandmobility.ch\/wp-content\/uploads\/2023\/08\/guenstige-mietwagen-in-biel-bienne1.png\" class=\"attachment-original size-original\" alt=\"\" srcset=\"https:\/\/seelandmobility.ch\/wp-content\/uploads\/2023\/08\/guenstige-mietwagen-in-biel-bienne1.png 500w, https:\/\/seelandmobility.ch\/wp-content\/uploads\/2023\/08\/guenstige-mietwagen-in-biel-bienne1-300x199.png 300w\" sizes=\"auto, (max-width: 500px) 100vw, 500px\" \/>\t\t\t\t\t\t\n\t\t\t\t\t<\/div>\n\t\t\t\t\t\t<\/a>\t\t\n<style>\n#image_2109701869 {\n  width: 100%;\n}\n<\/style>\n\t<\/div>\n\t\n\n<div class=\"row\"  id=\"row-1399474958\">\n\n\n\t<div id=\"col-480112831\" class=\"col small-12 large-12\"  >\n\t\t\t\t<div class=\"col-inner text-center\"  >\n\t\t\t\n\t\t\t\n\n\t<div id=\"text-2547106972\" class=\"text harfaralik\">\n\t\t\n\n<table style=\"border-collapse: collapse; width: 100%; height: 22px;\">\r\n<tbody>\r\n<tr style=\"height: 22px;\">\r\n<td style=\"width: 66.8242%; height: 22px;\"><a href=\"\/vw-taigo-kompakt-suv\/\"><span style=\"font-size: 110%;\"><span style=\"color: #000000;\"><strong>VW TAIGO<\/strong><\/span><\/span><\/a><\/td>\r\n<td style=\"width: 33.1758%; height: 22px; text-align: right;\"><span style=\"font-size: 105%;\"><strong><span style=\"color: #00aae7;\">CHF 110.-<\/span><\/strong><\/span><\/td>\r\n<\/tr>\r\n<\/tbody>\r\n<\/table>\n\t\t\n<style>\n#text-2547106972 {\n  font-size: 0.75rem;\n}\n@media (min-width:550px) {\n  #text-2547106972 {\n    font-size: 0.75rem;\n  }\n}\n@media (min-width:850px) {\n  #text-2547106972 {\n    font-size: 1rem;\n  }\n}\n<\/style>\n\t<\/div>\n\t\n\t<div class=\"img has-hover x md-x lg-x y md-y lg-y\" id=\"image_2022198944\">\n\t\t\t\t\t\t\t\t<div class=\"img-inner dark\" style=\"margin:5px 0px 0px 0px;\">\n\t\t\t<img loading=\"lazy\" decoding=\"async\" width=\"383\" height=\"37\" src=\"https:\/\/seelandmobility.ch\/wp-content\/uploads\/2023\/09\/Car-Set-3.png\" class=\"attachment-original size-original\" alt=\"\" srcset=\"https:\/\/seelandmobility.ch\/wp-content\/uploads\/2023\/09\/Car-Set-3.png 383w, https:\/\/seelandmobility.ch\/wp-content\/uploads\/2023\/09\/Car-Set-3-300x29.png 300w\" sizes=\"auto, (max-width: 383px) 100vw, 383px\" \/>\t\t\t\t\t\t\n\t\t\t\t\t<\/div>\n\t\t\t\t\t\t\t\t\n<style>\n#image_2022198944 {\n  width: 100%;\n}\n@media (min-width:550px) {\n  #image_2022198944 {\n    width: 80%;\n  }\n}\n<\/style>\n\t<\/div>\n\t\n\n\n\t\t<\/div>\n\t\t\t\t\n<style>\n#col-480112831 > .col-inner {\n  margin: -5px 0px -40px 0px;\n}\n<\/style>\n\t<\/div>\n\n\t\n\n<\/div>\n\n\t\t<\/div>\n\t\t\t\t\n<style>\n#col-934302384 > .col-inner {\n  padding: 5px 5px 15px 5px;\n}\n<\/style>\n\t<\/div>\n\n\t\n\n\t<div id=\"col-1682239862\" class=\"col medium-4 small-6 large-4\"  >\n\t\t\t\t<div class=\"col-inner text-center box-shadow-3-hover\"  >\n\t\t\t\n\t\t\t\n\n\t<div class=\"img has-hover x md-x lg-x y md-y lg-y\" id=\"image_882270857\">\n\t\t<a class=\"\" href=\"https:\/\/seelandmobility.ch\/en\/vw-t-roc\/\" >\t\t\t\t\t\t<div class=\"img-inner image-zoom dark\" >\n\t\t\t<img loading=\"lazy\" decoding=\"async\" width=\"500\" height=\"332\" src=\"https:\/\/seelandmobility.ch\/wp-content\/uploads\/2023\/08\/audi-t-roc-mieten-in-nidau-port-ipsach1.png\" class=\"attachment-original size-original\" alt=\"\" srcset=\"https:\/\/seelandmobility.ch\/wp-content\/uploads\/2023\/08\/audi-t-roc-mieten-in-nidau-port-ipsach1.png 500w, https:\/\/seelandmobility.ch\/wp-content\/uploads\/2023\/08\/audi-t-roc-mieten-in-nidau-port-ipsach1-300x199.png 300w\" sizes=\"auto, (max-width: 500px) 100vw, 500px\" \/>\t\t\t\t\t\t\n\t\t\t\t\t<\/div>\n\t\t\t\t\t\t<\/a>\t\t\n<style>\n#image_882270857 {\n  width: 100%;\n}\n<\/style>\n\t<\/div>\n\t\n\n<div class=\"row\"  id=\"row-58490491\">\n\n\n\t<div id=\"col-1742902206\" class=\"col small-12 large-12\"  >\n\t\t\t\t<div class=\"col-inner text-center\"  >\n\t\t\t\n\t\t\t\n\n\t<div id=\"text-3105103874\" class=\"text harfaralik\">\n\t\t\n\n<table style=\"border-collapse: collapse; width: 100%; height: 22px;\">\r\n<tbody>\r\n<tr style=\"height: 22px;\">\r\n<td style=\"width: 66.8242%; height: 22px;\"><a href=\"\/vw-t-roc\/\"><span style=\"font-size: 110%;\"><span style=\"color: #000000;\"><strong>VW T-ROC<\/strong><\/span><\/span><\/a><\/td>\r\n<td style=\"width: 33.1758%; height: 22px; text-align: right;\"><span style=\"font-size: 105%;\"><strong><span style=\"color: #00aae7;\">CHF 130.-<\/span><\/strong><\/span><\/td>\r\n<\/tr>\r\n<\/tbody>\r\n<\/table>\n\t\t\n<style>\n#text-3105103874 {\n  font-size: 0.75rem;\n}\n@media (min-width:550px) {\n  #text-3105103874 {\n    font-size: 0.75rem;\n  }\n}\n@media (min-width:850px) {\n  #text-3105103874 {\n    font-size: 1rem;\n  }\n}\n<\/style>\n\t<\/div>\n\t\n\t<div class=\"img has-hover x md-x lg-x y md-y lg-y\" id=\"image_1571062252\">\n\t\t\t\t\t\t\t\t<div class=\"img-inner dark\" style=\"margin:5px 0px 0px 0px;\">\n\t\t\t<img loading=\"lazy\" decoding=\"async\" width=\"383\" height=\"37\" src=\"https:\/\/seelandmobility.ch\/wp-content\/uploads\/2023\/09\/Car-Set-3.png\" class=\"attachment-original size-original\" alt=\"\" srcset=\"https:\/\/seelandmobility.ch\/wp-content\/uploads\/2023\/09\/Car-Set-3.png 383w, https:\/\/seelandmobility.ch\/wp-content\/uploads\/2023\/09\/Car-Set-3-300x29.png 300w\" sizes=\"auto, (max-width: 383px) 100vw, 383px\" \/>\t\t\t\t\t\t\n\t\t\t\t\t<\/div>\n\t\t\t\t\t\t\t\t\n<style>\n#image_1571062252 {\n  width: 100%;\n}\n@media (min-width:550px) {\n  #image_1571062252 {\n    width: 80%;\n  }\n}\n<\/style>\n\t<\/div>\n\t\n\n\n\t\t<\/div>\n\t\t\t\t\n<style>\n#col-1742902206 > .col-inner {\n  margin: -5px 0px -40px 0px;\n}\n<\/style>\n\t<\/div>\n\n\t\n\n<\/div>\n\n\t\t<\/div>\n\t\t\t\t\n<style>\n#col-1682239862 > .col-inner {\n  padding: 5px 5px 15px 5px;\n}\n<\/style>\n\t<\/div>\n\n\t\n\n\t<div id=\"col-292569793\" class=\"col medium-4 small-6 large-4\"  >\n\t\t\t\t<div class=\"col-inner text-center box-shadow-3-hover\"  >\n\t\t\t\n\t\t\t\n\n\t<div class=\"img has-hover x md-x lg-x y md-y lg-y\" id=\"image_1704292021\">\n\t\t<a class=\"\" href=\"https:\/\/seelandmobility.ch\/en\/volvobielmieten\/\" >\t\t\t\t\t\t<div class=\"img-inner image-zoom dark\" >\n\t\t\t<img loading=\"lazy\" decoding=\"async\" width=\"2996\" height=\"1990\" src=\"https:\/\/seelandmobility.ch\/wp-content\/uploads\/2024\/10\/VOLVO-V40.png\" class=\"attachment-original size-original\" alt=\"Mietwagen Biel\" srcset=\"https:\/\/seelandmobility.ch\/wp-content\/uploads\/2024\/10\/VOLVO-V40.png 2996w, https:\/\/seelandmobility.ch\/wp-content\/uploads\/2024\/10\/VOLVO-V40-300x199.png 300w, https:\/\/seelandmobility.ch\/wp-content\/uploads\/2024\/10\/VOLVO-V40-1024x680.png 1024w, https:\/\/seelandmobility.ch\/wp-content\/uploads\/2024\/10\/VOLVO-V40-768x510.png 768w, https:\/\/seelandmobility.ch\/wp-content\/uploads\/2024\/10\/VOLVO-V40-1536x1020.png 1536w, https:\/\/seelandmobility.ch\/wp-content\/uploads\/2024\/10\/VOLVO-V40-2048x1360.png 2048w\" sizes=\"auto, (max-width: 2996px) 100vw, 2996px\" \/>\t\t\t\t\t\t\n\t\t\t\t\t<\/div>\n\t\t\t\t\t\t<\/a>\t\t\n<style>\n#image_1704292021 {\n  width: 100%;\n}\n<\/style>\n\t<\/div>\n\t\n\n<div class=\"row\"  id=\"row-1681201957\">\n\n\n\t<div id=\"col-1999464787\" class=\"col small-12 large-12\"  >\n\t\t\t\t<div class=\"col-inner text-center\"  >\n\t\t\t\n\t\t\t\n\n\t<div id=\"text-264577610\" class=\"text harfaralik\">\n\t\t\n\n<table style=\"border-collapse: collapse; width: 100%; height: 22px;\">\r\n<tbody>\r\n<tr style=\"height: 22px;\">\r\n<td style=\"width: 66.8242%; height: 22px;\"><a href=\"https:\/\/seelandmobility.ch\/en\/volvobielmieten\/\"><span style=\"font-size: 110%;\"><span style=\"color: #000000;\"><strong>VOLVO V40<\/strong><\/span><\/span><\/a><\/td>\r\n<td style=\"width: 33.1758%; height: 22px; text-align: right;\"><a href=\"https:\/\/seelandmobility.ch\/en\/volvobielmieten\/\"><span style=\"font-size: 105%;\"><strong><span style=\"color: #00aae7;\">CHF 80.-<\/span><\/strong><\/span><\/a><\/td>\r\n<\/tr>\r\n<\/tbody>\r\n<\/table>\n\t\t\n<style>\n#text-264577610 {\n  font-size: 0.75rem;\n}\n@media (min-width:550px) {\n  #text-264577610 {\n    font-size: 0.75rem;\n  }\n}\n@media (min-width:850px) {\n  #text-264577610 {\n    font-size: 1rem;\n  }\n}\n<\/style>\n\t<\/div>\n\t\n\t<div class=\"img has-hover x md-x lg-x y md-y lg-y\" id=\"image_187681604\">\n\t\t<a class=\"\" href=\"https:\/\/seelandmobility.ch\/en\/volvobielmieten\/\" >\t\t\t\t\t\t<div class=\"img-inner dark\" style=\"margin:5px 0px 0px 0px;\">\n\t\t\t<img loading=\"lazy\" decoding=\"async\" width=\"383\" height=\"37\" src=\"https:\/\/seelandmobility.ch\/wp-content\/uploads\/2023\/09\/Car-Set-3.png\" class=\"attachment-original size-original\" alt=\"\" srcset=\"https:\/\/seelandmobility.ch\/wp-content\/uploads\/2023\/09\/Car-Set-3.png 383w, https:\/\/seelandmobility.ch\/wp-content\/uploads\/2023\/09\/Car-Set-3-300x29.png 300w\" sizes=\"auto, (max-width: 383px) 100vw, 383px\" \/>\t\t\t\t\t\t\n\t\t\t\t\t<\/div>\n\t\t\t\t\t\t<\/a>\t\t\n<style>\n#image_187681604 {\n  width: 100%;\n}\n@media (min-width:550px) {\n  #image_187681604 {\n    width: 80%;\n  }\n}\n<\/style>\n\t<\/div>\n\t\n\n\n\t\t<\/div>\n\t\t\t\t\n<style>\n#col-1999464787 > .col-inner {\n  margin: -5px 0px -40px 0px;\n}\n<\/style>\n\t<\/div>\n\n\t\n\n<\/div>\n\n\t\t<\/div>\n\t\t\t\t\n<style>\n#col-292569793 > .col-inner {\n  padding: 5px 5px 15px 5px;\n}\n<\/style>\n\t<\/div>\n\n\t\n\n<\/div>\n<div class=\"row\"  id=\"row-1920710774\">\n\n\n\t<div id=\"col-493389554\" class=\"col medium-4 small-6 large-4\"  >\n\t\t\t\t<div class=\"col-inner text-center box-shadow-3-hover\"  >\n\t\t\t\n\t\t\t\n\n\t<div class=\"img has-hover x md-x lg-x y md-y lg-y\" id=\"image_1153826627\">\n\t\t<a class=\"\" href=\"https:\/\/seelandmobility.ch\/en\/peugeot-5008-der-modulare-7-sitzer-suv\/\" >\t\t\t\t\t\t<div class=\"img-inner image-zoom dark\" >\n\t\t\t<img loading=\"lazy\" decoding=\"async\" width=\"500\" height=\"332\" src=\"https:\/\/seelandmobility.ch\/wp-content\/uploads\/2023\/08\/mietwagen-7-plaetzer-in-biel-bienne-guenstige-mietautos1.png\" class=\"attachment-original size-original\" alt=\"\" srcset=\"https:\/\/seelandmobility.ch\/wp-content\/uploads\/2023\/08\/mietwagen-7-plaetzer-in-biel-bienne-guenstige-mietautos1.png 500w, https:\/\/seelandmobility.ch\/wp-content\/uploads\/2023\/08\/mietwagen-7-plaetzer-in-biel-bienne-guenstige-mietautos1-300x199.png 300w\" sizes=\"auto, (max-width: 500px) 100vw, 500px\" \/>\t\t\t\t\t\t\n\t\t\t\t\t<\/div>\n\t\t\t\t\t\t<\/a>\t\t\n<style>\n#image_1153826627 {\n  width: 100%;\n}\n<\/style>\n\t<\/div>\n\t\n\n<div class=\"row\"  id=\"row-1038179899\">\n\n\n\t<div id=\"col-924183719\" class=\"col small-12 large-12\"  >\n\t\t\t\t<div class=\"col-inner text-center\"  >\n\t\t\t\n\t\t\t\n\n\t<div id=\"text-1243716956\" class=\"text harfaralik\">\n\t\t\n\n<table style=\"border-collapse: collapse; width: 100%; height: 22px;\">\r\n<tbody>\r\n<tr style=\"height: 22px;\">\r\n<td style=\"width: 66.8242%; height: 22px;\"><a href=\"\/peugeot-5008-der-modulare-7-sitzer-suv\/\"><span style=\"font-size: 110%;\"><span style=\"color: #000000;\"><strong>PEUGEOT 5008<\/strong><\/span><\/span><\/a><\/td>\r\n<td style=\"width: 33.1758%; height: 22px; text-align: right;\"><span style=\"font-size: 105%;\"><strong><span style=\"color: #00aae7;\">CHF 80.-<\/span><\/strong><\/span><\/td>\r\n<\/tr>\r\n<\/tbody>\r\n<\/table>\n\t\t\n<style>\n#text-1243716956 {\n  font-size: 0.75rem;\n}\n@media (min-width:550px) {\n  #text-1243716956 {\n    font-size: 0.75rem;\n  }\n}\n@media (min-width:850px) {\n  #text-1243716956 {\n    font-size: 1rem;\n  }\n}\n<\/style>\n\t<\/div>\n\t\n\t<div class=\"img has-hover x md-x lg-x y md-y lg-y\" id=\"image_70167956\">\n\t\t\t\t\t\t\t\t<div class=\"img-inner dark\" style=\"margin:5px 0px 0px 0px;\">\n\t\t\t<img loading=\"lazy\" decoding=\"async\" width=\"383\" height=\"37\" src=\"https:\/\/seelandmobility.ch\/wp-content\/uploads\/2023\/09\/Car-Set-2.png\" class=\"attachment-original size-original\" alt=\"\" srcset=\"https:\/\/seelandmobility.ch\/wp-content\/uploads\/2023\/09\/Car-Set-2.png 383w, https:\/\/seelandmobility.ch\/wp-content\/uploads\/2023\/09\/Car-Set-2-300x29.png 300w\" sizes=\"auto, (max-width: 383px) 100vw, 383px\" \/>\t\t\t\t\t\t\n\t\t\t\t\t<\/div>\n\t\t\t\t\t\t\t\t\n<style>\n#image_70167956 {\n  width: 100%;\n}\n@media (min-width:550px) {\n  #image_70167956 {\n    width: 80%;\n  }\n}\n<\/style>\n\t<\/div>\n\t\n\n\n\t\t<\/div>\n\t\t\t\t\n<style>\n#col-924183719 > .col-inner {\n  margin: -5px 0px -40px 0px;\n}\n<\/style>\n\t<\/div>\n\n\t\n\n<\/div>\n\n\t\t<\/div>\n\t\t\t\t\n<style>\n#col-493389554 > .col-inner {\n  padding: 5px 5px 15px 5px;\n}\n<\/style>\n\t<\/div>\n\n\t\n\n\t<div id=\"col-1236608346\" class=\"col medium-4 small-6 large-4\"  >\n\t\t\t\t<div class=\"col-inner text-center box-shadow-3-hover\"  >\n\t\t\t\n\t\t\t\n\n\t<div class=\"img has-hover x md-x lg-x y md-y lg-y\" id=\"image_1331634245\">\n\t\t<a class=\"\" href=\"https:\/\/seelandmobility.ch\/en\/car-rental-in-biel-hyundai-h1-8-seater\/\" >\t\t\t\t\t\t<div class=\"img-inner image-zoom dark\" >\n\t\t\t<img loading=\"lazy\" decoding=\"async\" width=\"6876\" height=\"4588\" src=\"https:\/\/seelandmobility.ch\/wp-content\/uploads\/2024\/10\/Hyundai-h1.png\" class=\"attachment-original size-original\" alt=\"8 Pl\u00e4tzer mieten in Biel Bienne, bei Seeland Mobility\" srcset=\"https:\/\/seelandmobility.ch\/wp-content\/uploads\/2024\/10\/Hyundai-h1.png 6876w, https:\/\/seelandmobility.ch\/wp-content\/uploads\/2024\/10\/Hyundai-h1-300x200.png 300w, https:\/\/seelandmobility.ch\/wp-content\/uploads\/2024\/10\/Hyundai-h1-1024x683.png 1024w, https:\/\/seelandmobility.ch\/wp-content\/uploads\/2024\/10\/Hyundai-h1-768x512.png 768w, https:\/\/seelandmobility.ch\/wp-content\/uploads\/2024\/10\/Hyundai-h1-1536x1025.png 1536w, https:\/\/seelandmobility.ch\/wp-content\/uploads\/2024\/10\/Hyundai-h1-2048x1367.png 2048w\" sizes=\"auto, (max-width: 6876px) 100vw, 6876px\" \/>\t\t\t\t\t\t\n\t\t\t\t\t<\/div>\n\t\t\t\t\t\t<\/a>\t\t\n<style>\n#image_1331634245 {\n  width: 100%;\n}\n<\/style>\n\t<\/div>\n\t\n\n<div class=\"row\"  id=\"row-6580082\">\n\n\n\t<div id=\"col-1237035535\" class=\"col small-12 large-12\"  >\n\t\t\t\t<div class=\"col-inner text-center\"  >\n\t\t\t\n\t\t\t\n\n\t<div id=\"text-2275131017\" class=\"text harfaralik\">\n\t\t\n\n<table style=\"border-collapse: collapse; width: 100%; height: 22px;\">\r\n<tbody>\r\n<tr style=\"height: 22px;\">\r\n<td style=\"width: 66.8242%; height: 22px;\"><a href=\"https:\/\/seelandmobility.ch\/en\/car-rental-in-biel-hyundai-h1-8-seater\/\"><span style=\"font-size: 110%;\"><span style=\"color: #000000;\"><strong>HYUNDAI H1<\/strong><\/span><\/span><\/a><\/td>\r\n<td style=\"width: 33.1758%; height: 22px; text-align: right;\"><span style=\"font-size: 105%;\"><strong><span style=\"color: #00aae7;\">CHF 130.-<\/span><\/strong><\/span><\/td>\r\n<\/tr>\r\n<\/tbody>\r\n<\/table>\n\t\t\n<style>\n#text-2275131017 {\n  font-size: 0.75rem;\n}\n@media (min-width:550px) {\n  #text-2275131017 {\n    font-size: 0.75rem;\n  }\n}\n@media (min-width:850px) {\n  #text-2275131017 {\n    font-size: 1rem;\n  }\n}\n<\/style>\n\t<\/div>\n\t\n\t<div class=\"img has-hover x md-x lg-x y md-y lg-y\" id=\"image_1555231945\">\n\t\t<a class=\"\" href=\"https:\/\/seelandmobility.ch\/en\/car-rental-in-biel-hyundai-h1-8-seater\/\" >\t\t\t\t\t\t<div class=\"img-inner dark\" style=\"margin:5px 0px 0px 0px;\">\n\t\t\t<img loading=\"lazy\" decoding=\"async\" width=\"345\" height=\"42\" src=\"https:\/\/seelandmobility.ch\/wp-content\/uploads\/2024\/10\/orlandooaa-1.png\" class=\"attachment-original size-original\" alt=\"\" srcset=\"https:\/\/seelandmobility.ch\/wp-content\/uploads\/2024\/10\/orlandooaa-1.png 345w, https:\/\/seelandmobility.ch\/wp-content\/uploads\/2024\/10\/orlandooaa-1-300x37.png 300w\" sizes=\"auto, (max-width: 345px) 100vw, 345px\" \/>\t\t\t\t\t\t\n\t\t\t\t\t<\/div>\n\t\t\t\t\t\t<\/a>\t\t\n<style>\n#image_1555231945 {\n  width: 100%;\n}\n@media (min-width:550px) {\n  #image_1555231945 {\n    width: 80%;\n  }\n}\n<\/style>\n\t<\/div>\n\t\n\n\n\t\t<\/div>\n\t\t\t\t\n<style>\n#col-1237035535 > .col-inner {\n  margin: -5px 0px -40px 0px;\n}\n<\/style>\n\t<\/div>\n\n\t\n\n<\/div>\n\n\t\t<\/div>\n\t\t\t\t\n<style>\n#col-1236608346 > .col-inner {\n  padding: 5px 5px 15px 5px;\n}\n<\/style>\n\t<\/div>\n\n\t\n\n\t<div id=\"col-1890568208\" class=\"col medium-4 small-6 large-4\"  >\n\t\t\t\t<div class=\"col-inner text-center box-shadow-3-hover\"  >\n\t\t\t\n\t\t\t\n\n\t<div class=\"img has-hover x md-x lg-x y md-y lg-y\" id=\"image_2001188982\">\n\t\t<a class=\"\" href=\"https:\/\/seelandmobility.ch\/en\/chevrolet-orlandi-the-modular-7-seater-suv\/\" >\t\t\t\t\t\t<div class=\"img-inner image-zoom dark\" >\n\t\t\t<img loading=\"lazy\" decoding=\"async\" width=\"6910\" height=\"4607\" src=\"https:\/\/seelandmobility.ch\/wp-content\/uploads\/2024\/10\/orlandoo.png\" class=\"attachment-original size-original\" alt=\"Chevrolet Orlando 7 pl\u00e4tzet Fahrzeug mieten biel\" srcset=\"https:\/\/seelandmobility.ch\/wp-content\/uploads\/2024\/10\/orlandoo.png 6910w, https:\/\/seelandmobility.ch\/wp-content\/uploads\/2024\/10\/orlandoo-300x200.png 300w, https:\/\/seelandmobility.ch\/wp-content\/uploads\/2024\/10\/orlandoo-1024x683.png 1024w, https:\/\/seelandmobility.ch\/wp-content\/uploads\/2024\/10\/orlandoo-768x512.png 768w, https:\/\/seelandmobility.ch\/wp-content\/uploads\/2024\/10\/orlandoo-1536x1024.png 1536w, https:\/\/seelandmobility.ch\/wp-content\/uploads\/2024\/10\/orlandoo-2048x1365.png 2048w\" sizes=\"auto, (max-width: 6910px) 100vw, 6910px\" \/>\t\t\t\t\t\t\n\t\t\t\t\t<\/div>\n\t\t\t\t\t\t<\/a>\t\t\n<style>\n#image_2001188982 {\n  width: 100%;\n}\n<\/style>\n\t<\/div>\n\t\n\n<div class=\"row\"  id=\"row-2069420608\">\n\n\n\t<div id=\"col-126626045\" class=\"col small-12 large-12\"  >\n\t\t\t\t<div class=\"col-inner text-center\"  >\n\t\t\t\n\t\t\t\n\n\t<div id=\"text-727817778\" class=\"text harfaralik\">\n\t\t\n\n<table style=\"border-collapse: collapse; width: 100%; height: 22px;\">\r\n<tbody>\r\n<tr style=\"height: 22px;\">\r\n<td style=\"width: 66.8242%; height: 22px;\"><a href=\"\/vw-t-roc\/\"><span style=\"font-size: 110%;\"><span style=\"color: #000000;\"><strong>CHEVROLET ORLANDO<\/strong><\/span><\/span><\/a><\/td>\r\n<td style=\"width: 33.1758%; height: 22px; text-align: right;\"><span style=\"font-size: 105%;\"><strong><span style=\"color: #00aae7;\">CHF 100.-<\/span><\/strong><\/span><\/td>\r\n<\/tr>\r\n<\/tbody>\r\n<\/table>\n\t\t\n<style>\n#text-727817778 {\n  font-size: 0.75rem;\n}\n@media (min-width:550px) {\n  #text-727817778 {\n    font-size: 0.75rem;\n  }\n}\n@media (min-width:850px) {\n  #text-727817778 {\n    font-size: 1rem;\n  }\n}\n<\/style>\n\t<\/div>\n\t\n\t<div class=\"img has-hover x md-x lg-x y md-y lg-y\" id=\"image_497825741\">\n\t\t\t\t\t\t\t\t<div class=\"img-inner dark\" style=\"margin:5px 0px 0px 0px;\">\n\t\t\t<img loading=\"lazy\" decoding=\"async\" width=\"383\" height=\"37\" src=\"https:\/\/seelandmobility.ch\/wp-content\/uploads\/2023\/09\/Car-Set-2.png\" class=\"attachment-original size-original\" alt=\"\" srcset=\"https:\/\/seelandmobility.ch\/wp-content\/uploads\/2023\/09\/Car-Set-2.png 383w, https:\/\/seelandmobility.ch\/wp-content\/uploads\/2023\/09\/Car-Set-2-300x29.png 300w\" sizes=\"auto, (max-width: 383px) 100vw, 383px\" \/>\t\t\t\t\t\t\n\t\t\t\t\t<\/div>\n\t\t\t\t\t\t\t\t\n<style>\n#image_497825741 {\n  width: 100%;\n}\n@media (min-width:550px) {\n  #image_497825741 {\n    width: 80%;\n  }\n}\n<\/style>\n\t<\/div>\n\t\n\n\n\t\t<\/div>\n\t\t\t\t\n<style>\n#col-126626045 > .col-inner {\n  margin: -5px 0px -40px 0px;\n}\n<\/style>\n\t<\/div>\n\n\t\n\n<\/div>\n\n\t\t<\/div>\n\t\t\t\t\n<style>\n#col-1890568208 > .col-inner {\n  padding: 5px 5px 15px 5px;\n}\n<\/style>\n\t<\/div>\n\n\t\n\n<\/div>\n<div class=\"row\"  id=\"row-123958038\">\n\n\n\t<div id=\"col-75759081\" class=\"col medium-4 small-6 large-4\"  >\n\t\t\t\t<div class=\"col-inner text-center box-shadow-3-hover\"  >\n\t\t\t\n\t\t\t\n\n\t<div class=\"img has-hover x md-x lg-x y md-y lg-y\" id=\"image_1291102795\">\n\t\t<a class=\"\" href=\"https:\/\/seelandmobility.ch\/en\/ford-transit-9-plaetzer\/\" >\t\t\t\t\t\t<div class=\"img-inner image-zoom dark\" >\n\t\t\t<img loading=\"lazy\" decoding=\"async\" width=\"2560\" height=\"1708\" src=\"https:\/\/seelandmobility.ch\/wp-content\/uploads\/2025\/04\/Ford-Transit-2-1-scaled.jpg\" class=\"attachment-original size-original\" alt=\"\" srcset=\"https:\/\/seelandmobility.ch\/wp-content\/uploads\/2025\/04\/Ford-Transit-2-1-scaled.jpg 2560w, https:\/\/seelandmobility.ch\/wp-content\/uploads\/2025\/04\/Ford-Transit-2-1-300x200.jpg 300w, https:\/\/seelandmobility.ch\/wp-content\/uploads\/2025\/04\/Ford-Transit-2-1-1024x683.jpg 1024w, https:\/\/seelandmobility.ch\/wp-content\/uploads\/2025\/04\/Ford-Transit-2-1-768x512.jpg 768w, https:\/\/seelandmobility.ch\/wp-content\/uploads\/2025\/04\/Ford-Transit-2-1-1536x1025.jpg 1536w, https:\/\/seelandmobility.ch\/wp-content\/uploads\/2025\/04\/Ford-Transit-2-1-2048x1367.jpg 2048w\" sizes=\"auto, (max-width: 2560px) 100vw, 2560px\" \/>\t\t\t\t\t\t\n\t\t\t\t\t<\/div>\n\t\t\t\t\t\t<\/a>\t\t\n<style>\n#image_1291102795 {\n  width: 100%;\n}\n<\/style>\n\t<\/div>\n\t\n\n<div class=\"row\"  id=\"row-546973930\">\n\n\n\t<div id=\"col-1424472705\" class=\"col small-12 large-12\"  >\n\t\t\t\t<div class=\"col-inner text-center\"  >\n\t\t\t\n\t\t\t\n\n\t<div id=\"text-3743673726\" class=\"text harfaralik\">\n\t\t\n\n<table style=\"border-collapse: collapse; width: 100%; height: 22px;\">\r\n<tbody>\r\n<tr style=\"height: 22px;\">\r\n<td style=\"width: 66.8242%; height: 22px;\"><a href=\"https:\/\/seelandmobility.ch\/en\/ford-transit-9-plaetzer\/\"><span style=\"font-size: 110%;\"><span style=\"color: #000000;\"><strong>Ford Transit<\/strong><\/span><\/span><\/a><\/td>\r\n<td style=\"width: 33.1758%; height: 22px; text-align: right;\"><span style=\"font-size: 105%;\"><strong><span style=\"color: #00aae7;\">CHF 140.-<\/span><\/strong><\/span><\/td>\r\n<\/tr>\r\n<\/tbody>\r\n<\/table>\n\t\t\n<style>\n#text-3743673726 {\n  font-size: 0.75rem;\n}\n@media (min-width:550px) {\n  #text-3743673726 {\n    font-size: 0.75rem;\n  }\n}\n@media (min-width:850px) {\n  #text-3743673726 {\n    font-size: 1rem;\n  }\n}\n<\/style>\n\t<\/div>\n\t\n\t<div class=\"img has-hover x md-x lg-x y md-y lg-y\" id=\"image_872356\">\n\t\t\t\t\t\t\t\t<div class=\"img-inner dark\" style=\"margin:5px 0px 0px 0px;\">\n\t\t\t<img loading=\"lazy\" decoding=\"async\" width=\"383\" height=\"37\" src=\"https:\/\/seelandmobility.ch\/wp-content\/uploads\/2025\/04\/Car-Set-9.png\" class=\"attachment-original size-original\" alt=\"\" srcset=\"https:\/\/seelandmobility.ch\/wp-content\/uploads\/2025\/04\/Car-Set-9.png 383w, https:\/\/seelandmobility.ch\/wp-content\/uploads\/2025\/04\/Car-Set-9-300x29.png 300w\" sizes=\"auto, (max-width: 383px) 100vw, 383px\" \/>\t\t\t\t\t\t\n\t\t\t\t\t<\/div>\n\t\t\t\t\t\t\t\t\n<style>\n#image_872356 {\n  width: 100%;\n}\n@media (min-width:550px) {\n  #image_872356 {\n    width: 80%;\n  }\n}\n<\/style>\n\t<\/div>\n\t\n\n\n\t\t<\/div>\n\t\t\t\t\n<style>\n#col-1424472705 > .col-inner {\n  margin: -5px 0px -40px 0px;\n}\n<\/style>\n\t<\/div>\n\n\t\n\n<\/div>\n\n\t\t<\/div>\n\t\t\t\t\n<style>\n#col-75759081 > .col-inner {\n  padding: 5px 5px 15px 5px;\n}\n<\/style>\n\t<\/div>\n\n\t\n\n\t<div id=\"col-1149271207\" class=\"col medium-4 small-6 large-4\"  >\n\t\t\t\t<div class=\"col-inner text-center box-shadow-3-hover\"  >\n\t\t\t\n\t\t\t\n\n\t<div class=\"img has-hover x md-x lg-x y md-y lg-y\" id=\"image_1638054182\">\n\t\t<a class=\"\" href=\"https:\/\/seelandmobility.ch\/en\/bmw-x1-suv\/\" >\t\t\t\t\t\t<div class=\"img-inner image-zoom dark\" >\n\t\t\t<img loading=\"lazy\" decoding=\"async\" width=\"500\" height=\"332\" src=\"https:\/\/seelandmobility.ch\/wp-content\/uploads\/2023\/08\/auto-mieten-privat-biel-bienne1.png\" class=\"attachment-original size-original\" alt=\"\" srcset=\"https:\/\/seelandmobility.ch\/wp-content\/uploads\/2023\/08\/auto-mieten-privat-biel-bienne1.png 500w, https:\/\/seelandmobility.ch\/wp-content\/uploads\/2023\/08\/auto-mieten-privat-biel-bienne1-300x199.png 300w\" sizes=\"auto, (max-width: 500px) 100vw, 500px\" \/>\t\t\t\t\t\t\n\t\t\t\t\t<\/div>\n\t\t\t\t\t\t<\/a>\t\t\n<style>\n#image_1638054182 {\n  width: 100%;\n}\n<\/style>\n\t<\/div>\n\t\n\n<div class=\"row\"  id=\"row-643225218\">\n\n\n\t<div id=\"col-870486778\" class=\"col small-12 large-12\"  >\n\t\t\t\t<div class=\"col-inner text-center\"  >\n\t\t\t\n\t\t\t\n\n\t<div id=\"text-2348831464\" class=\"text harfaralik\">\n\t\t\n\n<table style=\"border-collapse: collapse; width: 100%; height: 22px;\">\r\n<tbody>\r\n<tr style=\"height: 22px;\">\r\n<td style=\"width: 66.8242%; height: 22px;\"><a href=\"\/bmw-x1-suv\/\"><span style=\"font-size: 110%;\"><span style=\"color: #000000;\"><strong>BMW X1<\/strong><\/span><\/span><\/a><\/td>\r\n<td style=\"width: 33.1758%; height: 22px; text-align: right;\"><span style=\"font-size: 105%;\"><strong><span style=\"color: #00aae7;\">CHF 140.-<\/span><\/strong><\/span><\/td>\r\n<\/tr>\r\n<\/tbody>\r\n<\/table>\n\t\t\n<style>\n#text-2348831464 {\n  font-size: 0.75rem;\n}\n@media (min-width:550px) {\n  #text-2348831464 {\n    font-size: 0.75rem;\n  }\n}\n@media (min-width:850px) {\n  #text-2348831464 {\n    font-size: 1rem;\n  }\n}\n<\/style>\n\t<\/div>\n\t\n\t<div class=\"img has-hover x md-x lg-x y md-y lg-y\" id=\"image_1935290314\">\n\t\t\t\t\t\t\t\t<div class=\"img-inner dark\" style=\"margin:5px 0px 0px 0px;\">\n\t\t\t<img loading=\"lazy\" decoding=\"async\" width=\"383\" height=\"37\" src=\"https:\/\/seelandmobility.ch\/wp-content\/uploads\/2023\/09\/Car-Set-3.png\" class=\"attachment-original size-original\" alt=\"\" srcset=\"https:\/\/seelandmobility.ch\/wp-content\/uploads\/2023\/09\/Car-Set-3.png 383w, https:\/\/seelandmobility.ch\/wp-content\/uploads\/2023\/09\/Car-Set-3-300x29.png 300w\" sizes=\"auto, (max-width: 383px) 100vw, 383px\" \/>\t\t\t\t\t\t\n\t\t\t\t\t<\/div>\n\t\t\t\t\t\t\t\t\n<style>\n#image_1935290314 {\n  width: 100%;\n}\n@media (min-width:550px) {\n  #image_1935290314 {\n    width: 80%;\n  }\n}\n<\/style>\n\t<\/div>\n\t\n\n\n\t\t<\/div>\n\t\t\t\t\n<style>\n#col-870486778 > .col-inner {\n  margin: -5px 0px -40px 0px;\n}\n<\/style>\n\t<\/div>\n\n\t\n\n<\/div>\n\n\t\t<\/div>\n\t\t\t\t\n<style>\n#col-1149271207 > .col-inner {\n  padding: 5px 5px 15px 5px;\n}\n<\/style>\n\t<\/div>\n\n\t\n\n\t<div id=\"col-1687862876\" class=\"col medium-4 small-6 large-4\"  >\n\t\t\t\t<div class=\"col-inner text-center box-shadow-3-hover\"  >\n\t\t\t\n\t\t\t\n\n\t<div class=\"img has-hover x md-x lg-x y md-y lg-y\" id=\"image_1258246525\">\n\t\t<a class=\"\" href=\"https:\/\/seelandmobility.ch\/en\/porsche-panamera\/\" >\t\t\t\t\t\t<div class=\"img-inner image-zoom dark\" >\n\t\t\t<img loading=\"lazy\" decoding=\"async\" width=\"500\" height=\"332\" src=\"https:\/\/seelandmobility.ch\/wp-content\/uploads\/2023\/08\/porsche-panamera-in-biel-mieten-luxus-autos-sport-auto-mieten-biel1.png\" class=\"attachment-original size-original\" alt=\"Fahrzeug g\u00fcnstig mieten biel \/ Sportwagen\" srcset=\"https:\/\/seelandmobility.ch\/wp-content\/uploads\/2023\/08\/porsche-panamera-in-biel-mieten-luxus-autos-sport-auto-mieten-biel1.png 500w, https:\/\/seelandmobility.ch\/wp-content\/uploads\/2023\/08\/porsche-panamera-in-biel-mieten-luxus-autos-sport-auto-mieten-biel1-300x199.png 300w\" sizes=\"auto, (max-width: 500px) 100vw, 500px\" \/>\t\t\t\t\t\t\n\t\t\t\t\t<\/div>\n\t\t\t\t\t\t<\/a>\t\t\n<style>\n#image_1258246525 {\n  width: 100%;\n}\n<\/style>\n\t<\/div>\n\t\n\n<div class=\"row\"  id=\"row-1671630863\">\n\n\n\t<div id=\"col-630285179\" class=\"col small-12 large-12\"  >\n\t\t\t\t<div class=\"col-inner text-center\"  >\n\t\t\t\n\t\t\t\n\n\t<div id=\"text-4062074298\" class=\"text harfaralik\">\n\t\t\n\n<table style=\"border-collapse: collapse; width: 100%; height: 22px;\">\r\n<tbody>\r\n<tr style=\"height: 22px;\">\r\n<td style=\"width: 90.6427%; height: 22px;\"><a href=\"\/porsche-panamera\/\"><span style=\"font-size: 110%;\"><span style=\"color: #000000;\"><strong>PORSCHE PANAMERA 4S<\/strong><\/span><\/span><\/a><\/td>\r\n<td style=\"width: 9.35728%; height: 22px; text-align: right;\"><\/td>\r\n<\/tr>\r\n<\/tbody>\r\n<\/table>\n\t\t\n<style>\n#text-4062074298 {\n  font-size: 0.75rem;\n}\n@media (min-width:550px) {\n  #text-4062074298 {\n    font-size: 0.75rem;\n  }\n}\n@media (min-width:850px) {\n  #text-4062074298 {\n    font-size: 1rem;\n  }\n}\n<\/style>\n\t<\/div>\n\t\n\t<div class=\"img has-hover x md-x lg-x y md-y lg-y\" id=\"image_2127001152\">\n\t\t\t\t\t\t\t\t<div class=\"img-inner dark\" style=\"margin:5px 0px 0px 0px;\">\n\t\t\t<img loading=\"lazy\" decoding=\"async\" width=\"383\" height=\"37\" src=\"https:\/\/seelandmobility.ch\/wp-content\/uploads\/2023\/09\/Car-Set.png\" class=\"attachment-original size-original\" alt=\"\" srcset=\"https:\/\/seelandmobility.ch\/wp-content\/uploads\/2023\/09\/Car-Set.png 383w, https:\/\/seelandmobility.ch\/wp-content\/uploads\/2023\/09\/Car-Set-300x29.png 300w\" sizes=\"auto, (max-width: 383px) 100vw, 383px\" \/>\t\t\t\t\t\t\n\t\t\t\t\t<\/div>\n\t\t\t\t\t\t\t\t\n<style>\n#image_2127001152 {\n  width: 100%;\n}\n@media (min-width:550px) {\n  #image_2127001152 {\n    width: 80%;\n  }\n}\n<\/style>\n\t<\/div>\n\t\n\n\n\t\t<\/div>\n\t\t\t\t\n<style>\n#col-630285179 > .col-inner {\n  margin: -5px 0px -40px 0px;\n}\n<\/style>\n\t<\/div>\n\n\t\n\n<\/div>\n\n\t\t<\/div>\n\t\t\t\t\n<style>\n#col-1687862876 > .col-inner {\n  padding: 5px 5px 15px 5px;\n}\n<\/style>\n\t<\/div>\n\n\t\n\n<\/div>\n\n     <\/div>\n\n     <div class=\"loading-spin dark large centered\"><\/div>\n\n\t<\/div>\n\n\n\n\t\t<\/div>\n\t\t\t\t\t<\/div>\n\n\t\n\n<\/div>\n<div class=\"row align-center show-for-small\"  id=\"row-1846268514\">\n\n\n\t<div id=\"col-1655883839\" class=\"col medium-11 small-12 large-11\"  >\n\t\t\t\t<div class=\"col-inner\"  >\n\t\t\t\n\t\t\t\n\n<div class=\"slider-wrapper relative\" id=\"slider-1494236077\" >\n    <div class=\"slider slider-nav-simple slider-nav-large slider-nav-dark slider-nav-outside slider-style-normal\"\n        data-flickity-options='{\n            \"cellAlign\": \"center\",\n            \"imagesLoaded\": true,\n            \"lazyLoad\": 1,\n            \"freeScroll\": false,\n            \"wrapAround\": true,\n            \"autoPlay\": 6000,\n            \"pauseAutoPlayOnHover\" : true,\n            \"prevNextButtons\": true,\n            \"contain\" : true,\n            \"adaptiveHeight\" : true,\n            \"dragThreshold\" : 10,\n            \"percentPosition\": true,\n            \"pageDots\": true,\n            \"rightToLeft\": false,\n            \"draggable\": true,\n            \"selectedAttraction\": 0.1,\n            \"parallax\" : 0,\n            \"friction\": 0.6        }'\n        >\n        \n\n<div class=\"row row-large\"  id=\"row-64103134\">\n\n\n\t<div id=\"col-147017381\" class=\"col medium-4 small-6 large-4\"  >\n\t\t\t\t<div class=\"col-inner text-center box-shadow-3-hover\"  >\n\t\t\t\n\t\t\t\n\n\t<div class=\"img has-hover x md-x lg-x y md-y lg-y\" id=\"image_668725934\">\n\t\t<a class=\"\" href=\"https:\/\/seelandmobility.ch\/en\/hyundaii20biel\/\" >\t\t\t\t\t\t<div class=\"img-inner image-zoom dark\" >\n\t\t\t<img loading=\"lazy\" decoding=\"async\" width=\"502\" height=\"334\" src=\"https:\/\/seelandmobility.ch\/wp-content\/uploads\/2023\/10\/hyundaiii2aasd.jpg\" class=\"attachment-original size-original\" alt=\"G\u00fcnsige Kleinwagen mieten in Biel\" srcset=\"https:\/\/seelandmobility.ch\/wp-content\/uploads\/2023\/10\/hyundaiii2aasd.jpg 502w, https:\/\/seelandmobility.ch\/wp-content\/uploads\/2023\/10\/hyundaiii2aasd-300x200.jpg 300w\" sizes=\"auto, (max-width: 502px) 100vw, 502px\" \/>\t\t\t\t\t\t\n\t\t\t\t\t<\/div>\n\t\t\t\t\t\t<\/a>\t\t\n<style>\n#image_668725934 {\n  width: 100%;\n}\n<\/style>\n\t<\/div>\n\t\n\n<div class=\"row\"  id=\"row-738767146\">\n\n\n\t<div id=\"col-1897844799\" class=\"col small-12 large-12\"  >\n\t\t\t\t<div class=\"col-inner text-center\"  >\n\t\t\t\n\t\t\t\n\n\t<div id=\"text-587233210\" class=\"text harfaralik\">\n\t\t\n\n<table style=\"border-collapse: collapse; width: 100%; height: 22px;\">\r\n<tbody>\r\n<tr style=\"height: 22px;\">\r\n<td style=\"width: 66.8242%; height: 22px;\"><span style=\"font-size: 110%;\"><a href=\"\/hyundaii20biel\/\"><span style=\"color: #000000;\"><strong>HYUNDAI i20<\/strong><\/span><\/a><\/span><\/td>\r\n<td style=\"width: 33.1758%; height: 22px; text-align: right;\"><span style=\"font-size: 105%;\"><strong><span style=\"color: #00aae7;\">CHF 50.-<\/span><\/strong><\/span><\/td>\r\n<\/tr>\r\n<\/tbody>\r\n<\/table>\n\t\t\n<style>\n#text-587233210 {\n  font-size: 0.75rem;\n}\n@media (min-width:550px) {\n  #text-587233210 {\n    font-size: 0.75rem;\n  }\n}\n@media (min-width:850px) {\n  #text-587233210 {\n    font-size: 1rem;\n  }\n}\n<\/style>\n\t<\/div>\n\t\n\t<div class=\"img has-hover x md-x lg-x y md-y lg-y\" id=\"image_1484627910\">\n\t\t<a class=\"\" href=\"http:\/\/hyundaii20biel\" >\t\t\t\t\t\t<div class=\"img-inner dark\" style=\"margin:5px 0px 0px 0px;\">\n\t\t\t<img loading=\"lazy\" decoding=\"async\" width=\"383\" height=\"37\" src=\"https:\/\/seelandmobility.ch\/wp-content\/uploads\/2023\/09\/Car-Set-12.png\" class=\"attachment-original size-original\" alt=\"\" srcset=\"https:\/\/seelandmobility.ch\/wp-content\/uploads\/2023\/09\/Car-Set-12.png 383w, https:\/\/seelandmobility.ch\/wp-content\/uploads\/2023\/09\/Car-Set-12-300x29.png 300w\" sizes=\"auto, (max-width: 383px) 100vw, 383px\" \/>\t\t\t\t\t\t\n\t\t\t\t\t<\/div>\n\t\t\t\t\t\t<\/a>\t\t\n<style>\n#image_1484627910 {\n  width: 100%;\n}\n@media (min-width:550px) {\n  #image_1484627910 {\n    width: 80%;\n  }\n}\n<\/style>\n\t<\/div>\n\t\n\n\n\t\t<\/div>\n\t\t\t\t\n<style>\n#col-1897844799 > .col-inner {\n  margin: -5px 0px -40px 0px;\n}\n<\/style>\n\t<\/div>\n\n\t\n\n<\/div>\n\n\t\t<\/div>\n\t\t\t\t\n<style>\n#col-147017381 > .col-inner {\n  padding: 5px 5px 15px 5px;\n}\n<\/style>\n\t<\/div>\n\n\t\n\n\t<div id=\"col-551621008\" class=\"col medium-4 small-6 large-4\"  >\n\t\t\t\t<div class=\"col-inner text-center box-shadow-3-hover\"  >\n\t\t\t\n\t\t\t\n\n\t<div class=\"img has-hover x md-x lg-x y md-y lg-y\" id=\"image_501172582\">\n\t\t<a class=\"\" href=\"https:\/\/seelandmobility.ch\/en\/peugeot-208-3\/\" >\t\t\t\t\t\t<div class=\"img-inner image-zoom dark\" >\n\t\t\t<img loading=\"lazy\" decoding=\"async\" width=\"500\" height=\"332\" src=\"https:\/\/seelandmobility.ch\/wp-content\/uploads\/2023\/08\/guenstig-automieten-lyss-ipsach-port1.png\" class=\"attachment-original size-original\" alt=\"\" srcset=\"https:\/\/seelandmobility.ch\/wp-content\/uploads\/2023\/08\/guenstig-automieten-lyss-ipsach-port1.png 500w, https:\/\/seelandmobility.ch\/wp-content\/uploads\/2023\/08\/guenstig-automieten-lyss-ipsach-port1-300x199.png 300w\" sizes=\"auto, (max-width: 500px) 100vw, 500px\" \/>\t\t\t\t\t\t\n\t\t\t\t\t<\/div>\n\t\t\t\t\t\t<\/a>\t\t\n<style>\n#image_501172582 {\n  width: 100%;\n}\n<\/style>\n\t<\/div>\n\t\n\n<div class=\"row\"  id=\"row-400945812\">\n\n\n\t<div id=\"col-2128323396\" class=\"col small-12 large-12\"  >\n\t\t\t\t<div class=\"col-inner text-center\"  >\n\t\t\t\n\t\t\t\n\n\t<div id=\"text-1963126853\" class=\"text harfaralik\">\n\t\t\n\n<table style=\"border-collapse: collapse; width: 100%; height: 22px;\">\r\n<tbody>\r\n<tr style=\"height: 22px;\">\r\n<td style=\"width: 66.8242%; height: 22px;\"><a href=\"\/peugeot-208-3\/\"><span style=\"font-size: 110%;\"><span style=\"color: #000000;\"><strong>PEUGEOT 208<\/strong><\/span><\/span><\/a><\/td>\r\n<td style=\"width: 33.1758%; height: 22px; text-align: right;\"><span style=\"font-size: 105%;\"><strong><span style=\"color: #00aae7;\">CHF 50.-<\/span><\/strong><\/span><\/td>\r\n<\/tr>\r\n<\/tbody>\r\n<\/table>\n\t\t\n<style>\n#text-1963126853 {\n  font-size: 0.75rem;\n}\n@media (min-width:550px) {\n  #text-1963126853 {\n    font-size: 0.75rem;\n  }\n}\n@media (min-width:850px) {\n  #text-1963126853 {\n    font-size: 1rem;\n  }\n}\n<\/style>\n\t<\/div>\n\t\n\t<div class=\"img has-hover x md-x lg-x y md-y lg-y\" id=\"image_386703316\">\n\t\t\t\t\t\t\t\t<div class=\"img-inner dark\" style=\"margin:5px 0px 0px 0px;\">\n\t\t\t<img loading=\"lazy\" decoding=\"async\" width=\"383\" height=\"37\" src=\"https:\/\/seelandmobility.ch\/wp-content\/uploads\/2023\/09\/Car-Set-12.png\" class=\"attachment-original size-original\" alt=\"\" srcset=\"https:\/\/seelandmobility.ch\/wp-content\/uploads\/2023\/09\/Car-Set-12.png 383w, https:\/\/seelandmobility.ch\/wp-content\/uploads\/2023\/09\/Car-Set-12-300x29.png 300w\" sizes=\"auto, (max-width: 383px) 100vw, 383px\" \/>\t\t\t\t\t\t\n\t\t\t\t\t<\/div>\n\t\t\t\t\t\t\t\t\n<style>\n#image_386703316 {\n  width: 100%;\n}\n@media (min-width:550px) {\n  #image_386703316 {\n    width: 80%;\n  }\n}\n<\/style>\n\t<\/div>\n\t\n\n\n\t\t<\/div>\n\t\t\t\t\n<style>\n#col-2128323396 > .col-inner {\n  margin: -5px 0px -40px 0px;\n}\n<\/style>\n\t<\/div>\n\n\t\n\n<\/div>\n\n\t\t<\/div>\n\t\t\t\t\n<style>\n#col-551621008 > .col-inner {\n  padding: 5px 5px 15px 5px;\n}\n<\/style>\n\t<\/div>\n\n\t\n\n\t<div id=\"col-1939624485\" class=\"col medium-4 small-6 large-4\"  >\n\t\t\t\t<div class=\"col-inner text-center box-shadow-3-hover\"  >\n\t\t\t\n\t\t\t\n\n\t<div class=\"img has-hover x md-x lg-x y md-y lg-y\" id=\"image_670687984\">\n\t\t<a class=\"\" href=\"https:\/\/seelandmobility.ch\/en\/peugeot-208\/\" >\t\t\t\t\t\t<div class=\"img-inner image-zoom dark\" >\n\t\t\t<img loading=\"lazy\" decoding=\"async\" width=\"500\" height=\"332\" src=\"https:\/\/seelandmobility.ch\/wp-content\/uploads\/2023\/08\/auto-mieten-biel-bienne1.png\" class=\"attachment-original size-original\" alt=\"\" srcset=\"https:\/\/seelandmobility.ch\/wp-content\/uploads\/2023\/08\/auto-mieten-biel-bienne1.png 500w, https:\/\/seelandmobility.ch\/wp-content\/uploads\/2023\/08\/auto-mieten-biel-bienne1-300x199.png 300w\" sizes=\"auto, (max-width: 500px) 100vw, 500px\" \/>\t\t\t\t\t\t\n\t\t\t\t\t<\/div>\n\t\t\t\t\t\t<\/a>\t\t\n<style>\n#image_670687984 {\n  width: 100%;\n}\n<\/style>\n\t<\/div>\n\t\n\n<div class=\"row\"  id=\"row-1630869252\">\n\n\n\t<div id=\"col-1865512666\" class=\"col small-12 large-12\"  >\n\t\t\t\t<div class=\"col-inner text-center\"  >\n\t\t\t\n\t\t\t\n\n\t<div id=\"text-255080724\" class=\"text harfaralik\">\n\t\t\n\n<table style=\"border-collapse: collapse; width: 100%; height: 22px;\">\r\n<tbody>\r\n<tr style=\"height: 22px;\">\r\n<td style=\"width: 66.8242%; height: 22px;\"><a href=\"\/peugeot-208\/\"><span style=\"font-size: 110%;\"><span style=\"color: #000000;\"><strong>PEUGEOT 208<\/strong><\/span><\/span><\/a><\/td>\r\n<td style=\"width: 33.1758%; height: 22px; text-align: right;\"><span style=\"font-size: 105%;\"><strong><span style=\"color: #00aae7;\">CHF 50.-<\/span><\/strong><\/span><\/td>\r\n<\/tr>\r\n<\/tbody>\r\n<\/table>\n\t\t\n<style>\n#text-255080724 {\n  font-size: 0.75rem;\n}\n@media (min-width:550px) {\n  #text-255080724 {\n    font-size: 0.75rem;\n  }\n}\n@media (min-width:850px) {\n  #text-255080724 {\n    font-size: 1rem;\n  }\n}\n<\/style>\n\t<\/div>\n\t\n\t<div class=\"img has-hover x md-x lg-x y md-y lg-y\" id=\"image_898583636\">\n\t\t\t\t\t\t\t\t<div class=\"img-inner dark\" style=\"margin:5px 0px 0px 0px;\">\n\t\t\t<img loading=\"lazy\" decoding=\"async\" width=\"383\" height=\"37\" src=\"https:\/\/seelandmobility.ch\/wp-content\/uploads\/2023\/09\/Car-Set-12.png\" class=\"attachment-original size-original\" alt=\"\" srcset=\"https:\/\/seelandmobility.ch\/wp-content\/uploads\/2023\/09\/Car-Set-12.png 383w, https:\/\/seelandmobility.ch\/wp-content\/uploads\/2023\/09\/Car-Set-12-300x29.png 300w\" sizes=\"auto, (max-width: 383px) 100vw, 383px\" \/>\t\t\t\t\t\t\n\t\t\t\t\t<\/div>\n\t\t\t\t\t\t\t\t\n<style>\n#image_898583636 {\n  width: 100%;\n}\n@media (min-width:550px) {\n  #image_898583636 {\n    width: 80%;\n  }\n}\n<\/style>\n\t<\/div>\n\t\n\n\n\t\t<\/div>\n\t\t\t\t\n<style>\n#col-1865512666 > .col-inner {\n  margin: -5px 0px -40px 0px;\n}\n<\/style>\n\t<\/div>\n\n\t\n\n<\/div>\n\n\t\t<\/div>\n\t\t\t\t\n<style>\n#col-1939624485 > .col-inner {\n  padding: 5px 5px 15px 5px;\n}\n<\/style>\n\t<\/div>\n\n\t\n\n\t<div id=\"col-260756688\" class=\"col medium-4 small-6 large-4\"  >\n\t\t\t\t<div class=\"col-inner text-center box-shadow-3-hover\"  >\n\t\t\t\n\t\t\t\n\n\t<div class=\"img has-hover x md-x lg-x y md-y lg-y\" id=\"image_1427696376\">\n\t\t<a class=\"\" href=\"https:\/\/seelandmobility.ch\/en\/peugeot-208-2\/\" >\t\t\t\t\t\t<div class=\"img-inner image-zoom dark\" >\n\t\t\t<img loading=\"lazy\" decoding=\"async\" width=\"501\" height=\"333\" src=\"https:\/\/seelandmobility.ch\/wp-content\/uploads\/2025\/02\/Citroen-DS3.jpg\" class=\"attachment-original size-original\" alt=\"Citroen DS3 Mieten, in Biel Mietwagen Biel\" srcset=\"https:\/\/seelandmobility.ch\/wp-content\/uploads\/2025\/02\/Citroen-DS3.jpg 501w, https:\/\/seelandmobility.ch\/wp-content\/uploads\/2025\/02\/Citroen-DS3-300x199.jpg 300w\" sizes=\"auto, (max-width: 501px) 100vw, 501px\" \/>\t\t\t\t\t\t\n\t\t\t\t\t<\/div>\n\t\t\t\t\t\t<\/a>\t\t\n<style>\n#image_1427696376 {\n  width: 100%;\n}\n<\/style>\n\t<\/div>\n\t\n\n<div class=\"row\"  id=\"row-999050023\">\n\n\n\t<div id=\"col-825165281\" class=\"col small-12 large-12\"  >\n\t\t\t\t<div class=\"col-inner text-center\"  >\n\t\t\t\n\t\t\t\n\n\t<div id=\"text-1492015633\" class=\"text harfaralik\">\n\t\t\n\n<table style=\"border-collapse: collapse; width: 100%; height: 22px;\">\r\n<tbody>\r\n<tr style=\"height: 22px;\">\r\n<td style=\"width: 66.8242%; height: 22px;\"><a href=\"\/peugeot-208-2\/\"><span style=\"font-size: 110%;\"><span style=\"color: #000000;\"><strong>CITROEN DS3<\/strong><\/span><\/span><\/a><\/td>\r\n<td style=\"width: 33.1758%; height: 22px; text-align: right;\"><span style=\"font-size: 105%;\"><strong><span style=\"color: #00aae7;\">CHF 50.-<\/span><\/strong><\/span><\/td>\r\n<\/tr>\r\n<\/tbody>\r\n<\/table>\n\t\t\n<style>\n#text-1492015633 {\n  font-size: 0.75rem;\n}\n@media (min-width:550px) {\n  #text-1492015633 {\n    font-size: 0.75rem;\n  }\n}\n@media (min-width:850px) {\n  #text-1492015633 {\n    font-size: 1rem;\n  }\n}\n<\/style>\n\t<\/div>\n\t\n\t<div class=\"img has-hover x md-x lg-x y md-y lg-y\" id=\"image_458131660\">\n\t\t\t\t\t\t\t\t<div class=\"img-inner dark\" style=\"margin:5px 0px 0px 0px;\">\n\t\t\t<img loading=\"lazy\" decoding=\"async\" width=\"383\" height=\"37\" src=\"https:\/\/seelandmobility.ch\/wp-content\/uploads\/2023\/09\/Car-Set-12.png\" class=\"attachment-original size-original\" alt=\"\" srcset=\"https:\/\/seelandmobility.ch\/wp-content\/uploads\/2023\/09\/Car-Set-12.png 383w, https:\/\/seelandmobility.ch\/wp-content\/uploads\/2023\/09\/Car-Set-12-300x29.png 300w\" sizes=\"auto, (max-width: 383px) 100vw, 383px\" \/>\t\t\t\t\t\t\n\t\t\t\t\t<\/div>\n\t\t\t\t\t\t\t\t\n<style>\n#image_458131660 {\n  width: 100%;\n}\n@media (min-width:550px) {\n  #image_458131660 {\n    width: 80%;\n  }\n}\n<\/style>\n\t<\/div>\n\t\n\n\n\t\t<\/div>\n\t\t\t\t\n<style>\n#col-825165281 > .col-inner {\n  margin: -5px 0px -40px 0px;\n}\n<\/style>\n\t<\/div>\n\n\t\n\n<\/div>\n\n\t\t<\/div>\n\t\t\t\t\n<style>\n#col-260756688 > .col-inner {\n  padding: 5px 5px 15px 5px;\n}\n<\/style>\n\t<\/div>\n\n\t\n\n<\/div>\n<div class=\"row\"  id=\"row-1381956322\">\n\n\n\t<div id=\"col-1545193863\" class=\"col medium-4 small-6 large-4\"  >\n\t\t\t\t<div class=\"col-inner text-center box-shadow-3-hover\"  >\n\t\t\t\n\t\t\t\n\n\t<div class=\"img has-hover x md-x lg-x y md-y lg-y\" id=\"image_1777357101\">\n\t\t<a class=\"\" href=\"https:\/\/seelandmobility.ch\/en\/citroen-c1-mieten-biel\/\" >\t\t\t\t\t\t<div class=\"img-inner image-zoom dark\" >\n\t\t\t<img loading=\"lazy\" decoding=\"async\" width=\"502\" height=\"334\" src=\"https:\/\/seelandmobility.ch\/wp-content\/uploads\/2024\/07\/Aklasse-mercedes.jpg\" class=\"attachment-original size-original\" alt=\"Mietwagen mieten Biel\" srcset=\"https:\/\/seelandmobility.ch\/wp-content\/uploads\/2024\/07\/Aklasse-mercedes.jpg 502w, https:\/\/seelandmobility.ch\/wp-content\/uploads\/2024\/07\/Aklasse-mercedes-300x200.jpg 300w\" sizes=\"auto, (max-width: 502px) 100vw, 502px\" \/>\t\t\t\t\t\t\n\t\t\t\t\t<\/div>\n\t\t\t\t\t\t<\/a>\t\t\n<style>\n#image_1777357101 {\n  width: 100%;\n}\n<\/style>\n\t<\/div>\n\t\n\n<div class=\"row\"  id=\"row-1893449459\">\n\n\n\t<div id=\"col-652289474\" class=\"col small-12 large-12\"  >\n\t\t\t\t<div class=\"col-inner text-center\"  >\n\t\t\t\n\t\t\t\n\n\t<div id=\"text-704650338\" class=\"text harfaralik\">\n\t\t\n\n<table style=\"border-collapse: collapse; width: 100%; height: 22px;\">\r\n<tbody>\r\n<tr style=\"height: 22px;\">\r\n<td style=\"width: 66.8242%; height: 22px;\"><a href=\"\/citroenc1\/\"><span style=\"font-size: 110%;\"><span style=\"color: #000000;\"><strong>MERCEDES A-CLASS<\/strong><\/span><\/span><\/a><\/td>\r\n<td style=\"width: 33.1758%; height: 22px; text-align: right;\"><span style=\"font-size: 105%;\"><strong><span style=\"color: #00aae7;\">CHF 45.-<\/span><\/strong><\/span><\/td>\r\n<\/tr>\r\n<\/tbody>\r\n<\/table>\n\t\t\n<style>\n#text-704650338 {\n  font-size: 0.75rem;\n}\n@media (min-width:550px) {\n  #text-704650338 {\n    font-size: 0.75rem;\n  }\n}\n@media (min-width:850px) {\n  #text-704650338 {\n    font-size: 1rem;\n  }\n}\n<\/style>\n\t<\/div>\n\t\n\t<div class=\"img has-hover x md-x lg-x y md-y lg-y\" id=\"image_966811468\">\n\t\t\t\t\t\t\t\t<div class=\"img-inner dark\" style=\"margin:5px 0px 0px 0px;\">\n\t\t\t<img loading=\"lazy\" decoding=\"async\" width=\"383\" height=\"37\" src=\"https:\/\/seelandmobility.ch\/wp-content\/uploads\/2023\/09\/Car-Set-12.png\" class=\"attachment-original size-original\" alt=\"\" srcset=\"https:\/\/seelandmobility.ch\/wp-content\/uploads\/2023\/09\/Car-Set-12.png 383w, https:\/\/seelandmobility.ch\/wp-content\/uploads\/2023\/09\/Car-Set-12-300x29.png 300w\" sizes=\"auto, (max-width: 383px) 100vw, 383px\" \/>\t\t\t\t\t\t\n\t\t\t\t\t<\/div>\n\t\t\t\t\t\t\t\t\n<style>\n#image_966811468 {\n  width: 100%;\n}\n@media (min-width:550px) {\n  #image_966811468 {\n    width: 80%;\n  }\n}\n<\/style>\n\t<\/div>\n\t\n\n\n\t\t<\/div>\n\t\t\t\t\n<style>\n#col-652289474 > .col-inner {\n  margin: -5px 0px -40px 0px;\n}\n<\/style>\n\t<\/div>\n\n\t\n\n<\/div>\n\n\t\t<\/div>\n\t\t\t\t\n<style>\n#col-1545193863 > .col-inner {\n  padding: 5px 5px 15px 5px;\n}\n<\/style>\n\t<\/div>\n\n\t\n\n\t<div id=\"col-2062459087\" class=\"col medium-4 small-6 large-4\"  >\n\t\t\t\t<div class=\"col-inner text-center box-shadow-3-hover\"  >\n\t\t\t\n\t\t\t\n\n\t<div class=\"img has-hover x md-x lg-x y md-y lg-y\" id=\"image_1448631208\">\n\t\t<a class=\"\" href=\"https:\/\/seelandmobility.ch\/en\/opel-meriva\/\" >\t\t\t\t\t\t<div class=\"img-inner image-zoom dark\" >\n\t\t\t<img loading=\"lazy\" decoding=\"async\" width=\"500\" height=\"332\" src=\"https:\/\/seelandmobility.ch\/wp-content\/uploads\/2023\/08\/guenstige-autos-in-biel-sofort-mieten-ab-30-chf1.png\" class=\"attachment-original size-original\" alt=\"\" srcset=\"https:\/\/seelandmobility.ch\/wp-content\/uploads\/2023\/08\/guenstige-autos-in-biel-sofort-mieten-ab-30-chf1.png 500w, https:\/\/seelandmobility.ch\/wp-content\/uploads\/2023\/08\/guenstige-autos-in-biel-sofort-mieten-ab-30-chf1-300x199.png 300w\" sizes=\"auto, (max-width: 500px) 100vw, 500px\" \/>\t\t\t\t\t\t\n\t\t\t\t\t<\/div>\n\t\t\t\t\t\t<\/a>\t\t\n<style>\n#image_1448631208 {\n  width: 100%;\n}\n<\/style>\n\t<\/div>\n\t\n\n<div class=\"row\"  id=\"row-155780516\">\n\n\n\t<div id=\"col-1533437126\" class=\"col small-12 large-12\"  >\n\t\t\t\t<div class=\"col-inner text-center\"  >\n\t\t\t\n\t\t\t\n\n\t<div id=\"text-2843816790\" class=\"text harfaralik\">\n\t\t\n\n<table style=\"border-collapse: collapse; width: 100%; height: 22px;\">\r\n<tbody>\r\n<tr style=\"height: 22px;\">\r\n<td style=\"width: 66.8242%; height: 22px;\"><a href=\"\/opel-meriva\/\"><span style=\"font-size: 110%;\"><span style=\"color: #000000;\"><strong>OPEL MERIVA<\/strong><\/span><\/span><\/a><\/td>\r\n<td style=\"width: 33.1758%; height: 22px; text-align: right;\"><span style=\"font-size: 105%;\"><strong><span style=\"color: #00aae7;\">CHF 45.-<\/span><\/strong><\/span><\/td>\r\n<\/tr>\r\n<\/tbody>\r\n<\/table>\n\t\t\n<style>\n#text-2843816790 {\n  font-size: 0.75rem;\n}\n@media (min-width:550px) {\n  #text-2843816790 {\n    font-size: 0.75rem;\n  }\n}\n@media (min-width:850px) {\n  #text-2843816790 {\n    font-size: 1rem;\n  }\n}\n<\/style>\n\t<\/div>\n\t\n\t<div class=\"img has-hover x md-x lg-x y md-y lg-y\" id=\"image_2061278741\">\n\t\t\t\t\t\t\t\t<div class=\"img-inner dark\" style=\"margin:5px 0px 0px 0px;\">\n\t\t\t<img loading=\"lazy\" decoding=\"async\" width=\"383\" height=\"37\" src=\"https:\/\/seelandmobility.ch\/wp-content\/uploads\/2023\/09\/Car-Set-12.png\" class=\"attachment-original size-original\" alt=\"\" srcset=\"https:\/\/seelandmobility.ch\/wp-content\/uploads\/2023\/09\/Car-Set-12.png 383w, https:\/\/seelandmobility.ch\/wp-content\/uploads\/2023\/09\/Car-Set-12-300x29.png 300w\" sizes=\"auto, (max-width: 383px) 100vw, 383px\" \/>\t\t\t\t\t\t\n\t\t\t\t\t<\/div>\n\t\t\t\t\t\t\t\t\n<style>\n#image_2061278741 {\n  width: 100%;\n}\n@media (min-width:550px) {\n  #image_2061278741 {\n    width: 80%;\n  }\n}\n<\/style>\n\t<\/div>\n\t\n\n\n\t\t<\/div>\n\t\t\t\t\n<style>\n#col-1533437126 > .col-inner {\n  margin: -5px 0px -40px 0px;\n}\n<\/style>\n\t<\/div>\n\n\t\n\n<\/div>\n\n\t\t<\/div>\n\t\t\t\t\n<style>\n#col-2062459087 > .col-inner {\n  padding: 5px 5px 15px 5px;\n}\n<\/style>\n\t<\/div>\n\n\t\n\n\t<div id=\"col-2141243988\" class=\"col medium-4 small-6 large-4\"  >\n\t\t\t\t<div class=\"col-inner text-center box-shadow-3-hover\"  >\n\t\t\t\n\t\t\t\n\n\t<div class=\"img has-hover x md-x lg-x y md-y lg-y\" id=\"image_590009952\">\n\t\t<a class=\"\" href=\"https:\/\/seelandmobility.ch\/en\/peugeot-2008\/\" >\t\t\t\t\t\t<div class=\"img-inner image-zoom dark\" >\n\t\t\t<img loading=\"lazy\" decoding=\"async\" width=\"502\" height=\"334\" src=\"https:\/\/seelandmobility.ch\/wp-content\/uploads\/2024\/12\/peugeot-2008-schaltung.png\" class=\"attachment-original size-original\" alt=\"G\u00fcnstige SUV Mieten in Biel, auto biel miete\" srcset=\"https:\/\/seelandmobility.ch\/wp-content\/uploads\/2024\/12\/peugeot-2008-schaltung.png 502w, https:\/\/seelandmobility.ch\/wp-content\/uploads\/2024\/12\/peugeot-2008-schaltung-300x200.png 300w\" sizes=\"auto, (max-width: 502px) 100vw, 502px\" \/>\t\t\t\t\t\t\n\t\t\t\t\t<\/div>\n\t\t\t\t\t\t<\/a>\t\t\n<style>\n#image_590009952 {\n  width: 100%;\n}\n<\/style>\n\t<\/div>\n\t\n\n<div class=\"row\"  id=\"row-525685579\">\n\n\n\t<div id=\"col-1842075736\" class=\"col small-12 large-12\"  >\n\t\t\t\t<div class=\"col-inner text-center\"  >\n\t\t\t\n\t\t\t\n\n\t<div id=\"text-4285325790\" class=\"text harfaralik\">\n\t\t\n\n<table style=\"border-collapse: collapse; width: 100%; height: 22px;\">\r\n<tbody>\r\n<tr style=\"height: 22px;\">\r\n<td style=\"width: 66.8242%; height: 22px;\"><a href=\"\/peugeot-2008\/\"><span style=\"font-size: 110%;\"><span style=\"color: #000000;\"><strong>PEUGEOT 2008<\/strong><\/span><\/span><\/a><\/td>\r\n<td style=\"width: 33.1758%; height: 22px; text-align: right;\"><span style=\"font-size: 105%;\"><strong><span style=\"color: #00aae7;\">CHF 60.-<\/span><\/strong><\/span><\/td>\r\n<\/tr>\r\n<\/tbody>\r\n<\/table>\n\t\t\n<style>\n#text-4285325790 {\n  font-size: 0.75rem;\n}\n@media (min-width:550px) {\n  #text-4285325790 {\n    font-size: 0.75rem;\n  }\n}\n@media (min-width:850px) {\n  #text-4285325790 {\n    font-size: 1rem;\n  }\n}\n<\/style>\n\t<\/div>\n\t\n\t<div class=\"img has-hover x md-x lg-x y md-y lg-y\" id=\"image_1303241872\">\n\t\t\t\t\t\t\t\t<div class=\"img-inner dark\" style=\"margin:5px 0px 0px 0px;\">\n\t\t\t<img loading=\"lazy\" decoding=\"async\" width=\"383\" height=\"37\" src=\"https:\/\/seelandmobility.ch\/wp-content\/uploads\/2023\/09\/Car-Set-3.png\" class=\"attachment-original size-original\" alt=\"\" srcset=\"https:\/\/seelandmobility.ch\/wp-content\/uploads\/2023\/09\/Car-Set-3.png 383w, https:\/\/seelandmobility.ch\/wp-content\/uploads\/2023\/09\/Car-Set-3-300x29.png 300w\" sizes=\"auto, (max-width: 383px) 100vw, 383px\" \/>\t\t\t\t\t\t\n\t\t\t\t\t<\/div>\n\t\t\t\t\t\t\t\t\n<style>\n#image_1303241872 {\n  width: 100%;\n}\n@media (min-width:550px) {\n  #image_1303241872 {\n    width: 80%;\n  }\n}\n<\/style>\n\t<\/div>\n\t\n\n\n\t\t<\/div>\n\t\t\t\t\n<style>\n#col-1842075736 > .col-inner {\n  margin: -5px 0px -40px 0px;\n}\n<\/style>\n\t<\/div>\n\n\t\n\n<\/div>\n\n\t\t<\/div>\n\t\t\t\t\n<style>\n#col-2141243988 > .col-inner {\n  padding: 5px 5px 15px 5px;\n}\n<\/style>\n\t<\/div>\n\n\t\n\n\t<div id=\"col-856002449\" class=\"col medium-4 small-6 large-4\"  >\n\t\t\t\t<div class=\"col-inner text-center box-shadow-3-hover\"  >\n\t\t\t\n\t\t\t\n\n\t<div class=\"img has-hover x md-x lg-x y md-y lg-y\" id=\"image_45273075\">\n\t\t<a class=\"\" href=\"https:\/\/seelandmobility.ch\/en\/new-vw-polo-2\/\" >\t\t\t\t\t\t<div class=\"img-inner image-zoom dark\" >\n\t\t\t<img loading=\"lazy\" decoding=\"async\" width=\"500\" height=\"332\" src=\"https:\/\/seelandmobility.ch\/wp-content\/uploads\/2023\/08\/image-11-1.png\" class=\"attachment-original size-original\" alt=\"\" srcset=\"https:\/\/seelandmobility.ch\/wp-content\/uploads\/2023\/08\/image-11-1.png 500w, https:\/\/seelandmobility.ch\/wp-content\/uploads\/2023\/08\/image-11-1-300x199.png 300w\" sizes=\"auto, (max-width: 500px) 100vw, 500px\" \/>\t\t\t\t\t\t\n\t\t\t\t\t<\/div>\n\t\t\t\t\t\t<\/a>\t\t\n<style>\n#image_45273075 {\n  width: 100%;\n}\n<\/style>\n\t<\/div>\n\t\n\n<div class=\"row\"  id=\"row-1631208796\">\n\n\n\t<div id=\"col-2062112276\" class=\"col small-12 large-12\"  >\n\t\t\t\t<div class=\"col-inner text-center\"  >\n\t\t\t\n\t\t\t\n\n\t<div id=\"text-1927826307\" class=\"text harfaralik\">\n\t\t\n\n<table style=\"border-collapse: collapse; width: 100%; height: 22px;\">\r\n<tbody>\r\n<tr style=\"height: 22px;\">\r\n<td style=\"width: 66.8242%; height: 22px;\"><a href=\"\/new-vw-polo\/\"><span style=\"font-size: 110%;\"><span style=\"color: #000000;\"><strong>NEW VW POLO<\/strong><\/span><\/span><\/a><\/td>\r\n<td style=\"width: 33.1758%; height: 22px; text-align: right;\"><span style=\"font-size: 105%;\"><strong><span style=\"color: #00aae7;\">CHF 60.-<\/span><\/strong><\/span><\/td>\r\n<\/tr>\r\n<\/tbody>\r\n<\/table>\n\t\t\n<style>\n#text-1927826307 {\n  font-size: 0.75rem;\n}\n@media (min-width:550px) {\n  #text-1927826307 {\n    font-size: 0.75rem;\n  }\n}\n@media (min-width:850px) {\n  #text-1927826307 {\n    font-size: 1rem;\n  }\n}\n<\/style>\n\t<\/div>\n\t\n\t<div class=\"img has-hover x md-x lg-x y md-y lg-y\" id=\"image_1197991070\">\n\t\t\t\t\t\t\t\t<div class=\"img-inner dark\" style=\"margin:5px 0px 0px 0px;\">\n\t\t\t<img loading=\"lazy\" decoding=\"async\" width=\"383\" height=\"37\" src=\"https:\/\/seelandmobility.ch\/wp-content\/uploads\/2023\/09\/Car-Set-3.png\" class=\"attachment-original size-original\" alt=\"\" srcset=\"https:\/\/seelandmobility.ch\/wp-content\/uploads\/2023\/09\/Car-Set-3.png 383w, https:\/\/seelandmobility.ch\/wp-content\/uploads\/2023\/09\/Car-Set-3-300x29.png 300w\" sizes=\"auto, (max-width: 383px) 100vw, 383px\" \/>\t\t\t\t\t\t\n\t\t\t\t\t<\/div>\n\t\t\t\t\t\t\t\t\n<style>\n#image_1197991070 {\n  width: 100%;\n}\n@media (min-width:550px) {\n  #image_1197991070 {\n    width: 80%;\n  }\n}\n<\/style>\n\t<\/div>\n\t\n\n\n\t\t<\/div>\n\t\t\t\t\n<style>\n#col-2062112276 > .col-inner {\n  margin: -5px 0px -40px 0px;\n}\n<\/style>\n\t<\/div>\n\n\t\n\n<\/div>\n\n\t\t<\/div>\n\t\t\t\t\n<style>\n#col-856002449 > .col-inner {\n  padding: 5px 5px 15px 5px;\n}\n<\/style>\n\t<\/div>\n\n\t\n\n<\/div>\n<div class=\"row\"  id=\"row-966684406\">\n\n\n\t<div id=\"col-198599252\" class=\"col medium-4 small-6 large-4\"  >\n\t\t\t\t<div class=\"col-inner text-center box-shadow-3-hover\"  >\n\t\t\t\n\t\t\t\n\n\t<div class=\"img has-hover x md-x lg-x y md-y lg-y\" id=\"image_707889457\">\n\t\t<a class=\"\" href=\"https:\/\/seelandmobility.ch\/en\/new-vw-polo\/\" >\t\t\t\t\t\t<div class=\"img-inner image-zoom dark\" >\n\t\t\t<img loading=\"lazy\" decoding=\"async\" width=\"501\" height=\"334\" src=\"https:\/\/seelandmobility.ch\/wp-content\/uploads\/2025\/02\/PEUGEOT-208-ORNAGE-A.jpg\" class=\"attachment-original size-original\" alt=\"Peugeot 208 Orange mieten, Mietwagen Fahrzeug mieten\" srcset=\"https:\/\/seelandmobility.ch\/wp-content\/uploads\/2025\/02\/PEUGEOT-208-ORNAGE-A.jpg 501w, https:\/\/seelandmobility.ch\/wp-content\/uploads\/2025\/02\/PEUGEOT-208-ORNAGE-A-300x200.jpg 300w\" sizes=\"auto, (max-width: 501px) 100vw, 501px\" \/>\t\t\t\t\t\t\n\t\t\t\t\t<\/div>\n\t\t\t\t\t\t<\/a>\t\t\n<style>\n#image_707889457 {\n  width: 100%;\n}\n<\/style>\n\t<\/div>\n\t\n\n<div class=\"row\"  id=\"row-1079897466\">\n\n\n\t<div id=\"col-2013997657\" class=\"col small-12 large-12\"  >\n\t\t\t\t<div class=\"col-inner text-center\"  >\n\t\t\t\n\t\t\t\n\n\t<div id=\"text-3791200772\" class=\"text harfaralik\">\n\t\t\n\n<table style=\"border-collapse: collapse; width: 100%; height: 22px;\">\r\n<tbody>\r\n<tr style=\"height: 22px;\">\r\n<td style=\"width: 66.8242%; height: 22px;\"><span style=\"color: #000000;\"><span style=\"font-size: 15.84px;\"><b>PEUGEOT 208<\/b><\/span><\/span><\/td>\r\n<td style=\"width: 33.1758%; height: 22px; text-align: right;\"><span style=\"font-size: 105%;\"><strong><span style=\"color: #00aae7;\">CHF 60.-<\/span><\/strong><\/span><\/td>\r\n<\/tr>\r\n<\/tbody>\r\n<\/table>\n\t\t\n<style>\n#text-3791200772 {\n  font-size: 0.75rem;\n}\n@media (min-width:550px) {\n  #text-3791200772 {\n    font-size: 0.75rem;\n  }\n}\n@media (min-width:850px) {\n  #text-3791200772 {\n    font-size: 1rem;\n  }\n}\n<\/style>\n\t<\/div>\n\t\n\t<div class=\"img has-hover x md-x lg-x y md-y lg-y\" id=\"image_1418081542\">\n\t\t\t\t\t\t\t\t<div class=\"img-inner dark\" style=\"margin:5px 0px 0px 0px;\">\n\t\t\t<img loading=\"lazy\" decoding=\"async\" width=\"383\" height=\"37\" src=\"https:\/\/seelandmobility.ch\/wp-content\/uploads\/2023\/09\/Car-Set-3.png\" class=\"attachment-original size-original\" alt=\"\" srcset=\"https:\/\/seelandmobility.ch\/wp-content\/uploads\/2023\/09\/Car-Set-3.png 383w, https:\/\/seelandmobility.ch\/wp-content\/uploads\/2023\/09\/Car-Set-3-300x29.png 300w\" sizes=\"auto, (max-width: 383px) 100vw, 383px\" \/>\t\t\t\t\t\t\n\t\t\t\t\t<\/div>\n\t\t\t\t\t\t\t\t\n<style>\n#image_1418081542 {\n  width: 100%;\n}\n@media (min-width:550px) {\n  #image_1418081542 {\n    width: 80%;\n  }\n}\n<\/style>\n\t<\/div>\n\t\n\n\n\t\t<\/div>\n\t\t\t\t\n<style>\n#col-2013997657 > .col-inner {\n  margin: -5px 0px -40px 0px;\n}\n<\/style>\n\t<\/div>\n\n\t\n\n<\/div>\n\n\t\t<\/div>\n\t\t\t\t\n<style>\n#col-198599252 > .col-inner {\n  padding: 5px 5px 15px 5px;\n}\n<\/style>\n\t<\/div>\n\n\t\n\n\t<div id=\"col-1253795218\" class=\"col medium-4 small-6 large-4\"  >\n\t\t\t\t<div class=\"col-inner text-center box-shadow-3-hover\"  >\n\t\t\t\n\t\t\t\n\n\t<div class=\"img has-hover x md-x lg-x y md-y lg-y\" id=\"image_1330002873\">\n\t\t<a class=\"\" href=\"https:\/\/seelandmobility.ch\/en\/peugeot-2008-2\/\" >\t\t\t\t\t\t<div class=\"img-inner image-zoom dark\" >\n\t\t\t<img loading=\"lazy\" decoding=\"async\" width=\"500\" height=\"332\" src=\"https:\/\/seelandmobility.ch\/wp-content\/uploads\/2023\/08\/guenstig-mieten-auto-bmw-biel-grenchen1-2.png\" class=\"attachment-original size-original\" alt=\"\" srcset=\"https:\/\/seelandmobility.ch\/wp-content\/uploads\/2023\/08\/guenstig-mieten-auto-bmw-biel-grenchen1-2.png 500w, https:\/\/seelandmobility.ch\/wp-content\/uploads\/2023\/08\/guenstig-mieten-auto-bmw-biel-grenchen1-2-300x199.png 300w\" sizes=\"auto, (max-width: 500px) 100vw, 500px\" \/>\t\t\t\t\t\t\n\t\t\t\t\t<\/div>\n\t\t\t\t\t\t<\/a>\t\t\n<style>\n#image_1330002873 {\n  width: 100%;\n}\n<\/style>\n\t<\/div>\n\t\n\n<div class=\"row\"  id=\"row-697167300\">\n\n\n\t<div id=\"col-445051408\" class=\"col small-12 large-12\"  >\n\t\t\t\t<div class=\"col-inner text-center\"  >\n\t\t\t\n\t\t\t\n\n\t<div id=\"text-3379760607\" class=\"text harfaralik\">\n\t\t\n\n<table style=\"border-collapse: collapse; width: 100%; height: 22px;\">\r\n<tbody>\r\n<tr style=\"height: 22px;\">\r\n<td style=\"width: 66.8242%; height: 22px;\"><a href=\"\/peugeot-2008-2\/\"><span style=\"font-size: 110%;\"><span style=\"color: #000000;\"><strong>PEUGEOT 2008<\/strong><\/span><\/span><\/a><\/td>\r\n<td style=\"width: 33.1758%; height: 22px; text-align: right;\"><span style=\"font-size: 105%;\"><strong><span style=\"color: #00aae7;\">CHF 70.-<\/span><\/strong><\/span><\/td>\r\n<\/tr>\r\n<\/tbody>\r\n<\/table>\n\t\t\n<style>\n#text-3379760607 {\n  font-size: 0.75rem;\n}\n@media (min-width:550px) {\n  #text-3379760607 {\n    font-size: 0.75rem;\n  }\n}\n@media (min-width:850px) {\n  #text-3379760607 {\n    font-size: 1rem;\n  }\n}\n<\/style>\n\t<\/div>\n\t\n\t<div class=\"img has-hover x md-x lg-x y md-y lg-y\" id=\"image_1928718855\">\n\t\t\t\t\t\t\t\t<div class=\"img-inner dark\" style=\"margin:5px 0px 0px 0px;\">\n\t\t\t<img loading=\"lazy\" decoding=\"async\" width=\"383\" height=\"37\" src=\"https:\/\/seelandmobility.ch\/wp-content\/uploads\/2023\/09\/Car-Set-3.png\" class=\"attachment-original size-original\" alt=\"\" srcset=\"https:\/\/seelandmobility.ch\/wp-content\/uploads\/2023\/09\/Car-Set-3.png 383w, https:\/\/seelandmobility.ch\/wp-content\/uploads\/2023\/09\/Car-Set-3-300x29.png 300w\" sizes=\"auto, (max-width: 383px) 100vw, 383px\" \/>\t\t\t\t\t\t\n\t\t\t\t\t<\/div>\n\t\t\t\t\t\t\t\t\n<style>\n#image_1928718855 {\n  width: 100%;\n}\n@media (min-width:550px) {\n  #image_1928718855 {\n    width: 80%;\n  }\n}\n<\/style>\n\t<\/div>\n\t\n\n\n\t\t<\/div>\n\t\t\t\t\n<style>\n#col-445051408 > .col-inner {\n  margin: -5px 0px -40px 0px;\n}\n<\/style>\n\t<\/div>\n\n\t\n\n<\/div>\n\n\t\t<\/div>\n\t\t\t\t\n<style>\n#col-1253795218 > .col-inner {\n  padding: 5px 5px 15px 5px;\n}\n<\/style>\n\t<\/div>\n\n\t\n\n\t<div id=\"col-1476285209\" class=\"col medium-4 small-6 large-4\"  >\n\t\t\t\t<div class=\"col-inner text-center box-shadow-3-hover\"  >\n\t\t\t\n\t\t\t\n\n\t<div class=\"img has-hover x md-x lg-x y md-y lg-y\" id=\"image_1193042582\">\n\t\t<a class=\"\" href=\"https:\/\/seelandmobility.ch\/en\/kia-carens\/\" >\t\t\t\t\t\t<div class=\"img-inner image-zoom dark\" >\n\t\t\t<img loading=\"lazy\" decoding=\"async\" width=\"500\" height=\"332\" src=\"https:\/\/seelandmobility.ch\/wp-content\/uploads\/2023\/09\/Kia-Carrens.jpg\" class=\"attachment-original size-original\" alt=\"autovermietung biel\" srcset=\"https:\/\/seelandmobility.ch\/wp-content\/uploads\/2023\/09\/Kia-Carrens.jpg 500w, https:\/\/seelandmobility.ch\/wp-content\/uploads\/2023\/09\/Kia-Carrens-300x199.jpg 300w\" sizes=\"auto, (max-width: 500px) 100vw, 500px\" \/>\t\t\t\t\t\t\n\t\t\t\t\t<\/div>\n\t\t\t\t\t\t<\/a>\t\t\n<style>\n#image_1193042582 {\n  width: 100%;\n}\n<\/style>\n\t<\/div>\n\t\n\n<div class=\"row\"  id=\"row-1634539139\">\n\n\n\t<div id=\"col-1623680586\" class=\"col small-12 large-12\"  >\n\t\t\t\t<div class=\"col-inner text-center\"  >\n\t\t\t\n\t\t\t\n\n\t<div id=\"text-464053998\" class=\"text harfaralik\">\n\t\t\n\n<table style=\"border-collapse: collapse; width: 100%; height: 22px;\">\r\n<tbody>\r\n<tr style=\"height: 22px;\">\r\n<td style=\"width: 66.8242%; height: 22px;\"><a href=\"\/kia-carens\/\"><span style=\"font-size: 110%;\"><span style=\"color: #000000;\"><strong>KIA CARENS<\/strong><\/span><\/span><\/a><\/td>\r\n<td style=\"width: 33.1758%; height: 22px; text-align: right;\"><span style=\"font-size: 105%;\"><strong><span style=\"color: #00aae7;\">CHF 70.-<\/span><\/strong><\/span><\/td>\r\n<\/tr>\r\n<\/tbody>\r\n<\/table>\n\t\t\n<style>\n#text-464053998 {\n  font-size: 0.75rem;\n}\n@media (min-width:550px) {\n  #text-464053998 {\n    font-size: 0.75rem;\n  }\n}\n@media (min-width:850px) {\n  #text-464053998 {\n    font-size: 1rem;\n  }\n}\n<\/style>\n\t<\/div>\n\t\n\t<div class=\"img has-hover x md-x lg-x y md-y lg-y\" id=\"image_434838038\">\n\t\t\t\t\t\t\t\t<div class=\"img-inner dark\" style=\"margin:5px 0px 0px 0px;\">\n\t\t\t<img loading=\"lazy\" decoding=\"async\" width=\"383\" height=\"37\" src=\"https:\/\/seelandmobility.ch\/wp-content\/uploads\/2023\/09\/Car-Set-3.png\" class=\"attachment-original size-original\" alt=\"\" srcset=\"https:\/\/seelandmobility.ch\/wp-content\/uploads\/2023\/09\/Car-Set-3.png 383w, https:\/\/seelandmobility.ch\/wp-content\/uploads\/2023\/09\/Car-Set-3-300x29.png 300w\" sizes=\"auto, (max-width: 383px) 100vw, 383px\" \/>\t\t\t\t\t\t\n\t\t\t\t\t<\/div>\n\t\t\t\t\t\t\t\t\n<style>\n#image_434838038 {\n  width: 100%;\n}\n@media (min-width:550px) {\n  #image_434838038 {\n    width: 80%;\n  }\n}\n<\/style>\n\t<\/div>\n\t\n\n\n\t\t<\/div>\n\t\t\t\t\n<style>\n#col-1623680586 > .col-inner {\n  margin: -5px 0px -40px 0px;\n}\n<\/style>\n\t<\/div>\n\n\t\n\n<\/div>\n\n\t\t<\/div>\n\t\t\t\t\n<style>\n#col-1476285209 > .col-inner {\n  padding: 5px 5px 15px 5px;\n}\n<\/style>\n\t<\/div>\n\n\t\n\n\t<div id=\"col-1171779527\" class=\"col medium-4 small-6 large-4\"  >\n\t\t\t\t<div class=\"col-inner text-center box-shadow-3-hover\"  >\n\t\t\t\n\t\t\t\n\n\t<div class=\"img has-hover x md-x lg-x y md-y lg-y\" id=\"image_494277042\">\n\t\t<a class=\"\" href=\"https:\/\/seelandmobility.ch\/en\/skoda-fabia\/\" >\t\t\t\t\t\t<div class=\"img-inner image-zoom dark\" >\n\t\t\t<img loading=\"lazy\" decoding=\"async\" width=\"502\" height=\"333\" src=\"https:\/\/seelandmobility.ch\/wp-content\/uploads\/2025\/03\/mini-coooperasdaaaa.jpg\" class=\"attachment-original size-original\" alt=\"Grosse Auswahl an Mietwagen\" srcset=\"https:\/\/seelandmobility.ch\/wp-content\/uploads\/2025\/03\/mini-coooperasdaaaa.jpg 502w, https:\/\/seelandmobility.ch\/wp-content\/uploads\/2025\/03\/mini-coooperasdaaaa-300x199.jpg 300w\" sizes=\"auto, (max-width: 502px) 100vw, 502px\" \/>\t\t\t\t\t\t\n\t\t\t\t\t<\/div>\n\t\t\t\t\t\t<\/a>\t\t\n<style>\n#image_494277042 {\n  width: 100%;\n}\n<\/style>\n\t<\/div>\n\t\n\n\t<div id=\"text-1647727089\" class=\"text harfaralik\">\n\t\t\n\n<table style=\"border-collapse: collapse; width: 100%; height: 22px;\">\r\n<tbody>\r\n<tr style=\"height: 22px;\">\r\n<td style=\"width: 66.8242%; height: 22px;\"><span style=\"font-size: 110%;\"><span style=\"color: #000000;\"><strong>MINI COUNTRYMAN<\/strong><\/span><\/span><\/td>\r\n<td style=\"width: 33.1758%; height: 22px; text-align: right;\"><span style=\"font-size: 105%;\"><strong><span style=\"color: #00aae7;\">CHF 70.-<\/span><\/strong><\/span><\/td>\r\n<\/tr>\r\n<\/tbody>\r\n<\/table>\n\t\t\n<style>\n#text-1647727089 {\n  font-size: 0.75rem;\n}\n@media (min-width:550px) {\n  #text-1647727089 {\n    font-size: 0.75rem;\n  }\n}\n@media (min-width:850px) {\n  #text-1647727089 {\n    font-size: 1rem;\n  }\n}\n<\/style>\n\t<\/div>\n\t\n<div class=\"row\"  id=\"row-164665415\">\n\n\n\t<div id=\"col-1753927522\" class=\"col small-12 large-12\"  >\n\t\t\t\t<div class=\"col-inner text-center\"  >\n\t\t\t\n\t\t\t\n\n\t<div class=\"img has-hover x md-x lg-x y md-y lg-y\" id=\"image_1297100990\">\n\t\t\t\t\t\t\t\t<div class=\"img-inner dark\" style=\"margin:5px 0px 0px 0px;\">\n\t\t\t<img loading=\"lazy\" decoding=\"async\" width=\"383\" height=\"37\" src=\"https:\/\/seelandmobility.ch\/wp-content\/uploads\/2023\/09\/Car-Set-12.png\" class=\"attachment-original size-original\" alt=\"\" srcset=\"https:\/\/seelandmobility.ch\/wp-content\/uploads\/2023\/09\/Car-Set-12.png 383w, https:\/\/seelandmobility.ch\/wp-content\/uploads\/2023\/09\/Car-Set-12-300x29.png 300w\" sizes=\"auto, (max-width: 383px) 100vw, 383px\" \/>\t\t\t\t\t\t\n\t\t\t\t\t<\/div>\n\t\t\t\t\t\t\t\t\n<style>\n#image_1297100990 {\n  width: 100%;\n}\n@media (min-width:550px) {\n  #image_1297100990 {\n    width: 80%;\n  }\n}\n<\/style>\n\t<\/div>\n\t\n\n\n\t\t<\/div>\n\t\t\t\t\n<style>\n#col-1753927522 > .col-inner {\n  margin: -5px 0px -40px 0px;\n}\n<\/style>\n\t<\/div>\n\n\t\n\n<\/div>\n\n\t\t<\/div>\n\t\t\t\t\n<style>\n#col-1171779527 > .col-inner {\n  padding: 5px 5px 15px 5px;\n}\n<\/style>\n\t<\/div>\n\n\t\n\n<\/div>\n<div class=\"row\"  id=\"row-1801136327\">\n\n\n\t<div id=\"col-112754980\" class=\"col medium-4 small-6 large-4\"  >\n\t\t\t\t<div class=\"col-inner text-center box-shadow-3-hover\"  >\n\t\t\t\n\t\t\t\n\n\t<div class=\"img has-hover x md-x lg-x y md-y lg-y\" id=\"image_1068178077\">\n\t\t<a class=\"\" href=\"https:\/\/seelandmobility.ch\/en\/mercedes-a-klasse\/\" >\t\t\t\t\t\t<div class=\"img-inner image-zoom dark\" >\n\t\t\t<img loading=\"lazy\" decoding=\"async\" width=\"500\" height=\"332\" src=\"https:\/\/seelandmobility.ch\/wp-content\/uploads\/2023\/09\/Mercedes-A-Klasse.png\" class=\"attachment-original size-original\" alt=\"Euro Garage Biel-Bienne - G\u00fcnstige Mietwagen\" srcset=\"https:\/\/seelandmobility.ch\/wp-content\/uploads\/2023\/09\/Mercedes-A-Klasse.png 500w, https:\/\/seelandmobility.ch\/wp-content\/uploads\/2023\/09\/Mercedes-A-Klasse-300x199.png 300w\" sizes=\"auto, (max-width: 500px) 100vw, 500px\" \/>\t\t\t\t\t\t\n\t\t\t\t\t<\/div>\n\t\t\t\t\t\t<\/a>\t\t\n<style>\n#image_1068178077 {\n  width: 100%;\n}\n<\/style>\n\t<\/div>\n\t\n\n<div class=\"row\"  id=\"row-309589052\">\n\n\n\t<div id=\"col-1646897635\" class=\"col small-12 large-12\"  >\n\t\t\t\t<div class=\"col-inner text-center\"  >\n\t\t\t\n\t\t\t\n\n\t<div id=\"text-2338805481\" class=\"text harfaralik\">\n\t\t\n\n<table style=\"border-collapse: collapse; width: 100%; height: 22px;\">\r\n<tbody>\r\n<tr style=\"height: 22px;\">\r\n<td style=\"width: 66.8242%; height: 22px;\"><a href=\"\/mercedes-a-klasse\/\"><span style=\"font-size: 110%;\"><span style=\"color: #000000;\"><strong>MERCEDES B-KLASSE<\/strong><\/span><\/span><\/a><\/td>\r\n<td style=\"width: 33.1758%; height: 22px; text-align: right;\"><span style=\"font-size: 105%;\"><strong><span style=\"color: #00aae7;\">CHF 55.-<\/span><\/strong><\/span><\/td>\r\n<\/tr>\r\n<\/tbody>\r\n<\/table>\n\t\t\n<style>\n#text-2338805481 {\n  font-size: 0.75rem;\n}\n@media (min-width:550px) {\n  #text-2338805481 {\n    font-size: 0.75rem;\n  }\n}\n@media (min-width:850px) {\n  #text-2338805481 {\n    font-size: 1rem;\n  }\n}\n<\/style>\n\t<\/div>\n\t\n\t<div class=\"img has-hover x md-x lg-x y md-y lg-y\" id=\"image_554090719\">\n\t\t\t\t\t\t\t\t<div class=\"img-inner dark\" style=\"margin:5px 0px 0px 0px;\">\n\t\t\t<img loading=\"lazy\" decoding=\"async\" width=\"383\" height=\"37\" src=\"https:\/\/seelandmobility.ch\/wp-content\/uploads\/2023\/09\/Car-Set-3.png\" class=\"attachment-original size-original\" alt=\"\" srcset=\"https:\/\/seelandmobility.ch\/wp-content\/uploads\/2023\/09\/Car-Set-3.png 383w, https:\/\/seelandmobility.ch\/wp-content\/uploads\/2023\/09\/Car-Set-3-300x29.png 300w\" sizes=\"auto, (max-width: 383px) 100vw, 383px\" \/>\t\t\t\t\t\t\n\t\t\t\t\t<\/div>\n\t\t\t\t\t\t\t\t\n<style>\n#image_554090719 {\n  width: 100%;\n}\n@media (min-width:550px) {\n  #image_554090719 {\n    width: 80%;\n  }\n}\n<\/style>\n\t<\/div>\n\t\n\n\n\t\t<\/div>\n\t\t\t\t\n<style>\n#col-1646897635 > .col-inner {\n  margin: -5px 0px -40px 0px;\n}\n<\/style>\n\t<\/div>\n\n\t\n\n<\/div>\n\n\t\t<\/div>\n\t\t\t\t\n<style>\n#col-112754980 > .col-inner {\n  padding: 5px 5px 15px 5px;\n}\n<\/style>\n\t<\/div>\n\n\t\n\n\t<div id=\"col-930847721\" class=\"col medium-4 small-6 large-4\"  >\n\t\t\t\t<div class=\"col-inner text-center box-shadow-3-hover\"  >\n\t\t\t\n\t\t\t\n\n\t<div class=\"img has-hover x md-x lg-x y md-y lg-y\" id=\"image_89488240\">\n\t\t<a class=\"\" href=\"https:\/\/seelandmobility.ch\/en\/toyota-auris\/\" >\t\t\t\t\t\t<div class=\"img-inner image-zoom dark\" >\n\t\t\t<img loading=\"lazy\" decoding=\"async\" width=\"500\" height=\"332\" src=\"https:\/\/seelandmobility.ch\/wp-content\/uploads\/2023\/08\/peugeot-auto-biel-guenstig-mieten-ab-40-chf-pro-tag1.png\" class=\"attachment-original size-original\" alt=\"\" srcset=\"https:\/\/seelandmobility.ch\/wp-content\/uploads\/2023\/08\/peugeot-auto-biel-guenstig-mieten-ab-40-chf-pro-tag1.png 500w, https:\/\/seelandmobility.ch\/wp-content\/uploads\/2023\/08\/peugeot-auto-biel-guenstig-mieten-ab-40-chf-pro-tag1-300x199.png 300w\" sizes=\"auto, (max-width: 500px) 100vw, 500px\" \/>\t\t\t\t\t\t\n\t\t\t\t\t<\/div>\n\t\t\t\t\t\t<\/a>\t\t\n<style>\n#image_89488240 {\n  width: 100%;\n}\n<\/style>\n\t<\/div>\n\t\n\n<div class=\"row\"  id=\"row-223971646\">\n\n\n\t<div id=\"col-2043006604\" class=\"col small-12 large-12\"  >\n\t\t\t\t<div class=\"col-inner text-center\"  >\n\t\t\t\n\t\t\t\n\n\t<div id=\"text-849455771\" class=\"text harfaralik\">\n\t\t\n\n<table style=\"border-collapse: collapse; width: 100%; height: 22px;\">\r\n<tbody>\r\n<tr style=\"height: 22px;\">\r\n<td style=\"width: 66.8242%; height: 22px;\"><a href=\"\/toyota-auris\/\"><span style=\"font-size: 110%;\"><span style=\"color: #000000;\"><strong>TOYOTA AURIS<\/strong><\/span><\/span><\/a><\/td>\r\n<td style=\"width: 33.1758%; height: 22px; text-align: right;\"><span style=\"font-size: 105%;\"><strong><span style=\"color: #00aae7;\">CHF 70.-<\/span><\/strong><\/span><\/td>\r\n<\/tr>\r\n<\/tbody>\r\n<\/table>\n\t\t\n<style>\n#text-849455771 {\n  font-size: 0.75rem;\n}\n@media (min-width:550px) {\n  #text-849455771 {\n    font-size: 0.75rem;\n  }\n}\n@media (min-width:850px) {\n  #text-849455771 {\n    font-size: 1rem;\n  }\n}\n<\/style>\n\t<\/div>\n\t\n\t<div class=\"img has-hover x md-x lg-x y md-y lg-y\" id=\"image_178908998\">\n\t\t\t\t\t\t\t\t<div class=\"img-inner dark\" style=\"margin:5px 0px 0px 0px;\">\n\t\t\t<img loading=\"lazy\" decoding=\"async\" width=\"383\" height=\"37\" src=\"https:\/\/seelandmobility.ch\/wp-content\/uploads\/2023\/09\/Car-Set-12.png\" class=\"attachment-original size-original\" alt=\"\" srcset=\"https:\/\/seelandmobility.ch\/wp-content\/uploads\/2023\/09\/Car-Set-12.png 383w, https:\/\/seelandmobility.ch\/wp-content\/uploads\/2023\/09\/Car-Set-12-300x29.png 300w\" sizes=\"auto, (max-width: 383px) 100vw, 383px\" \/>\t\t\t\t\t\t\n\t\t\t\t\t<\/div>\n\t\t\t\t\t\t\t\t\n<style>\n#image_178908998 {\n  width: 100%;\n}\n@media (min-width:550px) {\n  #image_178908998 {\n    width: 80%;\n  }\n}\n<\/style>\n\t<\/div>\n\t\n\n\n\t\t<\/div>\n\t\t\t\t\n<style>\n#col-2043006604 > .col-inner {\n  margin: -5px 0px -40px 0px;\n}\n<\/style>\n\t<\/div>\n\n\t\n\n<\/div>\n\n\t\t<\/div>\n\t\t\t\t\n<style>\n#col-930847721 > .col-inner {\n  padding: 5px 5px 15px 5px;\n}\n<\/style>\n\t<\/div>\n\n\t\n\n\t<div id=\"col-2039998402\" class=\"col medium-4 small-6 large-4\"  >\n\t\t\t\t<div class=\"col-inner text-center box-shadow-3-hover\"  >\n\t\t\t\n\t\t\t\n\n\t<div class=\"img has-hover x md-x lg-x y md-y lg-y\" id=\"image_1720197235\">\n\t\t<a class=\"\" href=\"https:\/\/seelandmobility.ch\/en\/skoda-fabia-2\/\" >\t\t\t\t\t\t<div class=\"img-inner image-zoom dark\" >\n\t\t\t<img loading=\"lazy\" decoding=\"async\" width=\"500\" height=\"332\" src=\"https:\/\/seelandmobility.ch\/wp-content\/uploads\/2023\/08\/image-21.png\" class=\"attachment-original size-original\" alt=\"G\u00fcnstig mieten Auto Biel Grenchen\" srcset=\"https:\/\/seelandmobility.ch\/wp-content\/uploads\/2023\/08\/image-21.png 500w, https:\/\/seelandmobility.ch\/wp-content\/uploads\/2023\/08\/image-21-300x199.png 300w\" sizes=\"auto, (max-width: 500px) 100vw, 500px\" \/>\t\t\t\t\t\t\n\t\t\t\t\t<\/div>\n\t\t\t\t\t\t<\/a>\t\t\n<style>\n#image_1720197235 {\n  width: 100%;\n}\n<\/style>\n\t<\/div>\n\t\n\n<div class=\"row\"  id=\"row-1332939144\">\n\n\n\t<div id=\"col-627611694\" class=\"col small-12 large-12\"  >\n\t\t\t\t<div class=\"col-inner text-center\"  >\n\t\t\t\n\t\t\t\n\n\t<div id=\"text-1338488270\" class=\"text harfaralik\">\n\t\t\n\n<table style=\"border-collapse: collapse; width: 100%; height: 22px;\">\r\n<tbody>\r\n<tr style=\"height: 22px;\">\r\n<td style=\"width: 66.8242%; height: 22px;\"><a href=\"\/skoda-fabia-2\/\"><span style=\"font-size: 110%;\"><span style=\"color: #000000;\"><strong>SKODA FABIA<\/strong><\/span><\/span><\/a><\/td>\r\n<td style=\"width: 33.1758%; height: 22px; text-align: right;\"><span style=\"font-size: 105%;\"><strong><span style=\"color: #00aae7;\">CHF 70.-<\/span><\/strong><\/span><\/td>\r\n<\/tr>\r\n<\/tbody>\r\n<\/table>\n\t\t\n<style>\n#text-1338488270 {\n  font-size: 0.75rem;\n}\n@media (min-width:550px) {\n  #text-1338488270 {\n    font-size: 0.75rem;\n  }\n}\n@media (min-width:850px) {\n  #text-1338488270 {\n    font-size: 1rem;\n  }\n}\n<\/style>\n\t<\/div>\n\t\n\t<div class=\"img has-hover x md-x lg-x y md-y lg-y\" id=\"image_253890060\">\n\t\t\t\t\t\t\t\t<div class=\"img-inner dark\" style=\"margin:5px 0px 0px 0px;\">\n\t\t\t<img loading=\"lazy\" decoding=\"async\" width=\"383\" height=\"37\" src=\"https:\/\/seelandmobility.ch\/wp-content\/uploads\/2023\/09\/Car-Set-3.png\" class=\"attachment-original size-original\" alt=\"\" srcset=\"https:\/\/seelandmobility.ch\/wp-content\/uploads\/2023\/09\/Car-Set-3.png 383w, https:\/\/seelandmobility.ch\/wp-content\/uploads\/2023\/09\/Car-Set-3-300x29.png 300w\" sizes=\"auto, (max-width: 383px) 100vw, 383px\" \/>\t\t\t\t\t\t\n\t\t\t\t\t<\/div>\n\t\t\t\t\t\t\t\t\n<style>\n#image_253890060 {\n  width: 100%;\n}\n@media (min-width:550px) {\n  #image_253890060 {\n    width: 80%;\n  }\n}\n<\/style>\n\t<\/div>\n\t\n\n\n\t\t<\/div>\n\t\t\t\t\n<style>\n#col-627611694 > .col-inner {\n  margin: -5px 0px -40px 0px;\n}\n<\/style>\n\t<\/div>\n\n\t\n\n<\/div>\n\n\t\t<\/div>\n\t\t\t\t\n<style>\n#col-2039998402 > .col-inner {\n  padding: 5px 5px 15px 5px;\n}\n<\/style>\n\t<\/div>\n\n\t\n\n\t<div id=\"col-1578404898\" class=\"col medium-4 small-6 large-4\"  >\n\t\t\t\t<div class=\"col-inner text-center box-shadow-3-hover\"  >\n\t\t\t\n\t\t\t\n\n\t<div class=\"img has-hover x md-x lg-x y md-y lg-y\" id=\"image_1237393757\">\n\t\t<a class=\"\" href=\"https:\/\/seelandmobility.ch\/en\/toyota-corolla-verso-7-sitzer\/\" >\t\t\t\t\t\t<div class=\"img-inner image-zoom dark\" >\n\t\t\t<img loading=\"lazy\" decoding=\"async\" width=\"500\" height=\"332\" src=\"https:\/\/seelandmobility.ch\/wp-content\/uploads\/2023\/09\/Toyota-Corolla-Verso.png\" class=\"attachment-original size-original\" alt=\"autovermietung biel\" srcset=\"https:\/\/seelandmobility.ch\/wp-content\/uploads\/2023\/09\/Toyota-Corolla-Verso.png 500w, https:\/\/seelandmobility.ch\/wp-content\/uploads\/2023\/09\/Toyota-Corolla-Verso-300x199.png 300w\" sizes=\"auto, (max-width: 500px) 100vw, 500px\" \/>\t\t\t\t\t\t\n\t\t\t\t\t<\/div>\n\t\t\t\t\t\t<\/a>\t\t\n<style>\n#image_1237393757 {\n  width: 100%;\n}\n<\/style>\n\t<\/div>\n\t\n\n<div class=\"row\"  id=\"row-363623830\">\n\n\n\t<div id=\"col-277045993\" class=\"col small-12 large-12\"  >\n\t\t\t\t<div class=\"col-inner text-center\"  >\n\t\t\t\n\t\t\t\n\n\t<div id=\"text-1148548286\" class=\"text harfaralik\">\n\t\t\n\n<table style=\"border-collapse: collapse; width: 100%; height: 22px;\">\r\n<tbody>\r\n<tr style=\"height: 22px;\">\r\n<td style=\"width: 66.8242%; height: 22px;\"><a href=\"\/toyota-corolla-verso-7-sitzer\/\"><span style=\"font-size: 110%;\"><span style=\"color: #000000;\"><strong>TOYOTA COROLLA VERSO (7-Sitzer)<\/strong><\/span><\/span><\/a><\/td>\r\n<td style=\"width: 33.1758%; height: 22px; text-align: right;\"><span style=\"font-size: 105%;\"><strong><span style=\"color: #00aae7;\">CHF 80.-<\/span><\/strong><\/span><\/td>\r\n<\/tr>\r\n<\/tbody>\r\n<\/table>\n\t\t\n<style>\n#text-1148548286 {\n  font-size: 0.75rem;\n}\n@media (min-width:550px) {\n  #text-1148548286 {\n    font-size: 0.75rem;\n  }\n}\n@media (min-width:850px) {\n  #text-1148548286 {\n    font-size: 1rem;\n  }\n}\n<\/style>\n\t<\/div>\n\t\n\t<div class=\"img has-hover x md-x lg-x y md-y lg-y\" id=\"image_906432194\">\n\t\t\t\t\t\t\t\t<div class=\"img-inner dark\" style=\"margin:5px 0px 0px 0px;\">\n\t\t\t<img loading=\"lazy\" decoding=\"async\" width=\"383\" height=\"37\" src=\"https:\/\/seelandmobility.ch\/wp-content\/uploads\/2024\/04\/car-set-22.png\" class=\"attachment-original size-original\" alt=\"\" srcset=\"https:\/\/seelandmobility.ch\/wp-content\/uploads\/2024\/04\/car-set-22.png 383w, https:\/\/seelandmobility.ch\/wp-content\/uploads\/2024\/04\/car-set-22-300x29.png 300w\" sizes=\"auto, (max-width: 383px) 100vw, 383px\" \/>\t\t\t\t\t\t\n\t\t\t\t\t<\/div>\n\t\t\t\t\t\t\t\t\n<style>\n#image_906432194 {\n  width: 100%;\n}\n@media (min-width:550px) {\n  #image_906432194 {\n    width: 80%;\n  }\n}\n<\/style>\n\t<\/div>\n\t\n\n\n\t\t<\/div>\n\t\t\t\t\n<style>\n#col-277045993 > .col-inner {\n  margin: -5px 0px -40px 0px;\n}\n<\/style>\n\t<\/div>\n\n\t\n\n<\/div>\n\n\t\t<\/div>\n\t\t\t\t\n<style>\n#col-1578404898 > .col-inner {\n  padding: 5px 5px 15px 5px;\n}\n<\/style>\n\t<\/div>\n\n\t\n\n<\/div>\n<div class=\"row\"  id=\"row-282128890\">\n\n\n\t<div id=\"col-247801891\" class=\"col medium-4 small-6 large-4\"  >\n\t\t\t\t<div class=\"col-inner text-center box-shadow-3-hover\"  >\n\t\t\t\n\t\t\t\n\n\t<div class=\"img has-hover x md-x lg-x y md-y lg-y\" id=\"image_1505206850\">\n\t\t<a class=\"\" href=\"https:\/\/seelandmobility.ch\/en\/citroen-c5-limousine\/\" >\t\t\t\t\t\t<div class=\"img-inner image-zoom dark\" >\n\t\t\t<img loading=\"lazy\" decoding=\"async\" width=\"500\" height=\"332\" src=\"https:\/\/seelandmobility.ch\/wp-content\/uploads\/2023\/08\/mietwagen-citroen-guenstige-luxus-autos-biel-mieten1.png\" class=\"attachment-original size-original\" alt=\"G\u00fcnstig Automieten Lyss Ipsach Port Tagesmieten\" srcset=\"https:\/\/seelandmobility.ch\/wp-content\/uploads\/2023\/08\/mietwagen-citroen-guenstige-luxus-autos-biel-mieten1.png 500w, https:\/\/seelandmobility.ch\/wp-content\/uploads\/2023\/08\/mietwagen-citroen-guenstige-luxus-autos-biel-mieten1-300x199.png 300w\" sizes=\"auto, (max-width: 500px) 100vw, 500px\" \/>\t\t\t\t\t\t\n\t\t\t\t\t<\/div>\n\t\t\t\t\t\t<\/a>\t\t\n<style>\n#image_1505206850 {\n  width: 100%;\n}\n<\/style>\n\t<\/div>\n\t\n\n<div class=\"row\"  id=\"row-504556289\">\n\n\n\t<div id=\"col-1207100751\" class=\"col small-12 large-12\"  >\n\t\t\t\t<div class=\"col-inner text-center\"  >\n\t\t\t\n\t\t\t\n\n\t<div id=\"text-98431710\" class=\"text harfaralik\">\n\t\t\n\n<table style=\"border-collapse: collapse; width: 100%; height: 22px;\">\r\n<tbody>\r\n<tr style=\"height: 22px;\">\r\n<td style=\"width: 66.8242%; height: 22px;\"><a href=\"\/citroen-c5-limousine\/\"><span style=\"font-size: 110%;\"><span style=\"color: #000000;\"><strong>CITROEN C5<\/strong><\/span><\/span><\/a><\/td>\r\n<td style=\"width: 33.1758%; height: 22px; text-align: right;\"><span style=\"font-size: 105%;\"><strong><span style=\"color: #00aae7;\">CHF 90.-<\/span><\/strong><\/span><\/td>\r\n<\/tr>\r\n<\/tbody>\r\n<\/table>\n\t\t\n<style>\n#text-98431710 {\n  font-size: 0.75rem;\n}\n@media (min-width:550px) {\n  #text-98431710 {\n    font-size: 0.75rem;\n  }\n}\n@media (min-width:850px) {\n  #text-98431710 {\n    font-size: 1rem;\n  }\n}\n<\/style>\n\t<\/div>\n\t\n\t<div class=\"img has-hover x md-x lg-x y md-y lg-y\" id=\"image_2013021911\">\n\t\t\t\t\t\t\t\t<div class=\"img-inner dark\" style=\"margin:5px 0px 0px 0px;\">\n\t\t\t<img loading=\"lazy\" decoding=\"async\" width=\"383\" height=\"37\" src=\"https:\/\/seelandmobility.ch\/wp-content\/uploads\/2023\/09\/Car-Set-3.png\" class=\"attachment-original size-original\" alt=\"\" srcset=\"https:\/\/seelandmobility.ch\/wp-content\/uploads\/2023\/09\/Car-Set-3.png 383w, https:\/\/seelandmobility.ch\/wp-content\/uploads\/2023\/09\/Car-Set-3-300x29.png 300w\" sizes=\"auto, (max-width: 383px) 100vw, 383px\" \/>\t\t\t\t\t\t\n\t\t\t\t\t<\/div>\n\t\t\t\t\t\t\t\t\n<style>\n#image_2013021911 {\n  width: 100%;\n}\n@media (min-width:550px) {\n  #image_2013021911 {\n    width: 80%;\n  }\n}\n<\/style>\n\t<\/div>\n\t\n\n\n\t\t<\/div>\n\t\t\t\t\n<style>\n#col-1207100751 > .col-inner {\n  margin: -5px 0px -40px 0px;\n}\n<\/style>\n\t<\/div>\n\n\t\n\n<\/div>\n\n\t\t<\/div>\n\t\t\t\t\n<style>\n#col-247801891 > .col-inner {\n  padding: 5px 5px 15px 5px;\n}\n<\/style>\n\t<\/div>\n\n\t\n\n\t<div id=\"col-811561931\" class=\"col medium-4 small-6 large-4\"  >\n\t\t\t\t<div class=\"col-inner text-center box-shadow-3-hover\"  >\n\t\t\t\n\t\t\t\n\n\t<div class=\"img has-hover x md-x lg-x y md-y lg-y\" id=\"image_918233515\">\n\t\t<a class=\"\" href=\"https:\/\/seelandmobility.ch\/en\/toyota-corolla-hybrid\/\" >\t\t\t\t\t\t<div class=\"img-inner image-zoom dark\" >\n\t\t\t<img loading=\"lazy\" decoding=\"async\" width=\"500\" height=\"332\" src=\"https:\/\/seelandmobility.ch\/wp-content\/uploads\/2023\/09\/Toyota-Corolla-2022.png\" class=\"attachment-original size-original\" alt=\"autovermietung Lyss\" srcset=\"https:\/\/seelandmobility.ch\/wp-content\/uploads\/2023\/09\/Toyota-Corolla-2022.png 500w, https:\/\/seelandmobility.ch\/wp-content\/uploads\/2023\/09\/Toyota-Corolla-2022-300x199.png 300w\" sizes=\"auto, (max-width: 500px) 100vw, 500px\" \/>\t\t\t\t\t\t\n\t\t\t\t\t<\/div>\n\t\t\t\t\t\t<\/a>\t\t\n<style>\n#image_918233515 {\n  width: 100%;\n}\n<\/style>\n\t<\/div>\n\t\n\n<div class=\"row\"  id=\"row-1247268287\">\n\n\n\t<div id=\"col-1436060333\" class=\"col small-12 large-12\"  >\n\t\t\t\t<div class=\"col-inner text-center\"  >\n\t\t\t\n\t\t\t\n\n\t<div id=\"text-4125442856\" class=\"text harfaralik\">\n\t\t\n\n<table style=\"border-collapse: collapse; width: 100%; height: 22px;\">\r\n<tbody>\r\n<tr style=\"height: 22px;\">\r\n<td style=\"width: 64.3667%; height: 22px;\"><a href=\"\/toyota-corolla-hybrid\/\"><span style=\"font-size: 110%;\"><span style=\"color: #000000;\"><strong>TOYOTA COROLLA HYBRID<\/strong><\/span><\/span><\/a><\/td>\r\n<td style=\"width: 35.6333%; height: 22px; text-align: right;\"><span style=\"font-size: 105%;\"><strong><span style=\"color: #00aae7;\">CHF 100.-<\/span><\/strong><\/span><\/td>\r\n<\/tr>\r\n<\/tbody>\r\n<\/table>\n\t\t\n<style>\n#text-4125442856 {\n  font-size: 0.75rem;\n}\n@media (min-width:550px) {\n  #text-4125442856 {\n    font-size: 0.75rem;\n  }\n}\n@media (min-width:850px) {\n  #text-4125442856 {\n    font-size: 1rem;\n  }\n}\n<\/style>\n\t<\/div>\n\t\n\t<div class=\"img has-hover x md-x lg-x y md-y lg-y\" id=\"image_1162826460\">\n\t\t\t\t\t\t\t\t<div class=\"img-inner dark\" style=\"margin:5px 0px 0px 0px;\">\n\t\t\t<img loading=\"lazy\" decoding=\"async\" width=\"383\" height=\"37\" src=\"https:\/\/seelandmobility.ch\/wp-content\/uploads\/2023\/09\/Car-Set-3.png\" class=\"attachment-original size-original\" alt=\"\" srcset=\"https:\/\/seelandmobility.ch\/wp-content\/uploads\/2023\/09\/Car-Set-3.png 383w, https:\/\/seelandmobility.ch\/wp-content\/uploads\/2023\/09\/Car-Set-3-300x29.png 300w\" sizes=\"auto, (max-width: 383px) 100vw, 383px\" \/>\t\t\t\t\t\t\n\t\t\t\t\t<\/div>\n\t\t\t\t\t\t\t\t\n<style>\n#image_1162826460 {\n  width: 100%;\n}\n@media (min-width:550px) {\n  #image_1162826460 {\n    width: 80%;\n  }\n}\n<\/style>\n\t<\/div>\n\t\n\n\n\t\t<\/div>\n\t\t\t\t\n<style>\n#col-1436060333 > .col-inner {\n  margin: -5px 0px -40px 0px;\n}\n<\/style>\n\t<\/div>\n\n\t\n\n<\/div>\n\n\t\t<\/div>\n\t\t\t\t\n<style>\n#col-811561931 > .col-inner {\n  padding: 5px 5px 15px 5px;\n}\n<\/style>\n\t<\/div>\n\n\t\n\n\t<div id=\"col-10444379\" class=\"col medium-4 small-6 large-4\"  >\n\t\t\t\t<div class=\"col-inner text-center box-shadow-3-hover\"  >\n\t\t\t\n\t\t\t\n\n\t<div class=\"img has-hover x md-x lg-x y md-y lg-y\" id=\"image_30640684\">\n\t\t<a class=\"\" href=\"https:\/\/seelandmobility.ch\/en\/peugeot-308\/\" >\t\t\t\t\t\t<div class=\"img-inner image-zoom dark\" >\n\t\t\t<img loading=\"lazy\" decoding=\"async\" width=\"500\" height=\"332\" src=\"https:\/\/seelandmobility.ch\/wp-content\/uploads\/2023\/08\/guenstig-automieten-evilard-finsterhennen-gals-fahrzeugmiete1.png\" class=\"attachment-original size-original\" alt=\"\" srcset=\"https:\/\/seelandmobility.ch\/wp-content\/uploads\/2023\/08\/guenstig-automieten-evilard-finsterhennen-gals-fahrzeugmiete1.png 500w, https:\/\/seelandmobility.ch\/wp-content\/uploads\/2023\/08\/guenstig-automieten-evilard-finsterhennen-gals-fahrzeugmiete1-300x199.png 300w\" sizes=\"auto, (max-width: 500px) 100vw, 500px\" \/>\t\t\t\t\t\t\n\t\t\t\t\t<\/div>\n\t\t\t\t\t\t<\/a>\t\t\n<style>\n#image_30640684 {\n  width: 100%;\n}\n<\/style>\n\t<\/div>\n\t\n\n<div class=\"row\"  id=\"row-1949665163\">\n\n\n\t<div id=\"col-1382074325\" class=\"col small-12 large-12\"  >\n\t\t\t\t<div class=\"col-inner text-center\"  >\n\t\t\t\n\t\t\t\n\n\t<div id=\"text-73762390\" class=\"text harfaralik\">\n\t\t\n\n<table style=\"border-collapse: collapse; width: 100%; height: 22px;\">\r\n<tbody>\r\n<tr style=\"height: 22px;\">\r\n<td style=\"width: 66.8242%; height: 22px;\"><a href=\"\/peugeot-308\/\"><span style=\"font-size: 110%;\"><span style=\"color: #000000;\"><strong>PEUGEOT 308<\/strong><\/span><\/span><\/a><\/td>\r\n<td style=\"width: 33.1758%; height: 22px; text-align: right;\"><span style=\"font-size: 105%;\"><strong><span style=\"color: #00aae7;\">CHF 100.-<\/span><\/strong><\/span><\/td>\r\n<\/tr>\r\n<\/tbody>\r\n<\/table>\n\t\t\n<style>\n#text-73762390 {\n  font-size: 0.75rem;\n}\n@media (min-width:550px) {\n  #text-73762390 {\n    font-size: 0.75rem;\n  }\n}\n@media (min-width:850px) {\n  #text-73762390 {\n    font-size: 1rem;\n  }\n}\n<\/style>\n\t<\/div>\n\t\n\t<div class=\"img has-hover x md-x lg-x y md-y lg-y\" id=\"image_1169640286\">\n\t\t\t\t\t\t\t\t<div class=\"img-inner dark\" style=\"margin:5px 0px 0px 0px;\">\n\t\t\t<img loading=\"lazy\" decoding=\"async\" width=\"383\" height=\"37\" src=\"https:\/\/seelandmobility.ch\/wp-content\/uploads\/2023\/09\/Car-Set-3.png\" class=\"attachment-original size-original\" alt=\"\" srcset=\"https:\/\/seelandmobility.ch\/wp-content\/uploads\/2023\/09\/Car-Set-3.png 383w, https:\/\/seelandmobility.ch\/wp-content\/uploads\/2023\/09\/Car-Set-3-300x29.png 300w\" sizes=\"auto, (max-width: 383px) 100vw, 383px\" \/>\t\t\t\t\t\t\n\t\t\t\t\t<\/div>\n\t\t\t\t\t\t\t\t\n<style>\n#image_1169640286 {\n  width: 100%;\n}\n@media (min-width:550px) {\n  #image_1169640286 {\n    width: 80%;\n  }\n}\n<\/style>\n\t<\/div>\n\t\n\n\n\t\t<\/div>\n\t\t\t\t\n<style>\n#col-1382074325 > .col-inner {\n  margin: -5px 0px -40px 0px;\n}\n<\/style>\n\t<\/div>\n\n\t\n\n<\/div>\n\n\t\t<\/div>\n\t\t\t\t\n<style>\n#col-10444379 > .col-inner {\n  padding: 5px 5px 15px 5px;\n}\n<\/style>\n\t<\/div>\n\n\t\n\n\t<div id=\"col-20277857\" class=\"col medium-4 small-6 large-4\"  >\n\t\t\t\t<div class=\"col-inner text-center box-shadow-3-hover\"  >\n\t\t\t\n\t\t\t\n\n\t<div class=\"img has-hover x md-x lg-x y md-y lg-y\" id=\"image_3079808\">\n\t\t<a class=\"\" href=\"https:\/\/seelandmobility.ch\/en\/peugeot-308-2\/\" >\t\t\t\t\t\t<div class=\"img-inner image-zoom dark\" >\n\t\t\t<img loading=\"lazy\" decoding=\"async\" width=\"500\" height=\"332\" src=\"https:\/\/seelandmobility.ch\/wp-content\/uploads\/2023\/08\/mietwagen-in-biel1.png\" class=\"attachment-original size-original\" alt=\"\" srcset=\"https:\/\/seelandmobility.ch\/wp-content\/uploads\/2023\/08\/mietwagen-in-biel1.png 500w, https:\/\/seelandmobility.ch\/wp-content\/uploads\/2023\/08\/mietwagen-in-biel1-300x199.png 300w\" sizes=\"auto, (max-width: 500px) 100vw, 500px\" \/>\t\t\t\t\t\t\n\t\t\t\t\t<\/div>\n\t\t\t\t\t\t<\/a>\t\t\n<style>\n#image_3079808 {\n  width: 100%;\n}\n<\/style>\n\t<\/div>\n\t\n\n<div class=\"row\"  id=\"row-316490867\">\n\n\n\t<div id=\"col-1337203071\" class=\"col small-12 large-12\"  >\n\t\t\t\t<div class=\"col-inner text-center\"  >\n\t\t\t\n\t\t\t\n\n\t<div id=\"text-1368175524\" class=\"text harfaralik\">\n\t\t\n\n<table style=\"border-collapse: collapse; width: 100%; height: 22px;\">\r\n<tbody>\r\n<tr style=\"height: 22px;\">\r\n<td style=\"width: 66.8242%; height: 22px;\"><a href=\"\/peugeot-308-2\/\"><span style=\"font-size: 110%;\"><span style=\"color: #000000;\"><strong>PEUGEOT 308<\/strong><\/span><\/span><\/a><\/td>\r\n<td style=\"width: 33.1758%; height: 22px; text-align: right;\"><span style=\"font-size: 105%;\"><strong><span style=\"color: #00aae7;\">CHF 100.-<\/span><\/strong><\/span><\/td>\r\n<\/tr>\r\n<\/tbody>\r\n<\/table>\n\t\t\n<style>\n#text-1368175524 {\n  font-size: 0.75rem;\n}\n@media (min-width:550px) {\n  #text-1368175524 {\n    font-size: 0.75rem;\n  }\n}\n@media (min-width:850px) {\n  #text-1368175524 {\n    font-size: 1rem;\n  }\n}\n<\/style>\n\t<\/div>\n\t\n\t<div class=\"img has-hover x md-x lg-x y md-y lg-y\" id=\"image_1419250653\">\n\t\t\t\t\t\t\t\t<div class=\"img-inner dark\" style=\"margin:5px 0px 0px 0px;\">\n\t\t\t<img loading=\"lazy\" decoding=\"async\" width=\"383\" height=\"37\" src=\"https:\/\/seelandmobility.ch\/wp-content\/uploads\/2023\/09\/Car-Set-3.png\" class=\"attachment-original size-original\" alt=\"\" srcset=\"https:\/\/seelandmobility.ch\/wp-content\/uploads\/2023\/09\/Car-Set-3.png 383w, https:\/\/seelandmobility.ch\/wp-content\/uploads\/2023\/09\/Car-Set-3-300x29.png 300w\" sizes=\"auto, (max-width: 383px) 100vw, 383px\" \/>\t\t\t\t\t\t\n\t\t\t\t\t<\/div>\n\t\t\t\t\t\t\t\t\n<style>\n#image_1419250653 {\n  width: 100%;\n}\n@media (min-width:550px) {\n  #image_1419250653 {\n    width: 80%;\n  }\n}\n<\/style>\n\t<\/div>\n\t\n\n\n\t\t<\/div>\n\t\t\t\t\n<style>\n#col-1337203071 > .col-inner {\n  margin: -5px 0px -40px 0px;\n}\n<\/style>\n\t<\/div>\n\n\t\n\n<\/div>\n\n\t\t<\/div>\n\t\t\t\t\n<style>\n#col-20277857 > .col-inner {\n  padding: 5px 5px 15px 5px;\n}\n<\/style>\n\t<\/div>\n\n\t\n\n<\/div>\n<div class=\"row\"  id=\"row-1976858013\">\n\n\n\t<div id=\"col-894637694\" class=\"col medium-4 small-6 large-4\"  >\n\t\t\t\t<div class=\"col-inner text-center box-shadow-3-hover\"  >\n\t\t\t\n\t\t\t\n\n\t<div class=\"img has-hover x md-x lg-x y md-y lg-y\" id=\"image_1091550132\">\n\t\t<a class=\"\" href=\"https:\/\/seelandmobility.ch\/en\/bmw-x5\/\" >\t\t\t\t\t\t<div class=\"img-inner image-zoom dark\" >\n\t\t\t<img loading=\"lazy\" decoding=\"async\" width=\"1670\" height=\"1116\" src=\"https:\/\/seelandmobility.ch\/wp-content\/uploads\/2024\/05\/Unbenanntaaaaaaaaa.png\" class=\"attachment-original size-original\" alt=\"Suzuki Vitara\" srcset=\"https:\/\/seelandmobility.ch\/wp-content\/uploads\/2024\/05\/Unbenanntaaaaaaaaa.png 1670w, https:\/\/seelandmobility.ch\/wp-content\/uploads\/2024\/05\/Unbenanntaaaaaaaaa-300x200.png 300w, https:\/\/seelandmobility.ch\/wp-content\/uploads\/2024\/05\/Unbenanntaaaaaaaaa-1024x684.png 1024w, https:\/\/seelandmobility.ch\/wp-content\/uploads\/2024\/05\/Unbenanntaaaaaaaaa-768x513.png 768w, https:\/\/seelandmobility.ch\/wp-content\/uploads\/2024\/05\/Unbenanntaaaaaaaaa-1536x1026.png 1536w\" sizes=\"auto, (max-width: 1670px) 100vw, 1670px\" \/>\t\t\t\t\t\t\n\t\t\t\t\t<\/div>\n\t\t\t\t\t\t<\/a>\t\t\n<style>\n#image_1091550132 {\n  width: 100%;\n}\n<\/style>\n\t<\/div>\n\t\n\n<div class=\"row\"  id=\"row-1511545788\">\n\n\n\t<div id=\"col-313878358\" class=\"col small-12 large-12\"  >\n\t\t\t\t<div class=\"col-inner text-center\"  >\n\t\t\t\n\t\t\t\n\n\t<div id=\"text-3089546455\" class=\"text harfaralik\">\n\t\t\n\n<table style=\"border-collapse: collapse; width: 100%; height: 22px;\">\r\n<tbody>\r\n<tr style=\"height: 22px;\">\r\n<td style=\"width: 66.8242%; height: 22px;\"><a href=\"\/bmw-x5\/\"><span style=\"font-size: 110%;\"><span style=\"color: #000000;\"><strong>SUZUKI VITARA<\/strong><\/span><\/span><\/a><\/td>\r\n<td style=\"width: 33.1758%; height: 22px; text-align: right;\"><span style=\"font-size: 105%;\"><strong><span style=\"color: #00aae7;\">CHF 90.-<\/span><\/strong><\/span><\/td>\r\n<\/tr>\r\n<\/tbody>\r\n<\/table>\n\t\t\n<style>\n#text-3089546455 {\n  font-size: 0.75rem;\n}\n@media (min-width:550px) {\n  #text-3089546455 {\n    font-size: 0.75rem;\n  }\n}\n@media (min-width:850px) {\n  #text-3089546455 {\n    font-size: 1rem;\n  }\n}\n<\/style>\n\t<\/div>\n\t\n\t<div class=\"img has-hover x md-x lg-x y md-y lg-y\" id=\"image_6362850\">\n\t\t\t\t\t\t\t\t<div class=\"img-inner dark\" style=\"margin:5px 0px 0px 0px;\">\n\t\t\t<img loading=\"lazy\" decoding=\"async\" width=\"383\" height=\"37\" src=\"https:\/\/seelandmobility.ch\/wp-content\/uploads\/2023\/09\/Car-Set-3.png\" class=\"attachment-original size-original\" alt=\"\" srcset=\"https:\/\/seelandmobility.ch\/wp-content\/uploads\/2023\/09\/Car-Set-3.png 383w, https:\/\/seelandmobility.ch\/wp-content\/uploads\/2023\/09\/Car-Set-3-300x29.png 300w\" sizes=\"auto, (max-width: 383px) 100vw, 383px\" \/>\t\t\t\t\t\t\n\t\t\t\t\t<\/div>\n\t\t\t\t\t\t\t\t\n<style>\n#image_6362850 {\n  width: 100%;\n}\n@media (min-width:550px) {\n  #image_6362850 {\n    width: 80%;\n  }\n}\n<\/style>\n\t<\/div>\n\t\n\n\n\t\t<\/div>\n\t\t\t\t\n<style>\n#col-313878358 > .col-inner {\n  margin: -5px 0px -40px 0px;\n}\n<\/style>\n\t<\/div>\n\n\t\n\n<\/div>\n\n\t\t<\/div>\n\t\t\t\t\n<style>\n#col-894637694 > .col-inner {\n  padding: 5px 5px 15px 5px;\n}\n<\/style>\n\t<\/div>\n\n\t\n\n\t<div id=\"col-274148311\" class=\"col medium-4 small-6 large-4\"  >\n\t\t\t\t<div class=\"col-inner text-center box-shadow-3-hover\"  >\n\t\t\t\n\t\t\t\n\n\t<div class=\"img has-hover x md-x lg-x y md-y lg-y\" id=\"image_1224094529\">\n\t\t<a class=\"\" href=\"https:\/\/seelandmobility.ch\/en\/renault-talisman\/\" >\t\t\t\t\t\t<div class=\"img-inner image-zoom dark\" >\n\t\t\t<img loading=\"lazy\" decoding=\"async\" width=\"502\" height=\"334\" src=\"https:\/\/seelandmobility.ch\/wp-content\/uploads\/2025\/02\/cadillac-sdasd.jpg\" class=\"attachment-original size-original\" alt=\"Mietwagen Biel\" srcset=\"https:\/\/seelandmobility.ch\/wp-content\/uploads\/2025\/02\/cadillac-sdasd.jpg 502w, https:\/\/seelandmobility.ch\/wp-content\/uploads\/2025\/02\/cadillac-sdasd-300x200.jpg 300w\" sizes=\"auto, (max-width: 502px) 100vw, 502px\" \/>\t\t\t\t\t\t\n\t\t\t\t\t<\/div>\n\t\t\t\t\t\t<\/a>\t\t\n<style>\n#image_1224094529 {\n  width: 100%;\n}\n<\/style>\n\t<\/div>\n\t\n\n<div class=\"row\"  id=\"row-839106700\">\n\n\n\t<div id=\"col-1473603451\" class=\"col small-12 large-12\"  >\n\t\t\t\t<div class=\"col-inner text-center\"  >\n\t\t\t\n\t\t\t\n\n\t<div id=\"text-447293810\" class=\"text harfaralik\">\n\t\t\n\n<table style=\"border-collapse: collapse; width: 100%; height: 22px;\">\r\n<tbody>\r\n<tr style=\"height: 22px;\">\r\n<td style=\"width: 66.8242%; height: 22px;\"><a href=\"\/renault-talisman\/\"><span style=\"font-size: 110%;\"><span style=\"color: #000000;\"><strong>CADILLAC CTS<\/strong><\/span><\/span><\/a><\/td>\r\n<td style=\"width: 33.1758%; height: 22px; text-align: right;\"><span style=\"font-size: 105%;\"><strong><span style=\"color: #00aae7;\">CHF 130.-<\/span><\/strong><\/span><\/td>\r\n<\/tr>\r\n<\/tbody>\r\n<\/table>\n\t\t\n<style>\n#text-447293810 {\n  font-size: 0.75rem;\n}\n@media (min-width:550px) {\n  #text-447293810 {\n    font-size: 0.75rem;\n  }\n}\n@media (min-width:850px) {\n  #text-447293810 {\n    font-size: 1rem;\n  }\n}\n<\/style>\n\t<\/div>\n\t\n\t<div class=\"img has-hover x md-x lg-x y md-y lg-y\" id=\"image_1905868023\">\n\t\t\t\t\t\t\t\t<div class=\"img-inner dark\" style=\"margin:5px 0px 0px 0px;\">\n\t\t\t<img loading=\"lazy\" decoding=\"async\" width=\"383\" height=\"37\" src=\"https:\/\/seelandmobility.ch\/wp-content\/uploads\/2023\/09\/Car-Set-3.png\" class=\"attachment-original size-original\" alt=\"\" srcset=\"https:\/\/seelandmobility.ch\/wp-content\/uploads\/2023\/09\/Car-Set-3.png 383w, https:\/\/seelandmobility.ch\/wp-content\/uploads\/2023\/09\/Car-Set-3-300x29.png 300w\" sizes=\"auto, (max-width: 383px) 100vw, 383px\" \/>\t\t\t\t\t\t\n\t\t\t\t\t<\/div>\n\t\t\t\t\t\t\t\t\n<style>\n#image_1905868023 {\n  width: 100%;\n}\n@media (min-width:550px) {\n  #image_1905868023 {\n    width: 80%;\n  }\n}\n<\/style>\n\t<\/div>\n\t\n\n\n\t\t<\/div>\n\t\t\t\t\n<style>\n#col-1473603451 > .col-inner {\n  margin: -5px 0px -40px 0px;\n}\n<\/style>\n\t<\/div>\n\n\t\n\n<\/div>\n\n\t\t<\/div>\n\t\t\t\t\n<style>\n#col-274148311 > .col-inner {\n  padding: 5px 5px 15px 5px;\n}\n<\/style>\n\t<\/div>\n\n\t\n\n\t<div id=\"col-1752919010\" class=\"col medium-4 small-6 large-4\"  >\n\t\t\t\t<div class=\"col-inner text-center box-shadow-3-hover\"  >\n\t\t\t\n\t\t\t\n\n\t<div class=\"img has-hover x md-x lg-x y md-y lg-y\" id=\"image_1264267171\">\n\t\t<a class=\"\" href=\"https:\/\/seelandmobility.ch\/en\/audi-a5\/\" >\t\t\t\t\t\t<div class=\"img-inner image-zoom dark\" >\n\t\t\t<img loading=\"lazy\" decoding=\"async\" width=\"500\" height=\"332\" src=\"https:\/\/seelandmobility.ch\/wp-content\/uploads\/2023\/08\/automieten-biel-auto-miete-dotzigen-epsach-erlach1.png\" class=\"attachment-original size-original\" alt=\"Limousinen Fahrzeuge miete biel bienne\" srcset=\"https:\/\/seelandmobility.ch\/wp-content\/uploads\/2023\/08\/automieten-biel-auto-miete-dotzigen-epsach-erlach1.png 500w, https:\/\/seelandmobility.ch\/wp-content\/uploads\/2023\/08\/automieten-biel-auto-miete-dotzigen-epsach-erlach1-300x199.png 300w\" sizes=\"auto, (max-width: 500px) 100vw, 500px\" \/>\t\t\t\t\t\t\n\t\t\t\t\t<\/div>\n\t\t\t\t\t\t<\/a>\t\t\n<style>\n#image_1264267171 {\n  width: 100%;\n}\n<\/style>\n\t<\/div>\n\t\n\n<div class=\"row\"  id=\"row-669957632\">\n\n\n\t<div id=\"col-1705646389\" class=\"col small-12 large-12\"  >\n\t\t\t\t<div class=\"col-inner text-center\"  >\n\t\t\t\n\t\t\t\n\n\t<div id=\"text-183403209\" class=\"text harfaralik\">\n\t\t\n\n<table style=\"border-collapse: collapse; width: 100%; height: 22px;\">\r\n<tbody>\r\n<tr style=\"height: 22px;\">\r\n<td style=\"width: 66.8242%; height: 22px;\"><a href=\"\/audi-a5\/\"><span style=\"font-size: 110%;\"><span style=\"color: #000000;\"><strong>AUDI A5<\/strong><\/span><\/span><\/a><\/td>\r\n<td style=\"width: 33.1758%; height: 22px; text-align: right;\"><span style=\"font-size: 105%;\"><strong><span style=\"color: #00aae7;\">CHF 95.-<\/span><\/strong><\/span><\/td>\r\n<\/tr>\r\n<\/tbody>\r\n<\/table>\n\t\t\n<style>\n#text-183403209 {\n  font-size: 0.75rem;\n}\n@media (min-width:550px) {\n  #text-183403209 {\n    font-size: 0.75rem;\n  }\n}\n@media (min-width:850px) {\n  #text-183403209 {\n    font-size: 1rem;\n  }\n}\n<\/style>\n\t<\/div>\n\t\n\t<div class=\"img has-hover x md-x lg-x y md-y lg-y\" id=\"image_280501116\">\n\t\t\t\t\t\t\t\t<div class=\"img-inner dark\" style=\"margin:5px 0px 0px 0px;\">\n\t\t\t<img loading=\"lazy\" decoding=\"async\" width=\"383\" height=\"37\" src=\"https:\/\/seelandmobility.ch\/wp-content\/uploads\/2023\/09\/Car-Set-12.png\" class=\"attachment-original size-original\" alt=\"\" srcset=\"https:\/\/seelandmobility.ch\/wp-content\/uploads\/2023\/09\/Car-Set-12.png 383w, https:\/\/seelandmobility.ch\/wp-content\/uploads\/2023\/09\/Car-Set-12-300x29.png 300w\" sizes=\"auto, (max-width: 383px) 100vw, 383px\" \/>\t\t\t\t\t\t\n\t\t\t\t\t<\/div>\n\t\t\t\t\t\t\t\t\n<style>\n#image_280501116 {\n  width: 100%;\n}\n@media (min-width:550px) {\n  #image_280501116 {\n    width: 80%;\n  }\n}\n<\/style>\n\t<\/div>\n\t\n\n\n\t\t<\/div>\n\t\t\t\t\n<style>\n#col-1705646389 > .col-inner {\n  margin: -5px 0px -40px 0px;\n}\n<\/style>\n\t<\/div>\n\n\t\n\n<\/div>\n\n\t\t<\/div>\n\t\t\t\t\n<style>\n#col-1752919010 > .col-inner {\n  padding: 5px 5px 15px 5px;\n}\n<\/style>\n\t<\/div>\n\n\t\n\n\t<div id=\"col-1940560917\" class=\"col medium-4 small-6 large-4\"  >\n\t\t\t\t<div class=\"col-inner text-center box-shadow-3-hover\"  >\n\t\t\t\n\t\t\t\n\n\t<div class=\"img has-hover x md-x lg-x y md-y lg-y\" id=\"image_1016303939\">\n\t\t<a class=\"\" href=\"https:\/\/seelandmobility.ch\/en\/audi-a5-2\/\" >\t\t\t\t\t\t<div class=\"img-inner image-zoom dark\" >\n\t\t\t<img loading=\"lazy\" decoding=\"async\" width=\"500\" height=\"332\" src=\"https:\/\/seelandmobility.ch\/wp-content\/uploads\/2023\/08\/automieten-fahrzeugmiete-auto-mieten-bellmund-aegerten-arch1.png\" class=\"attachment-original size-original\" alt=\"\" srcset=\"https:\/\/seelandmobility.ch\/wp-content\/uploads\/2023\/08\/automieten-fahrzeugmiete-auto-mieten-bellmund-aegerten-arch1.png 500w, https:\/\/seelandmobility.ch\/wp-content\/uploads\/2023\/08\/automieten-fahrzeugmiete-auto-mieten-bellmund-aegerten-arch1-300x199.png 300w\" sizes=\"auto, (max-width: 500px) 100vw, 500px\" \/>\t\t\t\t\t\t\n\t\t\t\t\t<\/div>\n\t\t\t\t\t\t<\/a>\t\t\n<style>\n#image_1016303939 {\n  width: 100%;\n}\n<\/style>\n\t<\/div>\n\t\n\n<div class=\"row\"  id=\"row-2118568805\">\n\n\n\t<div id=\"col-1893155587\" class=\"col small-12 large-12\"  >\n\t\t\t\t<div class=\"col-inner text-center\"  >\n\t\t\t\n\t\t\t\n\n\t<div id=\"text-254246219\" class=\"text harfaralik\">\n\t\t\n\n<table style=\"border-collapse: collapse; width: 100%; height: 22px;\">\r\n<tbody>\r\n<tr style=\"height: 22px;\">\r\n<td style=\"width: 66.8242%; height: 22px;\"><a href=\"\/audi-a5-2\/\"><span style=\"font-size: 110%;\"><span style=\"color: #000000;\"><strong>AUDI A5<\/strong><\/span><\/span><\/a><\/td>\r\n<td style=\"width: 33.1758%; height: 22px; text-align: right;\"><span style=\"font-size: 105%;\"><strong><span style=\"color: #00aae7;\">CHF 95.-<\/span><\/strong><\/span><\/td>\r\n<\/tr>\r\n<\/tbody>\r\n<\/table>\n\t\t\n<style>\n#text-254246219 {\n  font-size: 0.75rem;\n}\n@media (min-width:550px) {\n  #text-254246219 {\n    font-size: 0.75rem;\n  }\n}\n@media (min-width:850px) {\n  #text-254246219 {\n    font-size: 1rem;\n  }\n}\n<\/style>\n\t<\/div>\n\t\n\t<div class=\"img has-hover x md-x lg-x y md-y lg-y\" id=\"image_896968536\">\n\t\t\t\t\t\t\t\t<div class=\"img-inner dark\" style=\"margin:5px 0px 0px 0px;\">\n\t\t\t<img loading=\"lazy\" decoding=\"async\" width=\"383\" height=\"37\" src=\"https:\/\/seelandmobility.ch\/wp-content\/uploads\/2023\/09\/Car-Set-12.png\" class=\"attachment-original size-original\" alt=\"\" srcset=\"https:\/\/seelandmobility.ch\/wp-content\/uploads\/2023\/09\/Car-Set-12.png 383w, https:\/\/seelandmobility.ch\/wp-content\/uploads\/2023\/09\/Car-Set-12-300x29.png 300w\" sizes=\"auto, (max-width: 383px) 100vw, 383px\" \/>\t\t\t\t\t\t\n\t\t\t\t\t<\/div>\n\t\t\t\t\t\t\t\t\n<style>\n#image_896968536 {\n  width: 100%;\n}\n@media (min-width:550px) {\n  #image_896968536 {\n    width: 80%;\n  }\n}\n<\/style>\n\t<\/div>\n\t\n\n\n\t\t<\/div>\n\t\t\t\t\n<style>\n#col-1893155587 > .col-inner {\n  margin: -5px 0px -40px 0px;\n}\n<\/style>\n\t<\/div>\n\n\t\n\n<\/div>\n\n\t\t<\/div>\n\t\t\t\t\n<style>\n#col-1940560917 > .col-inner {\n  padding: 5px 5px 15px 5px;\n}\n<\/style>\n\t<\/div>\n\n\t\n\n<\/div>\n<div class=\"row\"  id=\"row-1690048549\">\n\n\n\t<div id=\"col-1224122921\" class=\"col medium-4 small-6 large-4\"  >\n\t\t\t\t<div class=\"col-inner text-center box-shadow-3-hover\"  >\n\t\t\t\n\t\t\t\n\n\t<div class=\"img has-hover x md-x lg-x y md-y lg-y\" id=\"image_1619053482\">\n\t\t<a class=\"\" href=\"https:\/\/seelandmobility.ch\/en\/vw-taigo-kompakt-suv\/\" >\t\t\t\t\t\t<div class=\"img-inner image-zoom dark\" >\n\t\t\t<img loading=\"lazy\" decoding=\"async\" width=\"500\" height=\"332\" src=\"https:\/\/seelandmobility.ch\/wp-content\/uploads\/2023\/08\/guenstige-mietwagen-in-biel-bienne1.png\" class=\"attachment-original size-original\" alt=\"\" srcset=\"https:\/\/seelandmobility.ch\/wp-content\/uploads\/2023\/08\/guenstige-mietwagen-in-biel-bienne1.png 500w, https:\/\/seelandmobility.ch\/wp-content\/uploads\/2023\/08\/guenstige-mietwagen-in-biel-bienne1-300x199.png 300w\" sizes=\"auto, (max-width: 500px) 100vw, 500px\" \/>\t\t\t\t\t\t\n\t\t\t\t\t<\/div>\n\t\t\t\t\t\t<\/a>\t\t\n<style>\n#image_1619053482 {\n  width: 100%;\n}\n<\/style>\n\t<\/div>\n\t\n\n<div class=\"row\"  id=\"row-1718472875\">\n\n\n\t<div id=\"col-1876953612\" class=\"col small-12 large-12\"  >\n\t\t\t\t<div class=\"col-inner text-center\"  >\n\t\t\t\n\t\t\t\n\n\t<div id=\"text-1394194101\" class=\"text harfaralik\">\n\t\t\n\n<table style=\"border-collapse: collapse; width: 100%; height: 22px;\">\r\n<tbody>\r\n<tr style=\"height: 22px;\">\r\n<td style=\"width: 66.8242%; height: 22px;\"><a href=\"\/vw-taigo-kompakt-suv\/\"><span style=\"font-size: 110%;\"><span style=\"color: #000000;\"><strong>VW TAIGO<\/strong><\/span><\/span><\/a><\/td>\r\n<td style=\"width: 33.1758%; height: 22px; text-align: right;\"><span style=\"font-size: 105%;\"><strong><span style=\"color: #00aae7;\">CHF 110.-<\/span><\/strong><\/span><\/td>\r\n<\/tr>\r\n<\/tbody>\r\n<\/table>\n\t\t\n<style>\n#text-1394194101 {\n  font-size: 0.75rem;\n}\n@media (min-width:550px) {\n  #text-1394194101 {\n    font-size: 0.75rem;\n  }\n}\n@media (min-width:850px) {\n  #text-1394194101 {\n    font-size: 1rem;\n  }\n}\n<\/style>\n\t<\/div>\n\t\n\t<div class=\"img has-hover x md-x lg-x y md-y lg-y\" id=\"image_274816778\">\n\t\t\t\t\t\t\t\t<div class=\"img-inner dark\" style=\"margin:5px 0px 0px 0px;\">\n\t\t\t<img loading=\"lazy\" decoding=\"async\" width=\"383\" height=\"37\" src=\"https:\/\/seelandmobility.ch\/wp-content\/uploads\/2023\/09\/Car-Set-3.png\" class=\"attachment-original size-original\" alt=\"\" srcset=\"https:\/\/seelandmobility.ch\/wp-content\/uploads\/2023\/09\/Car-Set-3.png 383w, https:\/\/seelandmobility.ch\/wp-content\/uploads\/2023\/09\/Car-Set-3-300x29.png 300w\" sizes=\"auto, (max-width: 383px) 100vw, 383px\" \/>\t\t\t\t\t\t\n\t\t\t\t\t<\/div>\n\t\t\t\t\t\t\t\t\n<style>\n#image_274816778 {\n  width: 100%;\n}\n@media (min-width:550px) {\n  #image_274816778 {\n    width: 80%;\n  }\n}\n<\/style>\n\t<\/div>\n\t\n\n\n\t\t<\/div>\n\t\t\t\t\n<style>\n#col-1876953612 > .col-inner {\n  margin: -5px 0px -40px 0px;\n}\n<\/style>\n\t<\/div>\n\n\t\n\n<\/div>\n\n\t\t<\/div>\n\t\t\t\t\n<style>\n#col-1224122921 > .col-inner {\n  padding: 5px 5px 15px 5px;\n}\n<\/style>\n\t<\/div>\n\n\t\n\n\t<div id=\"col-2031159622\" class=\"col medium-4 small-6 large-4\"  >\n\t\t\t\t<div class=\"col-inner text-center box-shadow-3-hover\"  >\n\t\t\t\n\t\t\t\n\n\t<div class=\"img has-hover x md-x lg-x y md-y lg-y\" id=\"image_918971408\">\n\t\t<a class=\"\" href=\"https:\/\/seelandmobility.ch\/en\/vw-t-roc\/\" >\t\t\t\t\t\t<div class=\"img-inner image-zoom dark\" >\n\t\t\t<img loading=\"lazy\" decoding=\"async\" width=\"500\" height=\"332\" src=\"https:\/\/seelandmobility.ch\/wp-content\/uploads\/2023\/08\/audi-t-roc-mieten-in-nidau-port-ipsach1.png\" class=\"attachment-original size-original\" alt=\"\" srcset=\"https:\/\/seelandmobility.ch\/wp-content\/uploads\/2023\/08\/audi-t-roc-mieten-in-nidau-port-ipsach1.png 500w, https:\/\/seelandmobility.ch\/wp-content\/uploads\/2023\/08\/audi-t-roc-mieten-in-nidau-port-ipsach1-300x199.png 300w\" sizes=\"auto, (max-width: 500px) 100vw, 500px\" \/>\t\t\t\t\t\t\n\t\t\t\t\t<\/div>\n\t\t\t\t\t\t<\/a>\t\t\n<style>\n#image_918971408 {\n  width: 100%;\n}\n<\/style>\n\t<\/div>\n\t\n\n<div class=\"row\"  id=\"row-1288165114\">\n\n\n\t<div id=\"col-846446440\" class=\"col small-12 large-12\"  >\n\t\t\t\t<div class=\"col-inner text-center\"  >\n\t\t\t\n\t\t\t\n\n\t<div id=\"text-3208573251\" class=\"text harfaralik\">\n\t\t\n\n<table style=\"border-collapse: collapse; width: 100%; height: 22px;\">\r\n<tbody>\r\n<tr style=\"height: 22px;\">\r\n<td style=\"width: 66.8242%; height: 22px;\"><a href=\"\/vw-t-roc\/\"><span style=\"font-size: 110%;\"><span style=\"color: #000000;\"><strong>VW T-ROC<\/strong><\/span><\/span><\/a><\/td>\r\n<td style=\"width: 33.1758%; height: 22px; text-align: right;\"><span style=\"font-size: 105%;\"><strong><span style=\"color: #00aae7;\">CHF 130.-<\/span><\/strong><\/span><\/td>\r\n<\/tr>\r\n<\/tbody>\r\n<\/table>\n\t\t\n<style>\n#text-3208573251 {\n  font-size: 0.75rem;\n}\n@media (min-width:550px) {\n  #text-3208573251 {\n    font-size: 0.75rem;\n  }\n}\n@media (min-width:850px) {\n  #text-3208573251 {\n    font-size: 1rem;\n  }\n}\n<\/style>\n\t<\/div>\n\t\n\t<div class=\"img has-hover x md-x lg-x y md-y lg-y\" id=\"image_1226906743\">\n\t\t\t\t\t\t\t\t<div class=\"img-inner dark\" style=\"margin:5px 0px 0px 0px;\">\n\t\t\t<img loading=\"lazy\" decoding=\"async\" width=\"383\" height=\"37\" src=\"https:\/\/seelandmobility.ch\/wp-content\/uploads\/2023\/09\/Car-Set-3.png\" class=\"attachment-original size-original\" alt=\"\" srcset=\"https:\/\/seelandmobility.ch\/wp-content\/uploads\/2023\/09\/Car-Set-3.png 383w, https:\/\/seelandmobility.ch\/wp-content\/uploads\/2023\/09\/Car-Set-3-300x29.png 300w\" sizes=\"auto, (max-width: 383px) 100vw, 383px\" \/>\t\t\t\t\t\t\n\t\t\t\t\t<\/div>\n\t\t\t\t\t\t\t\t\n<style>\n#image_1226906743 {\n  width: 100%;\n}\n@media (min-width:550px) {\n  #image_1226906743 {\n    width: 80%;\n  }\n}\n<\/style>\n\t<\/div>\n\t\n\n\n\t\t<\/div>\n\t\t\t\t\n<style>\n#col-846446440 > .col-inner {\n  margin: -5px 0px -40px 0px;\n}\n<\/style>\n\t<\/div>\n\n\t\n\n<\/div>\n\n\t\t<\/div>\n\t\t\t\t\n<style>\n#col-2031159622 > .col-inner {\n  padding: 5px 5px 15px 5px;\n}\n<\/style>\n\t<\/div>\n\n\t\n\n\t<div id=\"col-830991781\" class=\"col medium-4 small-6 large-4\"  >\n\t\t\t\t<div class=\"col-inner text-center box-shadow-3-hover\"  >\n\t\t\t\n\t\t\t\n\n\t<div class=\"img has-hover x md-x lg-x y md-y lg-y\" id=\"image_453702152\">\n\t\t<a class=\"\" href=\"https:\/\/seelandmobility.ch\/en\/volvobielmieten\/\" >\t\t\t\t\t\t<div class=\"img-inner image-zoom dark\" >\n\t\t\t<img loading=\"lazy\" decoding=\"async\" width=\"2996\" height=\"1990\" src=\"https:\/\/seelandmobility.ch\/wp-content\/uploads\/2024\/10\/VOLVO-V40.png\" class=\"attachment-original size-original\" alt=\"Mietwagen Biel\" srcset=\"https:\/\/seelandmobility.ch\/wp-content\/uploads\/2024\/10\/VOLVO-V40.png 2996w, https:\/\/seelandmobility.ch\/wp-content\/uploads\/2024\/10\/VOLVO-V40-300x199.png 300w, https:\/\/seelandmobility.ch\/wp-content\/uploads\/2024\/10\/VOLVO-V40-1024x680.png 1024w, https:\/\/seelandmobility.ch\/wp-content\/uploads\/2024\/10\/VOLVO-V40-768x510.png 768w, https:\/\/seelandmobility.ch\/wp-content\/uploads\/2024\/10\/VOLVO-V40-1536x1020.png 1536w, https:\/\/seelandmobility.ch\/wp-content\/uploads\/2024\/10\/VOLVO-V40-2048x1360.png 2048w\" sizes=\"auto, (max-width: 2996px) 100vw, 2996px\" \/>\t\t\t\t\t\t\n\t\t\t\t\t<\/div>\n\t\t\t\t\t\t<\/a>\t\t\n<style>\n#image_453702152 {\n  width: 100%;\n}\n<\/style>\n\t<\/div>\n\t\n\n<div class=\"row\"  id=\"row-1341642751\">\n\n\n\t<div id=\"col-2069727771\" class=\"col small-12 large-12\"  >\n\t\t\t\t<div class=\"col-inner text-center\"  >\n\t\t\t\n\t\t\t\n\n\t<div id=\"text-3196491823\" class=\"text harfaralik\">\n\t\t\n\n<table style=\"border-collapse: collapse; width: 100%; height: 22px;\">\r\n<tbody>\r\n<tr style=\"height: 22px;\">\r\n<td style=\"width: 66.8242%; height: 22px;\"><a href=\"https:\/\/seelandmobility.ch\/en\/volvobielmieten\/\"><span style=\"font-size: 110%;\"><span style=\"color: #000000;\"><strong>VOLVO V40<\/strong><\/span><\/span><\/a><\/td>\r\n<td style=\"width: 33.1758%; height: 22px; text-align: right;\"><a href=\"https:\/\/seelandmobility.ch\/en\/volvobielmieten\/\"><span style=\"font-size: 105%;\"><strong><span style=\"color: #00aae7;\">CHF 80.-<\/span><\/strong><\/span><\/a><\/td>\r\n<\/tr>\r\n<\/tbody>\r\n<\/table>\n\t\t\n<style>\n#text-3196491823 {\n  font-size: 0.75rem;\n}\n@media (min-width:550px) {\n  #text-3196491823 {\n    font-size: 0.75rem;\n  }\n}\n@media (min-width:850px) {\n  #text-3196491823 {\n    font-size: 1rem;\n  }\n}\n<\/style>\n\t<\/div>\n\t\n\t<div class=\"img has-hover x md-x lg-x y md-y lg-y\" id=\"image_2031492882\">\n\t\t<a class=\"\" href=\"https:\/\/seelandmobility.ch\/en\/volvobielmieten\/\" >\t\t\t\t\t\t<div class=\"img-inner dark\" style=\"margin:5px 0px 0px 0px;\">\n\t\t\t<img loading=\"lazy\" decoding=\"async\" width=\"383\" height=\"37\" src=\"https:\/\/seelandmobility.ch\/wp-content\/uploads\/2023\/09\/Car-Set-3.png\" class=\"attachment-original size-original\" alt=\"\" srcset=\"https:\/\/seelandmobility.ch\/wp-content\/uploads\/2023\/09\/Car-Set-3.png 383w, https:\/\/seelandmobility.ch\/wp-content\/uploads\/2023\/09\/Car-Set-3-300x29.png 300w\" sizes=\"auto, (max-width: 383px) 100vw, 383px\" \/>\t\t\t\t\t\t\n\t\t\t\t\t<\/div>\n\t\t\t\t\t\t<\/a>\t\t\n<style>\n#image_2031492882 {\n  width: 100%;\n}\n@media (min-width:550px) {\n  #image_2031492882 {\n    width: 80%;\n  }\n}\n<\/style>\n\t<\/div>\n\t\n\n\n\t\t<\/div>\n\t\t\t\t\n<style>\n#col-2069727771 > .col-inner {\n  margin: -5px 0px -40px 0px;\n}\n<\/style>\n\t<\/div>\n\n\t\n\n<\/div>\n\n\t\t<\/div>\n\t\t\t\t\n<style>\n#col-830991781 > .col-inner {\n  padding: 5px 5px 15px 5px;\n}\n<\/style>\n\t<\/div>\n\n\t\n\n\t<div id=\"col-2146394511\" class=\"col medium-4 small-6 large-4\"  >\n\t\t\t\t<div class=\"col-inner text-center box-shadow-3-hover\"  >\n\t\t\t\n\t\t\t\n\n\t<div class=\"img has-hover x md-x lg-x y md-y lg-y\" id=\"image_1717043836\">\n\t\t<a class=\"\" href=\"https:\/\/seelandmobility.ch\/en\/peugeot-5008-der-modulare-7-sitzer-suv\/\" >\t\t\t\t\t\t<div class=\"img-inner image-zoom dark\" >\n\t\t\t<img loading=\"lazy\" decoding=\"async\" width=\"500\" height=\"332\" src=\"https:\/\/seelandmobility.ch\/wp-content\/uploads\/2023\/08\/mietwagen-7-plaetzer-in-biel-bienne-guenstige-mietautos1.png\" class=\"attachment-original size-original\" alt=\"\" srcset=\"https:\/\/seelandmobility.ch\/wp-content\/uploads\/2023\/08\/mietwagen-7-plaetzer-in-biel-bienne-guenstige-mietautos1.png 500w, https:\/\/seelandmobility.ch\/wp-content\/uploads\/2023\/08\/mietwagen-7-plaetzer-in-biel-bienne-guenstige-mietautos1-300x199.png 300w\" sizes=\"auto, (max-width: 500px) 100vw, 500px\" \/>\t\t\t\t\t\t\n\t\t\t\t\t<\/div>\n\t\t\t\t\t\t<\/a>\t\t\n<style>\n#image_1717043836 {\n  width: 100%;\n}\n<\/style>\n\t<\/div>\n\t\n\n<div class=\"row\"  id=\"row-1647371298\">\n\n\n\t<div id=\"col-622836715\" class=\"col small-12 large-12\"  >\n\t\t\t\t<div class=\"col-inner text-center\"  >\n\t\t\t\n\t\t\t\n\n\t<div id=\"text-2689221661\" class=\"text harfaralik\">\n\t\t\n\n<table style=\"border-collapse: collapse; width: 100%; height: 22px;\">\r\n<tbody>\r\n<tr style=\"height: 22px;\">\r\n<td style=\"width: 66.8242%; height: 22px;\"><a href=\"\/peugeot-5008-der-modulare-7-sitzer-suv\/\"><span style=\"font-size: 110%;\"><span style=\"color: #000000;\"><strong>PEUGEOT 5008<\/strong><\/span><\/span><\/a><\/td>\r\n<td style=\"width: 33.1758%; height: 22px; text-align: right;\"><span style=\"font-size: 105%;\"><strong><span style=\"color: #00aae7;\">CHF 80.-<\/span><\/strong><\/span><\/td>\r\n<\/tr>\r\n<\/tbody>\r\n<\/table>\n\t\t\n<style>\n#text-2689221661 {\n  font-size: 0.75rem;\n}\n@media (min-width:550px) {\n  #text-2689221661 {\n    font-size: 0.75rem;\n  }\n}\n@media (min-width:850px) {\n  #text-2689221661 {\n    font-size: 1rem;\n  }\n}\n<\/style>\n\t<\/div>\n\t\n\t<div class=\"img has-hover x md-x lg-x y md-y lg-y\" id=\"image_1213941048\">\n\t\t\t\t\t\t\t\t<div class=\"img-inner dark\" style=\"margin:5px 0px 0px 0px;\">\n\t\t\t<img loading=\"lazy\" decoding=\"async\" width=\"383\" height=\"37\" src=\"https:\/\/seelandmobility.ch\/wp-content\/uploads\/2023\/09\/Car-Set-2.png\" class=\"attachment-original size-original\" alt=\"\" srcset=\"https:\/\/seelandmobility.ch\/wp-content\/uploads\/2023\/09\/Car-Set-2.png 383w, https:\/\/seelandmobility.ch\/wp-content\/uploads\/2023\/09\/Car-Set-2-300x29.png 300w\" sizes=\"auto, (max-width: 383px) 100vw, 383px\" \/>\t\t\t\t\t\t\n\t\t\t\t\t<\/div>\n\t\t\t\t\t\t\t\t\n<style>\n#image_1213941048 {\n  width: 100%;\n}\n@media (min-width:550px) {\n  #image_1213941048 {\n    width: 80%;\n  }\n}\n<\/style>\n\t<\/div>\n\t\n\n\n\t\t<\/div>\n\t\t\t\t\n<style>\n#col-622836715 > .col-inner {\n  margin: -5px 0px -40px 0px;\n}\n<\/style>\n\t<\/div>\n\n\t\n\n<\/div>\n\n\t\t<\/div>\n\t\t\t\t\n<style>\n#col-2146394511 > .col-inner {\n  padding: 5px 5px 15px 5px;\n}\n<\/style>\n\t<\/div>\n\n\t\n\n<\/div>\n<div class=\"row\"  id=\"row-933410839\">\n\n\n\t<div id=\"col-1291315503\" class=\"col medium-4 small-6 large-4\"  >\n\t\t\t\t<div class=\"col-inner text-center box-shadow-3-hover\"  >\n\t\t\t\n\t\t\t\n\n\t<div class=\"img has-hover x md-x lg-x y md-y lg-y\" id=\"image_332386181\">\n\t\t<a class=\"\" href=\"https:\/\/seelandmobility.ch\/en\/car-rental-in-biel-hyundai-h1-8-seater\/\" >\t\t\t\t\t\t<div class=\"img-inner image-zoom dark\" >\n\t\t\t<img loading=\"lazy\" decoding=\"async\" width=\"6876\" height=\"4588\" src=\"https:\/\/seelandmobility.ch\/wp-content\/uploads\/2024\/10\/Hyundai-h1.png\" class=\"attachment-original size-original\" alt=\"8 Pl\u00e4tzer mieten in Biel Bienne, bei Seeland Mobility\" srcset=\"https:\/\/seelandmobility.ch\/wp-content\/uploads\/2024\/10\/Hyundai-h1.png 6876w, https:\/\/seelandmobility.ch\/wp-content\/uploads\/2024\/10\/Hyundai-h1-300x200.png 300w, https:\/\/seelandmobility.ch\/wp-content\/uploads\/2024\/10\/Hyundai-h1-1024x683.png 1024w, https:\/\/seelandmobility.ch\/wp-content\/uploads\/2024\/10\/Hyundai-h1-768x512.png 768w, https:\/\/seelandmobility.ch\/wp-content\/uploads\/2024\/10\/Hyundai-h1-1536x1025.png 1536w, https:\/\/seelandmobility.ch\/wp-content\/uploads\/2024\/10\/Hyundai-h1-2048x1367.png 2048w\" sizes=\"auto, (max-width: 6876px) 100vw, 6876px\" \/>\t\t\t\t\t\t\n\t\t\t\t\t<\/div>\n\t\t\t\t\t\t<\/a>\t\t\n<style>\n#image_332386181 {\n  width: 100%;\n}\n<\/style>\n\t<\/div>\n\t\n\n<div class=\"row\"  id=\"row-1313873045\">\n\n\n\t<div id=\"col-346980199\" class=\"col small-12 large-12\"  >\n\t\t\t\t<div class=\"col-inner text-center\"  >\n\t\t\t\n\t\t\t\n\n\t<div id=\"text-4215153495\" class=\"text harfaralik\">\n\t\t\n\n<table style=\"border-collapse: collapse; width: 100%; height: 22px;\">\r\n<tbody>\r\n<tr style=\"height: 22px;\">\r\n<td style=\"width: 66.8242%; height: 22px;\"><a href=\"https:\/\/seelandmobility.ch\/en\/car-rental-in-biel-hyundai-h1-8-seater\/\"><span style=\"font-size: 110%;\"><span style=\"color: #000000;\"><strong>HYUNDAI H1<\/strong><\/span><\/span><\/a><\/td>\r\n<td style=\"width: 33.1758%; height: 22px; text-align: right;\"><span style=\"font-size: 105%;\"><strong><span style=\"color: #00aae7;\">CHF 130.-<\/span><\/strong><\/span><\/td>\r\n<\/tr>\r\n<\/tbody>\r\n<\/table>\n\t\t\n<style>\n#text-4215153495 {\n  font-size: 0.75rem;\n}\n@media (min-width:550px) {\n  #text-4215153495 {\n    font-size: 0.75rem;\n  }\n}\n@media (min-width:850px) {\n  #text-4215153495 {\n    font-size: 1rem;\n  }\n}\n<\/style>\n\t<\/div>\n\t\n\t<div class=\"img has-hover x md-x lg-x y md-y lg-y\" id=\"image_1535415641\">\n\t\t<a class=\"\" href=\"https:\/\/seelandmobility.ch\/en\/car-rental-in-biel-hyundai-h1-8-seater\/\" >\t\t\t\t\t\t<div class=\"img-inner dark\" style=\"margin:5px 0px 0px 0px;\">\n\t\t\t<img loading=\"lazy\" decoding=\"async\" width=\"345\" height=\"42\" src=\"https:\/\/seelandmobility.ch\/wp-content\/uploads\/2024\/10\/orlandooaa-1.png\" class=\"attachment-original size-original\" alt=\"\" srcset=\"https:\/\/seelandmobility.ch\/wp-content\/uploads\/2024\/10\/orlandooaa-1.png 345w, https:\/\/seelandmobility.ch\/wp-content\/uploads\/2024\/10\/orlandooaa-1-300x37.png 300w\" sizes=\"auto, (max-width: 345px) 100vw, 345px\" \/>\t\t\t\t\t\t\n\t\t\t\t\t<\/div>\n\t\t\t\t\t\t<\/a>\t\t\n<style>\n#image_1535415641 {\n  width: 100%;\n}\n@media (min-width:550px) {\n  #image_1535415641 {\n    width: 80%;\n  }\n}\n<\/style>\n\t<\/div>\n\t\n\n\n\t\t<\/div>\n\t\t\t\t\n<style>\n#col-346980199 > .col-inner {\n  margin: -5px 0px -40px 0px;\n}\n<\/style>\n\t<\/div>\n\n\t\n\n<\/div>\n\n\t\t<\/div>\n\t\t\t\t\n<style>\n#col-1291315503 > .col-inner {\n  padding: 5px 5px 15px 5px;\n}\n<\/style>\n\t<\/div>\n\n\t\n\n\t<div id=\"col-158173982\" class=\"col medium-4 small-6 large-4\"  >\n\t\t\t\t<div class=\"col-inner text-center box-shadow-3-hover\"  >\n\t\t\t\n\t\t\t\n\n\t<div class=\"img has-hover x md-x lg-x y md-y lg-y\" id=\"image_1543262065\">\n\t\t<a class=\"\" href=\"https:\/\/seelandmobility.ch\/en\/chevrolet-orlandi-the-modular-7-seater-suv\/\" >\t\t\t\t\t\t<div class=\"img-inner image-zoom dark\" >\n\t\t\t<img loading=\"lazy\" decoding=\"async\" width=\"6910\" height=\"4607\" src=\"https:\/\/seelandmobility.ch\/wp-content\/uploads\/2024\/10\/orlandoo.png\" class=\"attachment-original size-original\" alt=\"Chevrolet Orlando 7 pl\u00e4tzet Fahrzeug mieten biel\" srcset=\"https:\/\/seelandmobility.ch\/wp-content\/uploads\/2024\/10\/orlandoo.png 6910w, https:\/\/seelandmobility.ch\/wp-content\/uploads\/2024\/10\/orlandoo-300x200.png 300w, https:\/\/seelandmobility.ch\/wp-content\/uploads\/2024\/10\/orlandoo-1024x683.png 1024w, https:\/\/seelandmobility.ch\/wp-content\/uploads\/2024\/10\/orlandoo-768x512.png 768w, https:\/\/seelandmobility.ch\/wp-content\/uploads\/2024\/10\/orlandoo-1536x1024.png 1536w, https:\/\/seelandmobility.ch\/wp-content\/uploads\/2024\/10\/orlandoo-2048x1365.png 2048w\" sizes=\"auto, (max-width: 6910px) 100vw, 6910px\" \/>\t\t\t\t\t\t\n\t\t\t\t\t<\/div>\n\t\t\t\t\t\t<\/a>\t\t\n<style>\n#image_1543262065 {\n  width: 100%;\n}\n<\/style>\n\t<\/div>\n\t\n\n<div class=\"row\"  id=\"row-1926464865\">\n\n\n\t<div id=\"col-1966910079\" class=\"col small-12 large-12\"  >\n\t\t\t\t<div class=\"col-inner text-center\"  >\n\t\t\t\n\t\t\t\n\n\t<div id=\"text-1173181785\" class=\"text harfaralik\">\n\t\t\n\n<table style=\"border-collapse: collapse; width: 100%; height: 22px;\">\r\n<tbody>\r\n<tr style=\"height: 22px;\">\r\n<td style=\"width: 66.8242%; height: 22px;\"><a href=\"\/vw-t-roc\/\"><span style=\"font-size: 110%;\"><span style=\"color: #000000;\"><strong>CHEVROLET ORLANDO<\/strong><\/span><\/span><\/a><\/td>\r\n<td style=\"width: 33.1758%; height: 22px; text-align: right;\"><span style=\"font-size: 105%;\"><strong><span style=\"color: #00aae7;\">CHF 100.-<\/span><\/strong><\/span><\/td>\r\n<\/tr>\r\n<\/tbody>\r\n<\/table>\n\t\t\n<style>\n#text-1173181785 {\n  font-size: 0.75rem;\n}\n@media (min-width:550px) {\n  #text-1173181785 {\n    font-size: 0.75rem;\n  }\n}\n@media (min-width:850px) {\n  #text-1173181785 {\n    font-size: 1rem;\n  }\n}\n<\/style>\n\t<\/div>\n\t\n\t<div class=\"img has-hover x md-x lg-x y md-y lg-y\" id=\"image_508808956\">\n\t\t\t\t\t\t\t\t<div class=\"img-inner dark\" style=\"margin:5px 0px 0px 0px;\">\n\t\t\t<img loading=\"lazy\" decoding=\"async\" width=\"383\" height=\"37\" src=\"https:\/\/seelandmobility.ch\/wp-content\/uploads\/2023\/09\/Car-Set-2.png\" class=\"attachment-original size-original\" alt=\"\" srcset=\"https:\/\/seelandmobility.ch\/wp-content\/uploads\/2023\/09\/Car-Set-2.png 383w, https:\/\/seelandmobility.ch\/wp-content\/uploads\/2023\/09\/Car-Set-2-300x29.png 300w\" sizes=\"auto, (max-width: 383px) 100vw, 383px\" \/>\t\t\t\t\t\t\n\t\t\t\t\t<\/div>\n\t\t\t\t\t\t\t\t\n<style>\n#image_508808956 {\n  width: 100%;\n}\n@media (min-width:550px) {\n  #image_508808956 {\n    width: 80%;\n  }\n}\n<\/style>\n\t<\/div>\n\t\n\n\n\t\t<\/div>\n\t\t\t\t\n<style>\n#col-1966910079 > .col-inner {\n  margin: -5px 0px -40px 0px;\n}\n<\/style>\n\t<\/div>\n\n\t\n\n<\/div>\n\n\t\t<\/div>\n\t\t\t\t\n<style>\n#col-158173982 > .col-inner {\n  padding: 5px 5px 15px 5px;\n}\n<\/style>\n\t<\/div>\n\n\t\n\n\t<div id=\"col-355708228\" class=\"col medium-4 small-6 large-4\"  >\n\t\t\t\t<div class=\"col-inner text-center box-shadow-3-hover\"  >\n\t\t\t\n\t\t\t\n\n\t<div class=\"img has-hover x md-x lg-x y md-y lg-y\" id=\"image_1255564171\">\n\t\t<a class=\"\" href=\"https:\/\/seelandmobility.ch\/en\/ford-transit-9-plaetzer\/\" >\t\t\t\t\t\t<div class=\"img-inner image-zoom dark\" >\n\t\t\t<img loading=\"lazy\" decoding=\"async\" width=\"2560\" height=\"1708\" src=\"https:\/\/seelandmobility.ch\/wp-content\/uploads\/2025\/04\/Ford-Transit-2-1-scaled.jpg\" class=\"attachment-original size-original\" alt=\"\" srcset=\"https:\/\/seelandmobility.ch\/wp-content\/uploads\/2025\/04\/Ford-Transit-2-1-scaled.jpg 2560w, https:\/\/seelandmobility.ch\/wp-content\/uploads\/2025\/04\/Ford-Transit-2-1-300x200.jpg 300w, https:\/\/seelandmobility.ch\/wp-content\/uploads\/2025\/04\/Ford-Transit-2-1-1024x683.jpg 1024w, https:\/\/seelandmobility.ch\/wp-content\/uploads\/2025\/04\/Ford-Transit-2-1-768x512.jpg 768w, https:\/\/seelandmobility.ch\/wp-content\/uploads\/2025\/04\/Ford-Transit-2-1-1536x1025.jpg 1536w, https:\/\/seelandmobility.ch\/wp-content\/uploads\/2025\/04\/Ford-Transit-2-1-2048x1367.jpg 2048w\" sizes=\"auto, (max-width: 2560px) 100vw, 2560px\" \/>\t\t\t\t\t\t\n\t\t\t\t\t<\/div>\n\t\t\t\t\t\t<\/a>\t\t\n<style>\n#image_1255564171 {\n  width: 100%;\n}\n<\/style>\n\t<\/div>\n\t\n\n<div class=\"row\"  id=\"row-1507887628\">\n\n\n\t<div id=\"col-543694144\" class=\"col small-12 large-12\"  >\n\t\t\t\t<div class=\"col-inner text-center\"  >\n\t\t\t\n\t\t\t\n\n\t<div id=\"text-1325229444\" class=\"text harfaralik\">\n\t\t\n\n<table style=\"border-collapse: collapse; width: 100%; height: 22px;\">\r\n<tbody>\r\n<tr style=\"height: 22px;\">\r\n<td style=\"width: 66.8242%; height: 22px;\"><a href=\"https:\/\/seelandmobility.ch\/en\/ford-transit-9-plaetzer\/\"><span style=\"font-size: 110%;\"><span style=\"color: #000000;\"><strong>Ford Transit<\/strong><\/span><\/span><\/a><\/td>\r\n<td style=\"width: 33.1758%; height: 22px; text-align: right;\"><span style=\"font-size: 105%;\"><strong><span style=\"color: #00aae7;\">CHF 140.-<\/span><\/strong><\/span><\/td>\r\n<\/tr>\r\n<\/tbody>\r\n<\/table>\n\t\t\n<style>\n#text-1325229444 {\n  font-size: 0.75rem;\n}\n@media (min-width:550px) {\n  #text-1325229444 {\n    font-size: 0.75rem;\n  }\n}\n@media (min-width:850px) {\n  #text-1325229444 {\n    font-size: 1rem;\n  }\n}\n<\/style>\n\t<\/div>\n\t\n\t<div class=\"img has-hover x md-x lg-x y md-y lg-y\" id=\"image_281341425\">\n\t\t\t\t\t\t\t\t<div class=\"img-inner dark\" style=\"margin:5px 0px 0px 0px;\">\n\t\t\t<img loading=\"lazy\" decoding=\"async\" width=\"383\" height=\"37\" src=\"https:\/\/seelandmobility.ch\/wp-content\/uploads\/2025\/04\/Car-Set-9.png\" class=\"attachment-original size-original\" alt=\"\" srcset=\"https:\/\/seelandmobility.ch\/wp-content\/uploads\/2025\/04\/Car-Set-9.png 383w, https:\/\/seelandmobility.ch\/wp-content\/uploads\/2025\/04\/Car-Set-9-300x29.png 300w\" sizes=\"auto, (max-width: 383px) 100vw, 383px\" \/>\t\t\t\t\t\t\n\t\t\t\t\t<\/div>\n\t\t\t\t\t\t\t\t\n<style>\n#image_281341425 {\n  width: 100%;\n}\n@media (min-width:550px) {\n  #image_281341425 {\n    width: 80%;\n  }\n}\n<\/style>\n\t<\/div>\n\t\n\n\n\t\t<\/div>\n\t\t\t\t\n<style>\n#col-543694144 > .col-inner {\n  margin: -5px 0px -40px 0px;\n}\n<\/style>\n\t<\/div>\n\n\t\n\n<\/div>\n\n\t\t<\/div>\n\t\t\t\t\n<style>\n#col-355708228 > .col-inner {\n  padding: 5px 5px 15px 5px;\n}\n<\/style>\n\t<\/div>\n\n\t\n\n\t<div id=\"col-1606900928\" class=\"col medium-4 small-6 large-4\"  >\n\t\t\t\t<div class=\"col-inner text-center box-shadow-3-hover\"  >\n\t\t\t\n\t\t\t\n\n\t<div class=\"img has-hover x md-x lg-x y md-y lg-y\" id=\"image_49557401\">\n\t\t<a class=\"\" href=\"https:\/\/seelandmobility.ch\/en\/bmw-x1-suv\/\" >\t\t\t\t\t\t<div class=\"img-inner image-zoom dark\" >\n\t\t\t<img loading=\"lazy\" decoding=\"async\" width=\"500\" height=\"332\" src=\"https:\/\/seelandmobility.ch\/wp-content\/uploads\/2023\/08\/auto-mieten-privat-biel-bienne1.png\" class=\"attachment-original size-original\" alt=\"\" srcset=\"https:\/\/seelandmobility.ch\/wp-content\/uploads\/2023\/08\/auto-mieten-privat-biel-bienne1.png 500w, https:\/\/seelandmobility.ch\/wp-content\/uploads\/2023\/08\/auto-mieten-privat-biel-bienne1-300x199.png 300w\" sizes=\"auto, (max-width: 500px) 100vw, 500px\" \/>\t\t\t\t\t\t\n\t\t\t\t\t<\/div>\n\t\t\t\t\t\t<\/a>\t\t\n<style>\n#image_49557401 {\n  width: 100%;\n}\n<\/style>\n\t<\/div>\n\t\n\n<div class=\"row\"  id=\"row-524551618\">\n\n\n\t<div id=\"col-647314055\" class=\"col small-12 large-12\"  >\n\t\t\t\t<div class=\"col-inner text-center\"  >\n\t\t\t\n\t\t\t\n\n\t<div id=\"text-1299785628\" class=\"text harfaralik\">\n\t\t\n\n<table style=\"border-collapse: collapse; width: 100%; height: 22px;\">\r\n<tbody>\r\n<tr style=\"height: 22px;\">\r\n<td style=\"width: 66.8242%; height: 22px;\"><a href=\"\/bmw-x1-suv\/\"><span style=\"font-size: 110%;\"><span style=\"color: #000000;\"><strong>BMW X1<\/strong><\/span><\/span><\/a><\/td>\r\n<td style=\"width: 33.1758%; height: 22px; text-align: right;\"><span style=\"font-size: 105%;\"><strong><span style=\"color: #00aae7;\">CHF 140.-<\/span><\/strong><\/span><\/td>\r\n<\/tr>\r\n<\/tbody>\r\n<\/table>\n\t\t\n<style>\n#text-1299785628 {\n  font-size: 0.75rem;\n}\n@media (min-width:550px) {\n  #text-1299785628 {\n    font-size: 0.75rem;\n  }\n}\n@media (min-width:850px) {\n  #text-1299785628 {\n    font-size: 1rem;\n  }\n}\n<\/style>\n\t<\/div>\n\t\n\t<div class=\"img has-hover x md-x lg-x y md-y lg-y\" id=\"image_866062071\">\n\t\t\t\t\t\t\t\t<div class=\"img-inner dark\" style=\"margin:5px 0px 0px 0px;\">\n\t\t\t<img loading=\"lazy\" decoding=\"async\" width=\"383\" height=\"37\" src=\"https:\/\/seelandmobility.ch\/wp-content\/uploads\/2023\/09\/Car-Set-3.png\" class=\"attachment-original size-original\" alt=\"\" srcset=\"https:\/\/seelandmobility.ch\/wp-content\/uploads\/2023\/09\/Car-Set-3.png 383w, https:\/\/seelandmobility.ch\/wp-content\/uploads\/2023\/09\/Car-Set-3-300x29.png 300w\" sizes=\"auto, (max-width: 383px) 100vw, 383px\" \/>\t\t\t\t\t\t\n\t\t\t\t\t<\/div>\n\t\t\t\t\t\t\t\t\n<style>\n#image_866062071 {\n  width: 100%;\n}\n@media (min-width:550px) {\n  #image_866062071 {\n    width: 80%;\n  }\n}\n<\/style>\n\t<\/div>\n\t\n\n\n\t\t<\/div>\n\t\t\t\t\n<style>\n#col-647314055 > .col-inner {\n  margin: -5px 0px -40px 0px;\n}\n<\/style>\n\t<\/div>\n\n\t\n\n<\/div>\n\n\t\t<\/div>\n\t\t\t\t\n<style>\n#col-1606900928 > .col-inner {\n  padding: 5px 5px 15px 5px;\n}\n<\/style>\n\t<\/div>\n\n\t\n\n\t<div id=\"col-2060639660\" class=\"col medium-4 small-6 large-4\"  >\n\t\t\t\t<div class=\"col-inner text-center box-shadow-3-hover\"  >\n\t\t\t\n\t\t\t\n\n\t<div class=\"img has-hover x md-x lg-x y md-y lg-y\" id=\"image_500173811\">\n\t\t<a class=\"\" href=\"https:\/\/seelandmobility.ch\/en\/porsche-panamera\/\" >\t\t\t\t\t\t<div class=\"img-inner image-zoom dark\" >\n\t\t\t<img loading=\"lazy\" decoding=\"async\" width=\"500\" height=\"332\" src=\"https:\/\/seelandmobility.ch\/wp-content\/uploads\/2023\/08\/porsche-panamera-in-biel-mieten-luxus-autos-sport-auto-mieten-biel1.png\" class=\"attachment-original size-original\" alt=\"Fahrzeug g\u00fcnstig mieten biel \/ Sportwagen\" srcset=\"https:\/\/seelandmobility.ch\/wp-content\/uploads\/2023\/08\/porsche-panamera-in-biel-mieten-luxus-autos-sport-auto-mieten-biel1.png 500w, https:\/\/seelandmobility.ch\/wp-content\/uploads\/2023\/08\/porsche-panamera-in-biel-mieten-luxus-autos-sport-auto-mieten-biel1-300x199.png 300w\" sizes=\"auto, (max-width: 500px) 100vw, 500px\" \/>\t\t\t\t\t\t\n\t\t\t\t\t<\/div>\n\t\t\t\t\t\t<\/a>\t\t\n<style>\n#image_500173811 {\n  width: 100%;\n}\n<\/style>\n\t<\/div>\n\t\n\n<div class=\"row\"  id=\"row-2142520277\">\n\n\n\t<div id=\"col-2124441511\" class=\"col small-12 large-12\"  >\n\t\t\t\t<div class=\"col-inner text-center\"  >\n\t\t\t\n\t\t\t\n\n\t<div id=\"text-3042923882\" class=\"text harfaralik\">\n\t\t\n\n<table style=\"border-collapse: collapse; width: 100%; height: 22px;\">\r\n<tbody>\r\n<tr style=\"height: 22px;\">\r\n<td style=\"width: 90.6427%; height: 22px;\"><a href=\"\/porsche-panamera\/\"><span style=\"font-size: 110%;\"><span style=\"color: #000000;\"><strong>PORSCHE PANAMERA 4S<\/strong><\/span><\/span><\/a><\/td>\r\n<td style=\"width: 9.35728%; height: 22px; text-align: right;\"><\/td>\r\n<\/tr>\r\n<\/tbody>\r\n<\/table>\n\t\t\n<style>\n#text-3042923882 {\n  font-size: 0.75rem;\n}\n@media (min-width:550px) {\n  #text-3042923882 {\n    font-size: 0.75rem;\n  }\n}\n@media (min-width:850px) {\n  #text-3042923882 {\n    font-size: 1rem;\n  }\n}\n<\/style>\n\t<\/div>\n\t\n\t<div class=\"img has-hover x md-x lg-x y md-y lg-y\" id=\"image_1507384803\">\n\t\t\t\t\t\t\t\t<div class=\"img-inner dark\" style=\"margin:5px 0px 0px 0px;\">\n\t\t\t<img loading=\"lazy\" decoding=\"async\" width=\"383\" height=\"37\" src=\"https:\/\/seelandmobility.ch\/wp-content\/uploads\/2023\/09\/Car-Set.png\" class=\"attachment-original size-original\" alt=\"\" srcset=\"https:\/\/seelandmobility.ch\/wp-content\/uploads\/2023\/09\/Car-Set.png 383w, https:\/\/seelandmobility.ch\/wp-content\/uploads\/2023\/09\/Car-Set-300x29.png 300w\" sizes=\"auto, (max-width: 383px) 100vw, 383px\" \/>\t\t\t\t\t\t\n\t\t\t\t\t<\/div>\n\t\t\t\t\t\t\t\t\n<style>\n#image_1507384803 {\n  width: 100%;\n}\n@media (min-width:550px) {\n  #image_1507384803 {\n    width: 80%;\n  }\n}\n<\/style>\n\t<\/div>\n\t\n\n\n\t\t<\/div>\n\t\t\t\t\n<style>\n#col-2124441511 > .col-inner {\n  margin: -5px 0px -40px 0px;\n}\n<\/style>\n\t<\/div>\n\n\t\n\n<\/div>\n\n\t\t<\/div>\n\t\t\t\t\n<style>\n#col-2060639660 > .col-inner {\n  padding: 5px 5px 15px 5px;\n}\n<\/style>\n\t<\/div>\n\n\t\n\n<\/div>\n\n     <\/div>\n\n     <div class=\"loading-spin dark large centered\"><\/div>\n\n\t<\/div>\n\n\n\n\t\t<\/div>\n\t\t\t\t\t<\/div>\n\n\t\n\n<\/div>\n","protected":false},"excerpt":{"rendered":"","protected":false},"author":1,"featured_media":0,"parent":0,"menu_order":0,"comment_status":"closed","ping_status":"closed","template":"page-blank.php","meta":{"footnotes":""},"class_list":["post-4828","page","type-page","status-publish","hentry"],"yoast_head":"<!-- This site is optimized with the Yoast SEO Premium plugin v23.8 (Yoast SEO v28.3) - https:\/\/yoast.com\/product\/yoast-seo-premium-wordpress\/ -->\n<title>Ford Transit - 9 Pl\u00e4tzer - Rent a van or car in Biel - Seeland Mobility<\/title>\n<meta name=\"description\" content=\"Hyundai H1 \u2013 Vielseitigkeit und Komfort f\u00fcr jede Gelegenheit, 8 Pl\u00e4tzer mieten in Biel, Der Hyundai H1 ist der ideale Mietwagen f\u00fcr all jene, die Platz und Komfort f\u00fcr bis zu 8 Personen suchen. Ob f\u00fcr Familienausfl\u00fcge, Gesch\u00e4ftsreisen oder Gruppenausfl\u00fcge, dieser Mietwagen bietet Ihnen alles, was Sie f\u00fcr eine entspannte Fahrt ben\u00f6tigen.\" \/>\n<meta name=\"robots\" content=\"index, follow, max-snippet:-1, max-image-preview:large, max-video-preview:-1\" \/>\n<link rel=\"canonical\" href=\"https:\/\/seelandmobility.ch\/en\/ford-transit-9-plaetzer\/\" \/>\n<meta property=\"og:locale\" content=\"en_US\" \/>\n<meta property=\"og:type\" content=\"article\" \/>\n<meta property=\"og:title\" content=\"Ford Transit - 9 Pl\u00e4tzer\" \/>\n<meta property=\"og:description\" content=\"Hyundai H1 \u2013 Vielseitigkeit und Komfort f\u00fcr jede Gelegenheit, 8 Pl\u00e4tzer mieten in Biel, Der Hyundai H1 ist der ideale Mietwagen f\u00fcr all jene, die Platz und Komfort f\u00fcr bis zu 8 Personen suchen. Ob f\u00fcr Familienausfl\u00fcge, Gesch\u00e4ftsreisen oder Gruppenausfl\u00fcge, dieser Mietwagen bietet Ihnen alles, was Sie f\u00fcr eine entspannte Fahrt ben\u00f6tigen.\" \/>\n<meta property=\"og:url\" content=\"https:\/\/seelandmobility.ch\/en\/ford-transit-9-plaetzer\/\" \/>\n<meta property=\"og:site_name\" content=\"Rent a van or car in Biel - Seeland Mobility\" \/>\n<meta property=\"article:publisher\" content=\"https:\/\/www.facebook.com\/seelandmobility\/\" \/>\n<meta property=\"article:modified_time\" content=\"2025-04-19T21:21:13+00:00\" \/>\n<meta property=\"og:image\" content=\"https:\/\/seelandmobility.ch\/wp-content\/uploads\/2023\/08\/009-car-placeholder-300x300.png\" \/>\n<meta name=\"twitter:card\" content=\"summary_large_image\" \/>\n<meta name=\"twitter:label1\" content=\"Est. reading time\" \/>\n\t<meta name=\"twitter:data1\" content=\"6 minutes\" \/>\n<script type=\"application\/ld+json\" class=\"yoast-schema-graph\">{\"@context\":\"https:\\\/\\\/schema.org\",\"@graph\":[{\"@type\":\"WebPage\",\"@id\":\"https:\\\/\\\/seelandmobility.ch\\\/en\\\/ford-transit-9-plaetzer\\\/\",\"url\":\"https:\\\/\\\/seelandmobility.ch\\\/en\\\/ford-transit-9-plaetzer\\\/\",\"name\":\"Ford Transit - 9 Pl\u00e4tzer - Rent a van or car in Biel - Seeland Mobility\",\"isPartOf\":{\"@id\":\"https:\\\/\\\/seelandmobility.ch\\\/en\\\/#website\"},\"primaryImageOfPage\":{\"@id\":\"https:\\\/\\\/seelandmobility.ch\\\/en\\\/ford-transit-9-plaetzer\\\/#primaryimage\"},\"image\":{\"@id\":\"https:\\\/\\\/seelandmobility.ch\\\/en\\\/ford-transit-9-plaetzer\\\/#primaryimage\"},\"thumbnailUrl\":\"https:\\\/\\\/seelandmobility.ch\\\/wp-content\\\/uploads\\\/2023\\\/08\\\/009-car-placeholder-300x300.png\",\"datePublished\":\"2025-04-19T21:00:23+00:00\",\"dateModified\":\"2025-04-19T21:21:13+00:00\",\"description\":\"Hyundai H1 \u2013 Vielseitigkeit und Komfort f\u00fcr jede Gelegenheit, 8 Pl\u00e4tzer mieten in Biel, Der Hyundai H1 ist der ideale Mietwagen f\u00fcr all jene, die Platz und Komfort f\u00fcr bis zu 8 Personen suchen. Ob f\u00fcr Familienausfl\u00fcge, Gesch\u00e4ftsreisen oder Gruppenausfl\u00fcge, dieser Mietwagen bietet Ihnen alles, was Sie f\u00fcr eine entspannte Fahrt ben\u00f6tigen.\",\"breadcrumb\":{\"@id\":\"https:\\\/\\\/seelandmobility.ch\\\/en\\\/ford-transit-9-plaetzer\\\/#breadcrumb\"},\"inLanguage\":\"en-US\",\"potentialAction\":[{\"@type\":\"ReadAction\",\"target\":[\"https:\\\/\\\/seelandmobility.ch\\\/en\\\/ford-transit-9-plaetzer\\\/\"]}]},{\"@type\":\"ImageObject\",\"inLanguage\":\"en-US\",\"@id\":\"https:\\\/\\\/seelandmobility.ch\\\/en\\\/ford-transit-9-plaetzer\\\/#primaryimage\",\"url\":\"https:\\\/\\\/seelandmobility.ch\\\/wp-content\\\/uploads\\\/2023\\\/08\\\/009-car-placeholder-300x300.png\",\"contentUrl\":\"https:\\\/\\\/seelandmobility.ch\\\/wp-content\\\/uploads\\\/2023\\\/08\\\/009-car-placeholder-300x300.png\"},{\"@type\":\"BreadcrumbList\",\"@id\":\"https:\\\/\\\/seelandmobility.ch\\\/en\\\/ford-transit-9-plaetzer\\\/#breadcrumb\",\"itemListElement\":[{\"@type\":\"ListItem\",\"position\":1,\"name\":\"Home\",\"item\":\"https:\\\/\\\/seelandmobility.ch\\\/en\\\/\"},{\"@type\":\"ListItem\",\"position\":2,\"name\":\"Ford Transit &#8211; 9 Pl\u00e4tzer\"}]},{\"@type\":\"WebSite\",\"@id\":\"https:\\\/\\\/seelandmobility.ch\\\/en\\\/#website\",\"url\":\"https:\\\/\\\/seelandmobility.ch\\\/en\\\/\",\"name\":\"Rent a van or car in Biel - Seeland Mobility\",\"description\":\"Rent a van or car in Biel - Seeland Mobility\",\"publisher\":{\"@id\":\"https:\\\/\\\/seelandmobility.ch\\\/en\\\/#organization\"},\"potentialAction\":[{\"@type\":\"SearchAction\",\"target\":{\"@type\":\"EntryPoint\",\"urlTemplate\":\"https:\\\/\\\/seelandmobility.ch\\\/en\\\/?s={search_term_string}\"},\"query-input\":{\"@type\":\"PropertyValueSpecification\",\"valueRequired\":true,\"valueName\":\"search_term_string\"}}],\"inLanguage\":\"en-US\"},{\"@type\":[\"Organization\",\"Place\"],\"@id\":\"https:\\\/\\\/seelandmobility.ch\\\/en\\\/#organization\",\"name\":\"Mieten Sie einen Lieferwagen oder Auto in Biel - Seeland Mobility\",\"alternateName\":\"Mieten Sie einen Lieferwagen oder Auto in Biel - Seeland Mobility\",\"url\":\"https:\\\/\\\/seelandmobility.ch\\\/en\\\/\",\"logo\":{\"@id\":\"https:\\\/\\\/seelandmobility.ch\\\/en\\\/ford-transit-9-plaetzer\\\/#local-main-organization-logo\"},\"image\":{\"@id\":\"https:\\\/\\\/seelandmobility.ch\\\/en\\\/ford-transit-9-plaetzer\\\/#local-main-organization-logo\"},\"sameAs\":[\"https:\\\/\\\/www.facebook.com\\\/seelandmobility\\\/\"],\"address\":{\"@id\":\"https:\\\/\\\/seelandmobility.ch\\\/en\\\/ford-transit-9-plaetzer\\\/#local-main-place-address\"},\"geo\":{\"@type\":\"GeoCoordinates\",\"latitude\":\"47.11943550956682\",\"longitude\":\"7.241417303068638\"},\"telephone\":[\"+41 56 508 57 16\"],\"openingHoursSpecification\":[{\"@type\":\"OpeningHoursSpecification\",\"dayOfWeek\":[\"Monday\",\"Tuesday\",\"Wednesday\",\"Thursday\",\"Friday\"],\"opens\":\"08:00\",\"closes\":\"18:00\"},{\"@type\":\"OpeningHoursSpecification\",\"dayOfWeek\":[\"Saturday\",\"Sunday\"],\"opens\":\"08:00\",\"closes\":\"12:00\"}],\"email\":\"info@seelandmobility.ch\"},{\"@type\":\"PostalAddress\",\"@id\":\"https:\\\/\\\/seelandmobility.ch\\\/en\\\/ford-transit-9-plaetzer\\\/#local-main-place-address\",\"streetAddress\":\"Ipsachstrasse 10, 2560 Nidau, Schweiz\",\"addressLocality\":\"Nidau\",\"postalCode\":\"2560\",\"addressRegion\":\"Schweiz\",\"addressCountry\":\"SZ\"},{\"@type\":\"ImageObject\",\"inLanguage\":\"en-US\",\"@id\":\"https:\\\/\\\/seelandmobility.ch\\\/en\\\/ford-transit-9-plaetzer\\\/#local-main-organization-logo\",\"url\":\"https:\\\/\\\/seelandmobility.ch\\\/wp-content\\\/uploads\\\/2023\\\/10\\\/Seeland-Mobility-Logo-11.jpg\",\"contentUrl\":\"https:\\\/\\\/seelandmobility.ch\\\/wp-content\\\/uploads\\\/2023\\\/10\\\/Seeland-Mobility-Logo-11.jpg\",\"width\":1000,\"height\":1000,\"caption\":\"Mieten Sie einen Lieferwagen oder Auto in Biel - Seeland Mobility\"}]}<\/script>\n<meta name=\"geo.placename\" content=\"Nidau\" \/>\n<meta name=\"geo.position\" content=\"47.11943550956682;7.241417303068638\" \/>\n<meta name=\"geo.region\" content=\"Swaziland\" \/>\n<!-- \/ Yoast SEO Premium plugin. -->","yoast_head_json":{"title":"Ford Transit - 9 Pl\u00e4tzer - Rent a van or car in Biel - Seeland Mobility","description":"Hyundai H1 \u2013 Vielseitigkeit und Komfort f\u00fcr jede Gelegenheit, 8 Pl\u00e4tzer mieten in Biel, Der Hyundai H1 ist der ideale Mietwagen f\u00fcr all jene, die Platz und Komfort f\u00fcr bis zu 8 Personen suchen. Ob f\u00fcr Familienausfl\u00fcge, Gesch\u00e4ftsreisen oder Gruppenausfl\u00fcge, dieser Mietwagen bietet Ihnen alles, was Sie f\u00fcr eine entspannte Fahrt ben\u00f6tigen.","robots":{"index":"index","follow":"follow","max-snippet":"max-snippet:-1","max-image-preview":"max-image-preview:large","max-video-preview":"max-video-preview:-1"},"canonical":"https:\/\/seelandmobility.ch\/en\/ford-transit-9-plaetzer\/","og_locale":"en_US","og_type":"article","og_title":"Ford Transit - 9 Pl\u00e4tzer","og_description":"Hyundai H1 \u2013 Vielseitigkeit und Komfort f\u00fcr jede Gelegenheit, 8 Pl\u00e4tzer mieten in Biel, Der Hyundai H1 ist der ideale Mietwagen f\u00fcr all jene, die Platz und Komfort f\u00fcr bis zu 8 Personen suchen. Ob f\u00fcr Familienausfl\u00fcge, Gesch\u00e4ftsreisen oder Gruppenausfl\u00fcge, dieser Mietwagen bietet Ihnen alles, was Sie f\u00fcr eine entspannte Fahrt ben\u00f6tigen.","og_url":"https:\/\/seelandmobility.ch\/en\/ford-transit-9-plaetzer\/","og_site_name":"Rent a van or car in Biel - Seeland Mobility","article_publisher":"https:\/\/www.facebook.com\/seelandmobility\/","article_modified_time":"2025-04-19T21:21:13+00:00","og_image":[{"url":"https:\/\/seelandmobility.ch\/wp-content\/uploads\/2023\/08\/009-car-placeholder-300x300.png","type":"","width":"","height":""}],"twitter_card":"summary_large_image","twitter_misc":{"Est. reading time":"6 minutes"},"schema":{"@context":"https:\/\/schema.org","@graph":[{"@type":"WebPage","@id":"https:\/\/seelandmobility.ch\/en\/ford-transit-9-plaetzer\/","url":"https:\/\/seelandmobility.ch\/en\/ford-transit-9-plaetzer\/","name":"Ford Transit - 9 Pl\u00e4tzer - Rent a van or car in Biel - Seeland Mobility","isPartOf":{"@id":"https:\/\/seelandmobility.ch\/en\/#website"},"primaryImageOfPage":{"@id":"https:\/\/seelandmobility.ch\/en\/ford-transit-9-plaetzer\/#primaryimage"},"image":{"@id":"https:\/\/seelandmobility.ch\/en\/ford-transit-9-plaetzer\/#primaryimage"},"thumbnailUrl":"https:\/\/seelandmobility.ch\/wp-content\/uploads\/2023\/08\/009-car-placeholder-300x300.png","datePublished":"2025-04-19T21:00:23+00:00","dateModified":"2025-04-19T21:21:13+00:00","description":"Hyundai H1 \u2013 Vielseitigkeit und Komfort f\u00fcr jede Gelegenheit, 8 Pl\u00e4tzer mieten in Biel, Der Hyundai H1 ist der ideale Mietwagen f\u00fcr all jene, die Platz und Komfort f\u00fcr bis zu 8 Personen suchen. Ob f\u00fcr Familienausfl\u00fcge, Gesch\u00e4ftsreisen oder Gruppenausfl\u00fcge, dieser Mietwagen bietet Ihnen alles, was Sie f\u00fcr eine entspannte Fahrt ben\u00f6tigen.","breadcrumb":{"@id":"https:\/\/seelandmobility.ch\/en\/ford-transit-9-plaetzer\/#breadcrumb"},"inLanguage":"en-US","potentialAction":[{"@type":"ReadAction","target":["https:\/\/seelandmobility.ch\/en\/ford-transit-9-plaetzer\/"]}]},{"@type":"ImageObject","inLanguage":"en-US","@id":"https:\/\/seelandmobility.ch\/en\/ford-transit-9-plaetzer\/#primaryimage","url":"https:\/\/seelandmobility.ch\/wp-content\/uploads\/2023\/08\/009-car-placeholder-300x300.png","contentUrl":"https:\/\/seelandmobility.ch\/wp-content\/uploads\/2023\/08\/009-car-placeholder-300x300.png"},{"@type":"BreadcrumbList","@id":"https:\/\/seelandmobility.ch\/en\/ford-transit-9-plaetzer\/#breadcrumb","itemListElement":[{"@type":"ListItem","position":1,"name":"Home","item":"https:\/\/seelandmobility.ch\/en\/"},{"@type":"ListItem","position":2,"name":"Ford Transit &#8211; 9 Pl\u00e4tzer"}]},{"@type":"WebSite","@id":"https:\/\/seelandmobility.ch\/en\/#website","url":"https:\/\/seelandmobility.ch\/en\/","name":"Rent a van or car in Biel - Seeland Mobility","description":"Rent a van or car in Biel - Seeland Mobility","publisher":{"@id":"https:\/\/seelandmobility.ch\/en\/#organization"},"potentialAction":[{"@type":"SearchAction","target":{"@type":"EntryPoint","urlTemplate":"https:\/\/seelandmobility.ch\/en\/?s={search_term_string}"},"query-input":{"@type":"PropertyValueSpecification","valueRequired":true,"valueName":"search_term_string"}}],"inLanguage":"en-US"},{"@type":["Organization","Place"],"@id":"https:\/\/seelandmobility.ch\/en\/#organization","name":"Mieten Sie einen Lieferwagen oder Auto in Biel - Seeland Mobility","alternateName":"Mieten Sie einen Lieferwagen oder Auto in Biel - Seeland Mobility","url":"https:\/\/seelandmobility.ch\/en\/","logo":{"@id":"https:\/\/seelandmobility.ch\/en\/ford-transit-9-plaetzer\/#local-main-organization-logo"},"image":{"@id":"https:\/\/seelandmobility.ch\/en\/ford-transit-9-plaetzer\/#local-main-organization-logo"},"sameAs":["https:\/\/www.facebook.com\/seelandmobility\/"],"address":{"@id":"https:\/\/seelandmobility.ch\/en\/ford-transit-9-plaetzer\/#local-main-place-address"},"geo":{"@type":"GeoCoordinates","latitude":"47.11943550956682","longitude":"7.241417303068638"},"telephone":["+41 56 508 57 16"],"openingHoursSpecification":[{"@type":"OpeningHoursSpecification","dayOfWeek":["Monday","Tuesday","Wednesday","Thursday","Friday"],"opens":"08:00","closes":"18:00"},{"@type":"OpeningHoursSpecification","dayOfWeek":["Saturday","Sunday"],"opens":"08:00","closes":"12:00"}],"email":"info@seelandmobility.ch"},{"@type":"PostalAddress","@id":"https:\/\/seelandmobility.ch\/en\/ford-transit-9-plaetzer\/#local-main-place-address","streetAddress":"Ipsachstrasse 10, 2560 Nidau, Schweiz","addressLocality":"Nidau","postalCode":"2560","addressRegion":"Schweiz","addressCountry":"SZ"},{"@type":"ImageObject","inLanguage":"en-US","@id":"https:\/\/seelandmobility.ch\/en\/ford-transit-9-plaetzer\/#local-main-organization-logo","url":"https:\/\/seelandmobility.ch\/wp-content\/uploads\/2023\/10\/Seeland-Mobility-Logo-11.jpg","contentUrl":"https:\/\/seelandmobility.ch\/wp-content\/uploads\/2023\/10\/Seeland-Mobility-Logo-11.jpg","width":1000,"height":1000,"caption":"Mieten Sie einen Lieferwagen oder Auto in Biel - Seeland Mobility"}]},"geo.placename":"Nidau","geo.position":{"lat":"47.11943550956682","long":"7.241417303068638"},"geo.region":"Swaziland"},"_links":{"self":[{"href":"https:\/\/seelandmobility.ch\/en\/wp-json\/wp\/v2\/pages\/4828","targetHints":{"allow":["GET"]}}],"collection":[{"href":"https:\/\/seelandmobility.ch\/en\/wp-json\/wp\/v2\/pages"}],"about":[{"href":"https:\/\/seelandmobility.ch\/en\/wp-json\/wp\/v2\/types\/page"}],"author":[{"embeddable":true,"href":"https:\/\/seelandmobility.ch\/en\/wp-json\/wp\/v2\/users\/1"}],"replies":[{"embeddable":true,"href":"https:\/\/seelandmobility.ch\/en\/wp-json\/wp\/v2\/comments?post=4828"}],"version-history":[{"count":4,"href":"https:\/\/seelandmobility.ch\/en\/wp-json\/wp\/v2\/pages\/4828\/revisions"}],"predecessor-version":[{"id":4863,"href":"https:\/\/seelandmobility.ch\/en\/wp-json\/wp\/v2\/pages\/4828\/revisions\/4863"}],"wp:attachment":[{"href":"https:\/\/seelandmobility.ch\/en\/wp-json\/wp\/v2\/media?parent=4828"}],"curies":[{"name":"wp","href":"https:\/\/api.w.org\/{rel}","templated":true}]}}